{"id":8205,"date":"2026-03-20T02:42:37","date_gmt":"2026-03-20T01:42:37","guid":{"rendered":"https:\/\/francebus.com\/?page_id=8205"},"modified":"2026-03-20T02:59:32","modified_gmt":"2026-03-20T01:59:32","slug":"bus-rental-abbeville","status":"publish","type":"page","link":"https:\/\/francebus.com\/en\/bus-rental-abbeville\/","title":{"rendered":"Bus rental in Abbeville"},"content":{"rendered":"\t\t<div data-elementor-type=\"wp-page\" data-elementor-id=\"8205\" class=\"elementor elementor-8205\" data-elementor-post-type=\"page\">\n\t\t\t\t<div class=\"elementor-element elementor-element-396cb0db e-con-full e-flex e-con e-parent\" data-id=\"396cb0db\" data-element_type=\"container\" data-e-type=\"container\">\n\t\t<div class=\"elementor-element elementor-element-8bccfea e-con-full e-flex e-con e-child\" data-id=\"8bccfea\" data-element_type=\"container\" data-e-type=\"container\" data-settings=\"{&quot;background_background&quot;:&quot;classic&quot;}\">\n\t\t<div class=\"elementor-element elementor-element-298ef9c e-con-full e-flex e-con e-child\" data-id=\"298ef9c\" data-element_type=\"container\" data-e-type=\"container\">\n\t\t\t\t<div class=\"elementor-element elementor-element-96658e6 elementor-widget elementor-widget-heading\" data-id=\"96658e6\" data-element_type=\"widget\" data-e-type=\"widget\" data-widget_type=\"heading.default\">\n\t\t\t\t<div class=\"elementor-widget-container\">\n\t\t\t\t\t<p class=\"elementor-heading-title elementor-size-default\"><a href=\"https:\/\/francebus.com\/en\">Home<\/a><\/p>\t\t\t\t<\/div>\n\t\t\t\t<\/div>\n\t\t\t\t<div class=\"elementor-element elementor-element-514eefd elementor-widget elementor-widget-heading\" data-id=\"514eefd\" data-element_type=\"widget\" data-e-type=\"widget\" data-widget_type=\"heading.default\">\n\t\t\t\t<div class=\"elementor-widget-container\">\n\t\t\t\t\t<p class=\"elementor-heading-title elementor-size-default\">&gt;<\/p>\t\t\t\t<\/div>\n\t\t\t\t<\/div>\n\t\t\t\t<div class=\"elementor-element elementor-element-7fbfcd7 elementor-widget elementor-widget-heading\" data-id=\"7fbfcd7\" data-element_type=\"widget\" data-e-type=\"widget\" data-widget_type=\"heading.default\">\n\t\t\t\t<div class=\"elementor-widget-container\">\n\t\t\t\t\t<p class=\"elementor-heading-title elementor-size-default\"><a href=\"https:\/\/francebus.com\/nos-offres\">Destinations<\/a><\/p>\t\t\t\t<\/div>\n\t\t\t\t<\/div>\n\t\t\t\t<div class=\"elementor-element elementor-element-0d20364 elementor-widget elementor-widget-heading\" data-id=\"0d20364\" data-element_type=\"widget\" data-e-type=\"widget\" data-widget_type=\"heading.default\">\n\t\t\t\t<div class=\"elementor-widget-container\">\n\t\t\t\t\t<p class=\"elementor-heading-title elementor-size-default\">&gt;<\/p>\t\t\t\t<\/div>\n\t\t\t\t<\/div>\n\t\t\t\t<div class=\"elementor-element elementor-element-0b0496f elementor-widget elementor-widget-heading\" data-id=\"0b0496f\" data-element_type=\"widget\" data-e-type=\"widget\" data-widget_type=\"heading.default\">\n\t\t\t\t<div class=\"elementor-widget-container\">\n\t\t\t\t\t<p class=\"elementor-heading-title elementor-size-default\">Location de bus \u00e0 Abbeville<\/p>\t\t\t\t<\/div>\n\t\t\t\t<\/div>\n\t\t\t\t<\/div>\n\t\t<div class=\"elementor-element elementor-element-b94e4f7 e-con-full e-flex e-con e-child\" data-id=\"b94e4f7\" data-element_type=\"container\" data-e-type=\"container\">\n\t\t\t\t<div class=\"elementor-element elementor-element-f129508 elementor-widget elementor-widget-heading\" data-id=\"f129508\" data-element_type=\"widget\" data-e-type=\"widget\" data-widget_type=\"heading.default\">\n\t\t\t\t<div class=\"elementor-widget-container\">\n\t\t\t\t\t<h1 class=\"elementor-heading-title elementor-size-default\">Location de bus \u00e0 Abbeville<\/h1>\t\t\t\t<\/div>\n\t\t\t\t<\/div>\n\t\t\t\t<div class=\"elementor-element elementor-element-2e2010c elementor-widget elementor-widget-heading\" data-id=\"2e2010c\" data-element_type=\"widget\" data-e-type=\"widget\" data-widget_type=\"heading.default\">\n\t\t\t\t<div class=\"elementor-widget-container\">\n\t\t\t\t\t<p class=\"elementor-heading-title elementor-size-default\">Votre partenaire privil\u00e9gi\u00e9 pour des solutions de transport sur mesure<\/p>\t\t\t\t<\/div>\n\t\t\t\t<\/div>\n\t\t\t\t<\/div>\n\t\t\t\t<\/div>\n\t\t\t\t<\/div>\n\t\t<div class=\"elementor-element elementor-element-469314a e-flex e-con-boxed e-con e-parent\" data-id=\"469314a\" data-element_type=\"container\" data-e-type=\"container\" data-settings=\"{&quot;background_background&quot;:&quot;classic&quot;}\">\n\t\t\t\t\t<div class=\"e-con-inner\">\n\t\t<div class=\"elementor-element elementor-element-cd86b09 e-con-full e-flex e-con e-child\" data-id=\"cd86b09\" data-element_type=\"container\" data-e-type=\"container\">\n\t\t\t\t<div class=\"elementor-element elementor-element-cf82e3e elementor-widget elementor-widget-heading\" data-id=\"cf82e3e\" data-element_type=\"widget\" data-e-type=\"widget\" data-widget_type=\"heading.default\">\n\t\t\t\t<div class=\"elementor-widget-container\">\n\t\t\t\t\t<h2 class=\"elementor-heading-title elementor-size-default\">Location de bus \u00e0 Abbeville pour vos voyages, \u00e9v\u00e9nements et excursions<\/h2>\t\t\t\t<\/div>\n\t\t\t\t<\/div>\n\t\t\t\t<div class=\"elementor-element elementor-element-64ec64b elementor-widget elementor-widget-text-editor\" data-id=\"64ec64b\" data-element_type=\"widget\" data-e-type=\"widget\" data-widget_type=\"text-editor.default\">\n\t\t\t\t<div class=\"elementor-widget-container\">\n\t\t\t\t\t\t\t\t\t<p>Vous recherchez un service de location de bus \u00e0 Abbeville fiable, confortable et parfaitement adapt\u00e9 \u00e0 vos besoins ? Que vous soyez une entreprise, une association, un \u00e9tablissement scolaire ou un groupe de touristes, France Bus vous propose des solutions de transport avec chauffeur pour tous vos d\u00e9placements au d\u00e9part ou \u00e0 destination d\u2019Abbeville.<\/p>\n<p>Situ\u00e9e dans les Hauts-de-France, aux portes de la c\u00e9l\u00e8bre Baie de Somme, Abbeville est un point strat\u00e9gique pour organiser des d\u00e9placements de groupe vers l\u2019un des plus beaux sites naturels de France. Moins connue que certaines stations du littoral, la ville constitue pourtant une base id\u00e9ale pour explorer la r\u00e9gion : acc\u00e8s rapide \u00e0 Saint-Valery-sur-Somme, Le Crotoy, Cayeux-sur-Mer ou encore la r\u00e9serve naturelle de la baie.<\/p>\n<p>Louer un bus avec chauffeur \u00e0 Abbeville permet de simplifier l\u2019organisation de vos trajets et d\u2019optimiser vos circuits touristiques dans une r\u00e9gion o\u00f9 les distances sont courtes mais les d\u00e9placements parfois contraignants sans v\u00e9hicule.<\/p>\t\t\t\t\t\t\t\t<\/div>\n\t\t\t\t<\/div>\n\t\t\t\t<\/div>\n\t\t<div class=\"elementor-element elementor-element-ed53044 e-con-full e-flex e-con e-child\" data-id=\"ed53044\" data-element_type=\"container\" data-e-type=\"container\">\n\t\t\t\t<div class=\"elementor-element elementor-element-53f314d elementor-widget elementor-widget-google_maps\" data-id=\"53f314d\" data-element_type=\"widget\" data-e-type=\"widget\" data-widget_type=\"google_maps.default\">\n\t\t\t\t<div class=\"elementor-widget-container\">\n\t\t\t\t\t\t\t<div class=\"elementor-custom-embed\">\n\t\t\t<iframe loading=\"lazy\"\n\t\t\t\t\tsrc=\"https:\/\/maps.google.com\/maps?q=Abbeville&#038;t=m&#038;z=12&#038;output=embed&#038;iwloc=near\"\n\t\t\t\t\ttitle=\"Abbeville\"\n\t\t\t\t\taria-label=\"Abbeville\"\n\t\t\t><\/iframe>\n\t\t<\/div>\n\t\t\t\t\t\t<\/div>\n\t\t\t\t<\/div>\n\t\t\t\t<\/div>\n\t\t<div class=\"elementor-element elementor-element-19a535c e-con-full e-flex e-con e-child\" data-id=\"19a535c\" data-element_type=\"container\" data-e-type=\"container\">\n\t\t\t\t<div class=\"elementor-element elementor-element-1390d95 elementor-widget__width-auto elementor-widget elementor-widget-heading\" data-id=\"1390d95\" data-element_type=\"widget\" data-e-type=\"widget\" data-widget_type=\"heading.default\">\n\t\t\t\t<div class=\"elementor-widget-container\">\n\t\t\t\t\t<h3 class=\"elementor-heading-title elementor-size-default\"><a href=\"https:\/\/francebus.com\/nos-offres\/entreprises\/\">Pour les entreprises<\/a><\/h3>\t\t\t\t<\/div>\n\t\t\t\t<\/div>\n\t\t\t\t<div class=\"elementor-element elementor-element-f3521d7 elementor-widget elementor-widget-text-editor\" data-id=\"f3521d7\" data-element_type=\"widget\" data-e-type=\"widget\" data-widget_type=\"text-editor.default\">\n\t\t\t\t<div class=\"elementor-widget-container\">\n\t\t\t\t\t\t\t\t\t<p>France Bus propose des solutions de transport adapt\u00e9es aux d\u00e9placements professionnels \u00e0 Abbeville et en Baie de Somme, pour :<\/p>\n<ul>\n<li>s\u00e9minaires, conventions et r\u00e9unions d\u2019entreprise,<\/li>\n<li>\u00e9v\u00e9nements professionnels dans la r\u00e9gion ou sur le littoral,<\/li>\n<li>navettes entre h\u00f4tels, gares et lieux d\u2019\u00e9v\u00e9nements,<\/li>\n<li>transferts vers Amiens, Calais ou Lille,<\/li>\n<li>organisation de transfert de groupe en Baie de Somme pour \u00e9v\u00e9nements d\u2019entreprise.<\/li>\n<\/ul>\t\t\t\t\t\t\t\t<\/div>\n\t\t\t\t<\/div>\n\t\t\t\t<\/div>\n\t\t<div class=\"elementor-element elementor-element-5db9b95 e-con-full e-flex e-con e-child\" data-id=\"5db9b95\" data-element_type=\"container\" data-e-type=\"container\">\n\t\t\t\t<div class=\"elementor-element elementor-element-7624988 elementor-widget__width-auto elementor-widget elementor-widget-heading\" data-id=\"7624988\" data-element_type=\"widget\" data-e-type=\"widget\" data-widget_type=\"heading.default\">\n\t\t\t\t<div class=\"elementor-widget-container\">\n\t\t\t\t\t<h3 class=\"elementor-heading-title elementor-size-default\"><a href=\"https:\/\/francebus.com\/nos-offres\/particuliers\/\">Pour les particuliers<\/a><\/h3>\t\t\t\t<\/div>\n\t\t\t\t<\/div>\n\t\t\t\t<div class=\"elementor-element elementor-element-2466ba6 elementor-widget elementor-widget-text-editor\" data-id=\"2466ba6\" data-element_type=\"widget\" data-e-type=\"widget\" data-widget_type=\"text-editor.default\">\n\t\t\t\t<div class=\"elementor-widget-container\">\n\t\t\t\t\t\t\t\t\t<p>France Bus met en place des solutions de transport sur mesure pour les \u00e9v\u00e9nements priv\u00e9s \u00e0 Abbeville, pour :<\/p>\n<ul>\n<li>mariages (navettes entre lieux de r\u00e9ception et h\u00e9bergements),<\/li>\n<li>anniversaires et f\u00eates priv\u00e9es,<\/li>\n<li>EVG \/ EVJF en Baie de Somme,<\/li>\n<li>d\u00e9placements vers restaurants, plages et sites naturels,<\/li>\n<li>week-ends d\u00e9tente en groupe sur le littoral.<\/li>\n<\/ul>\t\t\t\t\t\t\t\t<\/div>\n\t\t\t\t<\/div>\n\t\t\t\t<\/div>\n\t\t<div class=\"elementor-element elementor-element-f44311c e-con-full e-flex e-con e-child\" data-id=\"f44311c\" data-element_type=\"container\" data-e-type=\"container\">\n\t\t\t\t<div class=\"elementor-element elementor-element-3f3ae8f elementor-widget__width-auto elementor-widget elementor-widget-heading\" data-id=\"3f3ae8f\" data-element_type=\"widget\" data-e-type=\"widget\" data-widget_type=\"heading.default\">\n\t\t\t\t<div class=\"elementor-widget-container\">\n\t\t\t\t\t<h3 class=\"elementor-heading-title elementor-size-default\"><a href=\"https:\/\/francebus.com\/nos-offres\/ecoles\/\">Pour les \u00e9coles et associations<\/a><\/h3>\t\t\t\t<\/div>\n\t\t\t\t<\/div>\n\t\t\t\t<div class=\"elementor-element elementor-element-f0f855f elementor-widget elementor-widget-text-editor\" data-id=\"f0f855f\" data-element_type=\"widget\" data-e-type=\"widget\" data-widget_type=\"text-editor.default\">\n\t\t\t\t<div class=\"elementor-widget-container\">\n\t\t\t\t\t\t\t\t\t<p>France Bus organise les transports scolaires et associatifs \u00e0 Abbeville et dans la r\u00e9gion, pour :<\/p>\n<ul>\n<li>sorties scolaires en Baie de Somme,<\/li>\n<li>d\u00e9couvertes de la faune et de la flore (oiseaux migrateurs, phoques),<\/li>\n<li>s\u00e9jours \u00e9ducatifs et colonies de vacances,<\/li>\n<li>organisation de circuit m\u00e9moire Somme autour des sites historiques de la r\u00e9gion,<\/li>\n<li>activit\u00e9s p\u00e9dagogiques et culturelles.<\/li>\n<\/ul>\t\t\t\t\t\t\t\t<\/div>\n\t\t\t\t<\/div>\n\t\t\t\t<\/div>\n\t\t<div class=\"elementor-element elementor-element-97a1468 e-con-full e-flex e-con e-child\" data-id=\"97a1468\" data-element_type=\"container\" data-e-type=\"container\">\n\t\t\t\t<div class=\"elementor-element elementor-element-8739753 elementor-widget__width-auto elementor-widget elementor-widget-heading\" data-id=\"8739753\" data-element_type=\"widget\" data-e-type=\"widget\" data-widget_type=\"heading.default\">\n\t\t\t\t<div class=\"elementor-widget-container\">\n\t\t\t\t\t<h3 class=\"elementor-heading-title elementor-size-default\"><a href=\"https:\/\/francebus.com\/nos-offres\/particuliers\/\">Pour les touristes<\/a><\/h3>\t\t\t\t<\/div>\n\t\t\t\t<\/div>\n\t\t\t\t<div class=\"elementor-element elementor-element-1ca189d elementor-widget elementor-widget-text-editor\" data-id=\"1ca189d\" data-element_type=\"widget\" data-e-type=\"widget\" data-widget_type=\"text-editor.default\">\n\t\t\t\t<div class=\"elementor-widget-container\">\n\t\t\t\t\t\t\t\t\t<p>France Bus organise les d\u00e9placements et excursions touristiques au d\u00e9part d\u2019Abbeville, pour :<\/p>\n<ul>\n<li>d\u00e9couverte compl\u00e8te de la Baie de Somme,<\/li>\n<li>excursions vers Saint-Valery-sur-Somme, Le Crotoy et Cayeux-sur-Mer,<\/li>\n<li>circuits nature et observation des phoques,<\/li>\n<li>visites culturelles \u00e0 Amiens et dans la r\u00e9gion,<\/li>\n<li>services d\u00e9di\u00e9s au bus Abbeville tourisme pour groupes organis\u00e9s.<\/li>\n<\/ul>\t\t\t\t\t\t\t\t<\/div>\n\t\t\t\t<\/div>\n\t\t\t\t<\/div>\n\t\t<div class=\"elementor-element elementor-element-fd04c4a e-con-full e-flex e-con e-child\" data-id=\"fd04c4a\" data-element_type=\"container\" data-e-type=\"container\" data-settings=\"{&quot;background_background&quot;:&quot;classic&quot;}\">\n\t\t<div class=\"elementor-element elementor-element-cc447bf e-con-full e-flex e-con e-child\" data-id=\"cc447bf\" data-element_type=\"container\" data-e-type=\"container\">\n\t\t\t\t<div class=\"elementor-element elementor-element-baa3c05 elementor-widget elementor-widget-heading\" data-id=\"baa3c05\" data-element_type=\"widget\" data-e-type=\"widget\" data-widget_type=\"heading.default\">\n\t\t\t\t<div class=\"elementor-widget-container\">\n\t\t\t\t\t<h2 class=\"elementor-heading-title elementor-size-default\">Nos services de transport avec chauffeurs \u00e0 Abbeville<\/h2>\t\t\t\t<\/div>\n\t\t\t\t<\/div>\n\t\t\t\t<div class=\"elementor-element elementor-element-75ee9cb elementor-widget elementor-widget-image\" data-id=\"75ee9cb\" data-element_type=\"widget\" data-e-type=\"widget\" data-widget_type=\"image.default\">\n\t\t\t\t<div class=\"elementor-widget-container\">\n\t\t\t\t\t\t\t\t\t\t\t\t\t\t\t<img fetchpriority=\"high\" decoding=\"async\" width=\"800\" height=\"600\" src=\"https:\/\/francebus.com\/wp-content\/uploads\/2026\/03\/Abbeville-centre.jpg\" class=\"attachment-large size-large wp-image-8210\" alt=\"Abbeville centre\" srcset=\"https:\/\/francebus.com\/wp-content\/uploads\/2026\/03\/Abbeville-centre.jpg 900w, https:\/\/francebus.com\/wp-content\/uploads\/2026\/03\/Abbeville-centre-300x225.jpg 300w, https:\/\/francebus.com\/wp-content\/uploads\/2026\/03\/Abbeville-centre-768x576.jpg 768w, https:\/\/francebus.com\/wp-content\/uploads\/2026\/03\/Abbeville-centre-16x12.jpg 16w\" sizes=\"(max-width: 800px) 100vw, 800px\" title=\"\">\t\t\t\t\t\t\t\t\t\t\t\t\t\t\t<\/div>\n\t\t\t\t<\/div>\n\t\t\t\t<\/div>\n\t\t<div class=\"elementor-element elementor-element-2076b6b e-con-full e-flex e-con e-child\" data-id=\"2076b6b\" data-element_type=\"container\" data-e-type=\"container\">\n\t\t\t\t<div class=\"elementor-element elementor-element-1042962 elementor-widget elementor-widget-heading\" data-id=\"1042962\" data-element_type=\"widget\" data-e-type=\"widget\" data-widget_type=\"heading.default\">\n\t\t\t\t<div class=\"elementor-widget-container\">\n\t\t\t\t\t<h3 class=\"elementor-heading-title elementor-size-default\">Vans &amp; Minibus (8 \u00e0 20 places)<\/h3>\t\t\t\t<\/div>\n\t\t\t\t<\/div>\n\t\t\t\t<div class=\"elementor-element elementor-element-b2787c2 elementor-widget elementor-widget-text-editor\" data-id=\"b2787c2\" data-element_type=\"widget\" data-e-type=\"widget\" data-widget_type=\"text-editor.default\">\n\t\t\t\t<div class=\"elementor-widget-container\">\n\t\t\t\t\t\t\t\t\tId\u00e9als pour les petits groupes, nos minibus permettent de circuler facilement entre les diff\u00e9rents sites de la Baie de Somme et d\u2019acc\u00e9der aux zones naturelles.\t\t\t\t\t\t\t\t<\/div>\n\t\t\t\t<\/div>\n\t\t\t\t<div class=\"elementor-element elementor-element-ef61ae0 elementor-widget elementor-widget-heading\" data-id=\"ef61ae0\" data-element_type=\"widget\" data-e-type=\"widget\" data-widget_type=\"heading.default\">\n\t\t\t\t<div class=\"elementor-widget-container\">\n\t\t\t\t\t<h3 class=\"elementor-heading-title elementor-size-default\">Autocars grand confort (50+ places)<\/h3>\t\t\t\t<\/div>\n\t\t\t\t<\/div>\n\t\t\t\t<div class=\"elementor-element elementor-element-269e510 elementor-widget elementor-widget-text-editor\" data-id=\"269e510\" data-element_type=\"widget\" data-e-type=\"widget\" data-widget_type=\"text-editor.default\">\n\t\t\t\t<div class=\"elementor-widget-container\">\n\t\t\t\t\t\t\t\t\t<p>Parfaits pour les groupes importants, nos autocars garantissent confort et s\u00e9curit\u00e9 pour les excursions, \u00e9v\u00e9nements et circuits touristiques.<\/p>\t\t\t\t\t\t\t\t<\/div>\n\t\t\t\t<\/div>\n\t\t\t\t<div class=\"elementor-element elementor-element-410e93e elementor-widget elementor-widget-heading\" data-id=\"410e93e\" data-element_type=\"widget\" data-e-type=\"widget\" data-widget_type=\"heading.default\">\n\t\t\t\t<div class=\"elementor-widget-container\">\n\t\t\t\t\t<h3 class=\"elementor-heading-title elementor-size-default\">Chauffeurs professionnels<\/h3>\t\t\t\t<\/div>\n\t\t\t\t<\/div>\n\t\t\t\t<div class=\"elementor-element elementor-element-bf23a44 elementor-widget elementor-widget-text-editor\" data-id=\"bf23a44\" data-element_type=\"widget\" data-e-type=\"widget\" data-widget_type=\"text-editor.default\">\n\t\t\t\t<div class=\"elementor-widget-container\">\n\t\t\t\t\t\t\t\t\tNos chauffeurs sont exp\u00e9riment\u00e9s, ponctuels et connaissent parfaitement Abbeville, la Baie de Somme et les axes vers Amiens, Lille et la c\u00f4te.\t\t\t\t\t\t\t\t<\/div>\n\t\t\t\t<\/div>\n\t\t\t\t<div class=\"elementor-element elementor-element-62b0fac elementor-align-left elementor-mobile-align-center elementor-widget elementor-widget-button\" data-id=\"62b0fac\" data-element_type=\"widget\" data-e-type=\"widget\" data-widget_type=\"button.default\">\n\t\t\t\t<div class=\"elementor-widget-container\">\n\t\t\t\t\t\t\t\t\t<div class=\"elementor-button-wrapper\">\n\t\t\t\t\t<a class=\"elementor-button elementor-button-link elementor-size-sm elementor-animation-grow\" href=\"https:\/\/francebus.com\/contact\/\" target=\"_blank\">\n\t\t\t\t\t\t<span class=\"elementor-button-content-wrapper\">\n\t\t\t\t\t\t\t\t\t<span class=\"elementor-button-text\">NOUS CONSULTER<\/span>\n\t\t\t\t\t<\/span>\n\t\t\t\t\t<\/a>\n\t\t\t\t<\/div>\n\t\t\t\t\t\t\t\t<\/div>\n\t\t\t\t<\/div>\n\t\t\t\t<\/div>\n\t\t\t\t<\/div>\n\t\t\t\t\t<\/div>\n\t\t\t\t<\/div>\n\t\t<div class=\"elementor-element elementor-element-100d471 e-con-full e-flex e-con e-parent\" data-id=\"100d471\" data-element_type=\"container\" data-e-type=\"container\" data-settings=\"{&quot;background_background&quot;:&quot;classic&quot;}\">\n\t\t<div class=\"elementor-element elementor-element-e1c9c6e e-con-full e-flex e-con e-child\" data-id=\"e1c9c6e\" data-element_type=\"container\" data-e-type=\"container\" data-settings=\"{&quot;background_background&quot;:&quot;classic&quot;}\">\n\t\t\t\t<div class=\"elementor-element elementor-element-d4826db elementor-widget elementor-widget-image\" data-id=\"d4826db\" data-element_type=\"widget\" data-e-type=\"widget\" data-widget_type=\"image.default\">\n\t\t\t\t<div class=\"elementor-widget-container\">\n\t\t\t\t\t\t\t\t\t\t\t\t\t\t\t<img decoding=\"async\" width=\"1920\" height=\"1080\" src=\"https:\/\/francebus.com\/wp-content\/uploads\/2026\/03\/Abbeville.jpg\" class=\"attachment-full size-full wp-image-8209\" alt=\"Abbeville\" srcset=\"https:\/\/francebus.com\/wp-content\/uploads\/2026\/03\/Abbeville.jpg 1920w, https:\/\/francebus.com\/wp-content\/uploads\/2026\/03\/Abbeville-300x169.jpg 300w, https:\/\/francebus.com\/wp-content\/uploads\/2026\/03\/Abbeville-1024x576.jpg 1024w, https:\/\/francebus.com\/wp-content\/uploads\/2026\/03\/Abbeville-768x432.jpg 768w, https:\/\/francebus.com\/wp-content\/uploads\/2026\/03\/Abbeville-1536x864.jpg 1536w, https:\/\/francebus.com\/wp-content\/uploads\/2026\/03\/Abbeville-18x10.jpg 18w\" sizes=\"(max-width: 1920px) 100vw, 1920px\" title=\"\">\t\t\t\t\t\t\t\t\t\t\t\t\t\t\t<\/div>\n\t\t\t\t<\/div>\n\t\t\t\t<\/div>\n\t\t\t\t<\/div>\n\t\t<div class=\"elementor-element elementor-element-a790a38 e-flex e-con-boxed e-con e-parent\" data-id=\"a790a38\" data-element_type=\"container\" data-e-type=\"container\" data-settings=\"{&quot;background_background&quot;:&quot;classic&quot;}\">\n\t\t\t\t\t<div class=\"e-con-inner\">\n\t\t<div class=\"elementor-element elementor-element-fdfb451 e-con-full e-flex e-con e-child\" data-id=\"fdfb451\" data-element_type=\"container\" data-e-type=\"container\" data-settings=\"{&quot;background_background&quot;:&quot;classic&quot;}\">\n\t\t<div class=\"elementor-element elementor-element-6e949e7 e-con-full e-flex e-con e-child\" data-id=\"6e949e7\" data-element_type=\"container\" data-e-type=\"container\">\n\t\t\t\t<div class=\"elementor-element elementor-element-88403e9 elementor-widget elementor-widget-heading\" data-id=\"88403e9\" data-element_type=\"widget\" data-e-type=\"widget\" data-widget_type=\"heading.default\">\n\t\t\t\t<div class=\"elementor-widget-container\">\n\t\t\t\t\t<h2 class=\"elementor-heading-title elementor-size-default\">Destinations populaires<\/h2>\t\t\t\t<\/div>\n\t\t\t\t<\/div>\n\t\t\t\t<div class=\"elementor-element elementor-element-b80b4eb elementor-widget elementor-widget-text-editor\" data-id=\"b80b4eb\" data-element_type=\"widget\" data-e-type=\"widget\" data-widget_type=\"text-editor.default\">\n\t\t\t\t<div class=\"elementor-widget-container\">\n\t\t\t\t\t\t\t\t\t<p>Gr\u00e2ce \u00e0 notre service de location de bus \u00e0 Abbeville, acc\u00e9dez facilement aux incontournables de la r\u00e9gion :<\/p>\n<p><strong>Excursions \u00e0 la journ\u00e9e<\/strong><\/p>\n<ul>\n<li>Abbeville \u2192 Saint-Valery-sur-Somme<\/li>\n<li>Abbeville \u2192 Le Crotoy<\/li>\n<li>Abbeville \u2192 Cayeux-sur-Mer<\/li>\n<\/ul>\n<p>\u00a0<\/p>\n<p><strong>Week-ends en groupe<\/strong><\/p>\n<ul>\n<li>Abbeville \u2192 Amiens<\/li>\n<li>Abbeville \u2192 Lille<\/li>\n<li>Abbeville \u2192 Calais<\/li>\n<\/ul>\n<p>\u00a0<\/p>\n<p><strong>Circuits th\u00e9matiques<\/strong><\/p>\n<ul>\n<li>Nature : Baie de Somme, observation des phoques et oiseaux migrateurs<\/li>\n<li>M\u00e9moire : sites historiques et circuit m\u00e9moire Somme<\/li>\n<li>Littoral : plages sauvages et villages c\u00f4tiers<\/li>\n<\/ul>\t\t\t\t\t\t\t\t<\/div>\n\t\t\t\t<\/div>\n\t\t\t\t<\/div>\n\t\t<div class=\"elementor-element elementor-element-418450e e-con-full e-flex e-con e-child\" data-id=\"418450e\" data-element_type=\"container\" data-e-type=\"container\">\n\t\t\t\t<div class=\"elementor-element elementor-element-6179af3 elementor-widget elementor-widget-heading\" data-id=\"6179af3\" data-element_type=\"widget\" data-e-type=\"widget\" data-widget_type=\"heading.default\">\n\t\t\t\t<div class=\"elementor-widget-container\">\n\t\t\t\t\t<h2 class=\"elementor-heading-title elementor-size-default\">Points de d\u00e9parts \u00e0 Abbeville<\/h2>\t\t\t\t<\/div>\n\t\t\t\t<\/div>\n\t\t\t\t<div class=\"elementor-element elementor-element-2d87821 elementor-widget elementor-widget-text-editor\" data-id=\"2d87821\" data-element_type=\"widget\" data-e-type=\"widget\" data-widget_type=\"text-editor.default\">\n\t\t\t\t<div class=\"elementor-widget-container\">\n\t\t\t\t\t\t\t\t\t<p>Nos autocars et minibus peuvent vous prendre en charge depuis :<\/p>\n<ul>\n<li>la gare SNCF d\u2019Abbeville,<\/li>\n<li>les h\u00f4tels et h\u00e9bergements de la r\u00e9gion,<\/li>\n<li>les sites touristiques de la Baie de Somme,<\/li>\n<li>les \u00e9tablissements scolaires et centres de loisirs,<\/li>\n<li>les lieux d\u2019\u00e9v\u00e9nements et de r\u00e9ception.<\/li>\n<\/ul>\n<p>\u00a0<\/p>\n<p>Nos \u00e9quipes vous accompagnent pour organiser des itin\u00e9raires optimis\u00e9s et fluidifier vos d\u00e9placements en groupe.<\/p>\t\t\t\t\t\t\t\t<\/div>\n\t\t\t\t<\/div>\n\t\t\t\t<\/div>\n\t\t<div class=\"elementor-element elementor-element-26570cd e-con-full e-flex e-con e-child\" data-id=\"26570cd\" data-element_type=\"container\" data-e-type=\"container\">\n\t\t<div class=\"elementor-element elementor-element-8d6e0b0 e-con-full e-flex e-con e-child\" data-id=\"8d6e0b0\" data-element_type=\"container\" data-e-type=\"container\">\n\t\t\t\t<div class=\"elementor-element elementor-element-0725cd5 elementor-widget elementor-widget-heading\" data-id=\"0725cd5\" data-element_type=\"widget\" data-e-type=\"widget\" data-widget_type=\"heading.default\">\n\t\t\t\t<div class=\"elementor-widget-container\">\n\t\t\t\t\t<h2 class=\"elementor-heading-title elementor-size-default\">Prix d'une location de bus \u00e0 Abbeville<\/h2>\t\t\t\t<\/div>\n\t\t\t\t<\/div>\n\t\t\t\t<\/div>\n\t\t\t\t<div class=\"elementor-element elementor-element-4087799 elementor-widget elementor-widget-text-editor\" data-id=\"4087799\" data-element_type=\"widget\" data-e-type=\"widget\" data-widget_type=\"text-editor.default\">\n\t\t\t\t<div class=\"elementor-widget-container\">\n\t\t\t\t\t\t\t\t\t<ul class=\"wp-block-list\"><\/ul>\n<p>Les tarifs de <strong>location de bus \u00e0 Abbeville <\/strong>varient selon plusieurs crit\u00e8res : distance, dur\u00e9e, horaires, type de v\u00e9hicule, services \u00e0 bord, etc. Voici quelques exemples :<\/p>\n<p>Quelques exemples de tarifs <strong>pour louer un autocar ou pour louer un minibus en Hauts-de-France,<\/strong> prix non contractuels.<\/p>\n<p>Nous contacter pour <strong>demander votre <a href=\"https:\/\/francebus.com\/devis\/\" target=\"_blank\" rel=\"noopener\">devis gratuit en ligne pour votre transport de groupe et location d&rsquo;autocar<\/a>.<\/strong><\/p>\n<p><!-- WRAPPER RESPONSIVE --><\/p>\n<div style=\"width: 100%; overflow-x: auto; -webkit-overflow-scrolling: touch;\">\n<p><!-- Tableau Francebus \u2013 Transferts vers Avignon --><\/p>\n<p><!-- Marseille A\u00e9roport -> Avignon --><\/p>\n<p><!-- Hy\u00e8res -> Avignon --><\/p>\n<p><!-- Toulon -> Avignon --><\/p>\n<p><!-- Avignon local --><\/p>\n<p><!-- Nice A\u00e9roport -> Avignon --><\/p>\n<table class=\"fb-table\" style=\"width: 98%; border-collapse: collapse; font-family: system-ui,-apple-system,Segoe UI,Roboto,Ubuntu,'Helvetica Neue',Arial; font-size: 15px;\"><caption style=\"caption-side: top; text-align: left; color: #0a2e6e; font-weight: bold; font-size: 20px; padding: 8px 0 12px;\">France Bus Tarifs \u2014 Transferts r\u00e9gionaux (distances &amp; estimations tarifaires)<\/caption>\n<thead style=\"background-color: #eef2ff;\">\n<tr style=\"color: #0a2e6e; font-weight: 600;\">\n<th style=\"border: 1px solid #e5e7eb; padding: 10px; text-align: left; width: 13.3333%;\">Point de d\u00e9part<\/th>\n<th style=\"border: 1px solid #e5e7eb; padding: 10px; text-align: left; width: 13.6667%;\">Point d\u2019arriv\u00e9e<\/th>\n<th style=\"border: 1px solid #e5e7eb; padding: 10px; text-align: right; white-space: nowrap; width: 19.6667%;\">Distance (km)<\/th>\n<th style=\"border: 1px solid #e5e7eb; padding: 10px; text-align: left; width: 14.3333%;\">Itin\u00e9raire Google Maps<\/th>\n<th style=\"border: 1px solid #e5e7eb; padding: 10px; text-align: right; width: 13%;\">Minivan 7 places<\/th>\n<th style=\"border: 1px solid #e5e7eb; padding: 10px; text-align: right; width: 13%;\">Minibus 19 places<\/th>\n<th style=\"border: 1px solid #e5e7eb; padding: 10px; text-align: right; width: 12.8333%;\">Autocar 50 places<\/th>\n<\/tr>\n<\/thead>\n<tbody>\n<tr>\n<td style=\"border: 1px solid #f1f5f9; padding: 10px; width: 13.3333%;\">\u00a0<\/td>\n<td style=\"border: 1px solid #f1f5f9; padding: 10px; width: 13.6667%;\">\u00a0<\/td>\n<td style=\"border: 1px solid #f1f5f9; padding: 10px; text-align: right; width: 19.6667%;\">\u00a0<\/td>\n<td style=\"border: 1px solid #f1f5f9; padding: 10px; width: 14.3333%;\">\u00a0<\/td>\n<td style=\"border: 1px solid #f1f5f9; padding: 10px; text-align: right; width: 13%;\">\u00a0<\/td>\n<td style=\"border: 1px solid #f1f5f9; padding: 10px; text-align: right; width: 13%;\">\u00a0<\/td>\n<td style=\"border: 1px solid #f1f5f9; padding: 10px; text-align: right; width: 12.8333%;\">\u00a0<\/td>\n<\/tr>\n<tr style=\"background: #fcfcfd;\">\n<td style=\"border: 1px solid #f1f5f9; padding: 10px; width: 13.3333%;\">\u00a0<\/td>\n<td style=\"border: 1px solid #f1f5f9; padding: 10px; width: 13.6667%;\">\u00a0<\/td>\n<td style=\"border: 1px solid #f1f5f9; padding: 10px; text-align: right; width: 19.6667%;\">\u00a0<\/td>\n<td style=\"border: 1px solid #f1f5f9; padding: 10px; width: 14.3333%;\">\u00a0<\/td>\n<td style=\"border: 1px solid #f1f5f9; padding: 10px; text-align: right; width: 13%;\">\u00a0<\/td>\n<td style=\"border: 1px solid #f1f5f9; padding: 10px; text-align: right; width: 13%;\">\u00a0<\/td>\n<td style=\"border: 1px solid #f1f5f9; padding: 10px; text-align: right; width: 12.8333%;\">\u00a0<\/td>\n<\/tr>\n<tr>\n<td style=\"border: 1px solid #f1f5f9; padding: 10px; width: 13.3333%;\">\u00a0<\/td>\n<td style=\"border: 1px solid #f1f5f9; padding: 10px; width: 13.6667%;\">\u00a0<\/td>\n<td style=\"border: 1px solid #f1f5f9; padding: 10px; text-align: right; width: 19.6667%;\">\u00a0<\/td>\n<td style=\"border: 1px solid #f1f5f9; padding: 10px; width: 14.3333%;\">\u00a0<\/td>\n<td style=\"border: 1px solid #f1f5f9; padding: 10px; text-align: right; width: 13%;\">\u00a0<\/td>\n<td style=\"border: 1px solid #f1f5f9; padding: 10px; text-align: right; width: 13%;\">\u00a0<\/td>\n<td style=\"border: 1px solid #f1f5f9; padding: 10px; text-align: right; width: 12.8333%;\">\u00a0<\/td>\n<\/tr>\n<tr style=\"background: #fcfcfd;\">\n<td style=\"border: 1px solid #f1f5f9; padding: 10px; width: 13.3333%;\">\u00a0<\/td>\n<td style=\"border: 1px solid #f1f5f9; padding: 10px; width: 13.6667%;\">\u00a0<\/td>\n<td style=\"border: 1px solid #f1f5f9; padding: 10px; text-align: right; width: 19.6667%;\">\u00a0<\/td>\n<td style=\"border: 1px solid #f1f5f9; padding: 10px; width: 14.3333%;\">\u00a0<\/td>\n<td style=\"border: 1px solid #f1f5f9; padding: 10px; text-align: right; width: 13%;\">\u00a0<\/td>\n<td style=\"border: 1px solid #f1f5f9; padding: 10px; text-align: right; width: 13%;\">\u00a0<\/td>\n<td style=\"border: 1px solid #f1f5f9; padding: 10px; text-align: right; width: 12.8333%;\">\u00a0<\/td>\n<\/tr>\n<tr>\n<td style=\"border: 1px solid #f1f5f9; padding: 10px; width: 13.3333%;\">\u00a0<\/td>\n<td style=\"border: 1px solid #f1f5f9; padding: 10px; width: 13.6667%;\">\u00a0<\/td>\n<td style=\"border: 1px solid #f1f5f9; padding: 10px; text-align: right; width: 19.6667%;\">\u00a0<\/td>\n<td style=\"border: 1px solid #f1f5f9; padding: 10px; width: 14.3333%;\">\u00a0<\/td>\n<td style=\"border: 1px solid #f1f5f9; padding: 10px; text-align: right; width: 13%;\">\u00a0<\/td>\n<td style=\"border: 1px solid #f1f5f9; padding: 10px; text-align: right; width: 13%;\">\u00a0<\/td>\n<td style=\"border: 1px solid #f1f5f9; padding: 10px; text-align: right; width: 12.8333%;\">\u00a0<\/td>\n<\/tr>\n<\/tbody>\n<\/table>\n<\/div>\t\t\t\t\t\t\t\t<\/div>\n\t\t\t\t<\/div>\n\t\t\t\t<div class=\"elementor-element elementor-element-2c54ded elementor-widget elementor-widget-template\" data-id=\"2c54ded\" data-element_type=\"widget\" data-e-type=\"widget\" data-widget_type=\"template.default\">\n\t\t\t\t<div class=\"elementor-widget-container\">\n\t\t\t\t\t\t\t<div class=\"elementor-template\">\n\t\t\t\t\t<div data-elementor-type=\"section\" data-elementor-id=\"843\" class=\"elementor elementor-843\" data-elementor-post-type=\"elementor_library\">\n\t\t\t<div class=\"elementor-element elementor-element-69f7b78 e-flex e-con-boxed e-con e-parent\" data-id=\"69f7b78\" data-element_type=\"container\" data-e-type=\"container\">\n\t\t\t\t\t<div class=\"e-con-inner\">\n\t\t<div class=\"elementor-element elementor-element-6f8e15b e-con-full e-flex e-con e-child\" data-id=\"6f8e15b\" data-element_type=\"container\" data-e-type=\"container\">\n\t\t<div class=\"elementor-element elementor-element-a31a6d4 e-con-full e-flex e-con e-child\" data-id=\"a31a6d4\" data-element_type=\"container\" data-e-type=\"container\">\n\t\t<div class=\"elementor-element elementor-element-dfc4a42 e-con-full e-flex e-con e-child\" data-id=\"dfc4a42\" data-element_type=\"container\" data-e-type=\"container\" data-settings=\"{&quot;background_background&quot;:&quot;classic&quot;}\">\n\t\t\t\t<div class=\"elementor-element elementor-element-e1490c9 elementor-widget elementor-widget-heading\" data-id=\"e1490c9\" data-element_type=\"widget\" data-e-type=\"widget\" data-widget_type=\"heading.default\">\n\t\t\t\t<div class=\"elementor-widget-container\">\n\t\t\t\t\t<h2 class=\"elementor-heading-title elementor-size-default\">R\u00e9server maintenant<\/h2>\t\t\t\t<\/div>\n\t\t\t\t<\/div>\n\t\t\t\t<div class=\"elementor-element elementor-element-5bfa02e elementor-view-stacked elementor-shape-square elementor-position-inline-start elementor-mobile-position-inline-start elementor-widget elementor-widget-icon-box\" data-id=\"5bfa02e\" data-element_type=\"widget\" data-e-type=\"widget\" data-widget_type=\"icon-box.default\">\n\t\t\t\t<div class=\"elementor-widget-container\">\n\t\t\t\t\t\t\t<div class=\"elementor-icon-box-wrapper\">\n\n\t\t\t\t\t\t<div class=\"elementor-icon-box-icon\">\n\t\t\t\t<span  class=\"elementor-icon\">\n\t\t\t\t<i aria-hidden=\"true\" class=\"icon icon-phone-call1\"><\/i>\t\t\t\t<\/span>\n\t\t\t<\/div>\n\t\t\t\n\t\t\t\t\t\t<div class=\"elementor-icon-box-content\">\n\n\t\t\t\t\t\t\t\t\t<h3 class=\"elementor-icon-box-title\">\n\t\t\t\t\t\t<span  >\n\t\t\t\t\t\t\tDevis gratuit et rapide\t\t\t\t\t\t<\/span>\n\t\t\t\t\t<\/h3>\n\t\t\t\t\n\t\t\t\t\t\t\t\t\t<p class=\"elementor-icon-box-description\">\n\t\t\t\t\t\t+33(0)9 72 56 72 89\t\t\t\t\t<\/p>\n\t\t\t\t\n\t\t\t<\/div>\n\t\t\t\n\t\t<\/div>\n\t\t\t\t\t\t<\/div>\n\t\t\t\t<\/div>\n\t\t\t\t<\/div>\n\t\t<div class=\"elementor-element elementor-element-ef58df7 e-con-full e-flex e-con e-child\" data-id=\"ef58df7\" data-element_type=\"container\" data-e-type=\"container\" data-settings=\"{&quot;background_background&quot;:&quot;classic&quot;}\">\n\t\t\t\t<div class=\"elementor-element elementor-element-5003474 elementor-widget elementor-widget-heading\" data-id=\"5003474\" data-element_type=\"widget\" data-e-type=\"widget\" data-widget_type=\"heading.default\">\n\t\t\t\t<div class=\"elementor-widget-container\">\n\t\t\t\t\t<h3 class=\"elementor-heading-title elementor-size-default\">DEVIS EN LIGNE<\/h3>\t\t\t\t<\/div>\n\t\t\t\t<\/div>\n\t\t\t\t<div class=\"elementor-element elementor-element-04c8f10 elementor-widget elementor-widget-jet-form-builder-form\" data-id=\"04c8f10\" data-element_type=\"widget\" data-e-type=\"widget\" id=\"form-booking-home-page\" data-widget_type=\"jet-form-builder-form.default\">\n\t\t\t\t<div class=\"elementor-widget-container\">\n\t\t\t\t\t<link rel='stylesheet' id='wp-block-library-css' href='https:\/\/francebus.com\/wp-includes\/css\/dist\/block-library\/style.min.css' media='all' \/>\n<style id=\"jet-form-builder-861-inline-css\"><\/style><form  class=\"jet-form-builder layout-column submit-type-reload\" action=\"https:\/\/francebus.com\/en\/wp-json\/wp\/v2\/pages\/8205\/?CWNU8O=ivHR8pc5vR&amp;method=reload\" method=\"POST\" data-form-id=\"861\" data-layout=\"column\" enctype=\"multipart\/form-data\" novalidate=\"null\" ssr_validation_method=\"rest\">\r\n<input type=\"hidden\" name=\"_jfb_current_render_states[]\" value=\"DEFAULT.STATE\" data-jfb-sync \/><input type=\"hidden\" class=\"jet-form-builder__field hidden-field\" name=\"_jet_engine_booking_form_id\" data-field-name=\"_jet_engine_booking_form_id\" value=\"861\">\n<input type=\"hidden\" class=\"jet-form-builder__field hidden-field\" name=\"_jet_engine_refer\" data-field-name=\"_jet_engine_refer\" value=\"https:\/\/francebus.com\/en\/wp-json\/wp\/v2\/pages\/8205\/\">\n<input type=\"hidden\" class=\"jet-form-builder__field hidden-field\" name=\"__queried_post_id\" data-field-name=\"__queried_post_id\" value=\"8205\">\n<input type=\"hidden\" class=\"jet-form-builder__field hidden-field\" name=\"_user_journey\" data-field-name=\"_user_journey\">\n\n<div class=\"wp-block-columns is-layout-flex wp-container-core-columns-is-layout-28f84493 wp-block-columns-is-layout-flex\">\n<div class=\"wp-block-column is-layout-flow wp-block-column-is-layout-flow\"><div  data-validation-type=\"advanced\" class=\"jet-form-builder-row field-type-text-field\" >\n<div class=\"jet-form-builder__label\">\r\n<div class=\"jet-form-builder__label-text\">De<\/div><\/div><div class=\"jet-form-builder__field-wrap\">\n\t\t\t\t<input name=\"departure_address\" id=\"departure_address\" type=\"text\" data-field-name=\"departure_address\" class=\"jet-form-builder__field text-field\" data-jfb-sync=\"null\" autocomplete=\"off_hYHOVatx\">\n\t\t\t\t\t<\/div>\n<\/div><\/div>\n\n\n\n<div class=\"wp-block-column is-layout-flow wp-block-column-is-layout-flow\"><div  class=\"jet-form-builder-row field-type-text-field\" >\n<div class=\"jet-form-builder__label\">\r\n<div class=\"jet-form-builder__label-text\">Destination<\/div><\/div><div class=\"jet-form-builder__field-wrap\">\n\t\t\t\t<input name=\"destination_address\" id=\"destination_address\" type=\"text\" data-field-name=\"destination_address\" class=\"jet-form-builder__field text-field\" data-jfb-sync=\"null\" autocomplete=\"off_aO85JsLx\">\n\t\t\t\t\t<\/div>\n<\/div><\/div>\n\n\n\n<div class=\"wp-block-column is-layout-flow wp-block-column-is-layout-flow\"><div  data-validation-type=\"advanced\" class=\"jet-form-builder-row field-type-datetime-field\" >\n<div class=\"jet-form-builder__label\">\r\n<div class=\"jet-form-builder__label-text\">Date et temps de d\u00e9part<\/div><\/div><input class=\"jet-form-builder__field datetime-field\" name=\"departure_date\" type=\"datetime-local\" data-field-name=\"departure_date\" id=\"departure_date\" data-jfb-sync=\"null\">\n<\/div><\/div>\n<\/div>\n\n\n\n<div class=\"wp-block-columns is-layout-flex wp-container-core-columns-is-layout-28f84493 wp-block-columns-is-layout-flex\">\n<div class=\"wp-block-column is-layout-flow wp-block-column-is-layout-flow\"><div  class=\"jet-form-builder-row field-type-select-field wp-block-jet-forms-select-field\">\n<div class=\"jet-form-builder__label\">\r\n<div class=\"jet-form-builder__label-text\">Type de v\u00e9hicule<\/div><\/div><div class=\"jet-form-builder__field-wrap\">\n\t<select class=\"jet-form-builder__field select-field\" name=\"type_of_transport\" data-field-name=\"type_of_transport\" id=\"type_of_transport\" data-jfb-sync=\"null\">\n\t\t<option value=\"0\" >Select transport type<\/option><option value=\"Berline < 3 places\" >Berline < 3 places<\/option><option value=\"Minivan < 7 places\" >Minivan < 7 places<\/option><option value=\"Minibus < 19 places\" >Minibus < 19 places<\/option><option value=\"Minibus < 25\/35 places\" >Minibus < 25\/35 places<\/option><option value=\"Autocar > 50 places\" >Autocar > 50 places<\/option>\t<\/select>\n<\/div>\n<\/div><\/div>\n\n\n\n<div class=\"wp-block-column is-layout-flow wp-block-column-is-layout-flow\"><div  class=\"jet-form-builder-row field-type-number-field\" >\n<div class=\"jet-form-builder__label\">\r\n<div class=\"jet-form-builder__label-text\">Nombre de passagers<\/div><\/div><div class=\"jet-form-builder__field-wrap\">\n\t\t<input type=\"number\" class=\"jet-form-builder__field text-field\" name=\"passengers\" data-field-name=\"passengers\" id=\"passengers\" data-jfb-sync=\"null\">\n\t<\/div>\n<\/div><\/div>\n\n\n\n<div class=\"wp-block-column is-vertically-aligned-bottom is-layout-flow wp-block-column-is-layout-flow\"><input type=\"hidden\" class=\"captcha-token\" name=\"_captcha_token\" value=\"\"\/><div  class=\"jet-form-builder-row field-type-submit-field\" >\n\t<div data-type=\"submit\" class=\"jet-form-builder__action-button-wrapper jet-form-builder__submit-wrap\">\n\t<button class=\"jet-form-builder__action-button button-book-homepage jet-form-builder__submit submit-type-reload\" type=\"submit\">LOUER VOTRE BUS<\/button>\n\t<\/div>\n\t\n<\/div><\/div>\n<\/div>\n\t<div class=\"jet-form-builder-messages-wrap\" data-form-id=\"861\"><\/div>\n<\/form>\n\t\t\t\t<\/div>\n\t\t\t\t<\/div>\n\t\t\t\t<\/div>\n\t\t\t\t<\/div>\n\t\t\t\t<\/div>\n\t\t\t\t\t<\/div>\n\t\t\t\t<\/div>\n\t\t<div class=\"elementor-element elementor-element-e7e5369 e-flex e-con-boxed e-con e-parent\" data-id=\"e7e5369\" data-element_type=\"container\" data-e-type=\"container\">\n\t\t\t\t\t<div class=\"e-con-inner\">\n\t\t\t\t\t<\/div>\n\t\t\t\t<\/div>\n\t\t\t\t<\/div>\n\t\t\t\t<\/div>\n\t\t\t\t\t\t<\/div>\n\t\t\t\t<\/div>\n\t\t\t\t<\/div>\n\t\t\t\t<\/div>\n\t\t\t\t\t<\/div>\n\t\t\t\t<\/div>\n\t\t<div class=\"elementor-element elementor-element-5faae0e e-flex e-con-boxed e-con e-parent\" data-id=\"5faae0e\" data-element_type=\"container\" data-e-type=\"container\" data-settings=\"{&quot;background_background&quot;:&quot;classic&quot;}\">\n\t\t\t\t\t<div class=\"e-con-inner\">\n\t\t<div class=\"elementor-element elementor-element-dfb9cce e-con-full e-flex e-con e-child\" data-id=\"dfb9cce\" data-element_type=\"container\" data-e-type=\"container\">\n\t\t\t\t<div class=\"elementor-element elementor-element-dca536b elementor-widget elementor-widget-heading\" data-id=\"dca536b\" data-element_type=\"widget\" data-e-type=\"widget\" data-widget_type=\"heading.default\">\n\t\t\t\t<div class=\"elementor-widget-container\">\n\t\t\t\t\t<h2 class=\"elementor-heading-title elementor-size-default\">Questions Fr\u00e9quentes<\/h2>\t\t\t\t<\/div>\n\t\t\t\t<\/div>\n\t\t\t\t<div class=\"elementor-element elementor-element-ed824fd elementor-widget elementor-widget-n-accordion\" data-id=\"ed824fd\" data-element_type=\"widget\" data-e-type=\"widget\" data-settings=\"{&quot;default_state&quot;:&quot;all_collapsed&quot;,&quot;max_items_expended&quot;:&quot;one&quot;,&quot;n_accordion_animation_duration&quot;:{&quot;unit&quot;:&quot;ms&quot;,&quot;size&quot;:400,&quot;sizes&quot;:[]}}\" data-widget_type=\"nested-accordion.default\">\n\t\t\t\t<div class=\"elementor-widget-container\">\n\t\t\t\t\t\t\t<div class=\"e-n-accordion\" aria-label=\"Accordion. Open links with Enter or Space, close with Escape, and navigate with Arrow Keys\">\n\t\t\t\t\t\t<details id=\"e-n-accordion-item-2490\" class=\"e-n-accordion-item\" >\n\t\t\t\t<summary class=\"e-n-accordion-item-title\" data-accordion-index=\"1\" tabindex=\"0\" aria-expanded=\"false\" aria-controls=\"e-n-accordion-item-2490\" >\n\t\t\t\t\t<span class='e-n-accordion-item-title-header'><div class=\"e-n-accordion-item-title-text\"> Quel est le prix d\u2019une location de bus \u00e0 Abbeville ? <\/div><\/span>\n\t\t\t\t\t\t\t<span class='e-n-accordion-item-title-icon'>\n\t\t\t<span class='e-opened' ><i aria-hidden=\"true\" class=\" ti-arrow-top-right\"><\/i><\/span>\n\t\t\t<span class='e-closed'><i aria-hidden=\"true\" class=\" arrow_left-down\"><\/i><\/span>\n\t\t<\/span>\n\n\t\t\t\t\t\t<\/summary>\n\t\t\t\t<div role=\"region\" aria-labelledby=\"e-n-accordion-item-2490\" class=\"elementor-element elementor-element-e3bcf5a e-con-full e-flex e-con e-child\" data-id=\"e3bcf5a\" data-element_type=\"container\" data-e-type=\"container\">\n\t\t\t\t<div class=\"elementor-element elementor-element-20a4145 elementor-widget elementor-widget-text-editor\" data-id=\"20a4145\" data-element_type=\"widget\" data-e-type=\"widget\" data-widget_type=\"text-editor.default\">\n\t\t\t\t<div class=\"elementor-widget-container\">\n\t\t\t\t\t\t\t\t\t<p data-pm-slice=\"1 1 []\">Tout d\u00e9pend du trajet, du nombre de personnes et du type de v\u00e9hicule. Pour plus d&rsquo;informations sur la construction de nos tarifs, <a href=\"https:\/\/francebus.com\/faq\/\">consultez notre FAQ compl\u00e8te !<\/a><\/p>\t\t\t\t\t\t\t\t<\/div>\n\t\t\t\t<\/div>\n\t\t\t\t<\/div>\n\t\t\t\t\t<\/details>\n\t\t\t\t\t\t<details id=\"e-n-accordion-item-2491\" class=\"e-n-accordion-item\" >\n\t\t\t\t<summary class=\"e-n-accordion-item-title\" data-accordion-index=\"2\" tabindex=\"-1\" aria-expanded=\"false\" aria-controls=\"e-n-accordion-item-2491\" >\n\t\t\t\t\t<span class='e-n-accordion-item-title-header'><div class=\"e-n-accordion-item-title-text\"> Quel v\u00e9hicule choisir pour un groupe en baie de Somme  ? <\/div><\/span>\n\t\t\t\t\t\t\t<span class='e-n-accordion-item-title-icon'>\n\t\t\t<span class='e-opened' ><i aria-hidden=\"true\" class=\" ti-arrow-top-right\"><\/i><\/span>\n\t\t\t<span class='e-closed'><i aria-hidden=\"true\" class=\" arrow_left-down\"><\/i><\/span>\n\t\t<\/span>\n\n\t\t\t\t\t\t<\/summary>\n\t\t\t\t<div role=\"region\" aria-labelledby=\"e-n-accordion-item-2491\" class=\"elementor-element elementor-element-800a608 e-con-full e-flex e-con e-child\" data-id=\"800a608\" data-element_type=\"container\" data-e-type=\"container\">\n\t\t\t\t<div class=\"elementor-element elementor-element-82a7ca4 elementor-widget elementor-widget-text-editor\" data-id=\"82a7ca4\" data-element_type=\"widget\" data-e-type=\"widget\" data-widget_type=\"text-editor.default\">\n\t\t\t\t<div class=\"elementor-widget-container\">\n\t\t\t\t\t\t\t\t\t<p>Un minibus est id\u00e9al pour les petits groupes et les acc\u00e8s plus restreints, tandis qu\u2019un autocar convient mieux aux groupes importants et aux trajets plus longs.<\/p>\t\t\t\t\t\t\t\t<\/div>\n\t\t\t\t<\/div>\n\t\t\t\t<\/div>\n\t\t\t\t\t<\/details>\n\t\t\t\t\t\t<details id=\"e-n-accordion-item-2492\" class=\"e-n-accordion-item\" >\n\t\t\t\t<summary class=\"e-n-accordion-item-title\" data-accordion-index=\"3\" tabindex=\"-1\" aria-expanded=\"false\" aria-controls=\"e-n-accordion-item-2492\" >\n\t\t\t\t\t<span class='e-n-accordion-item-title-header'><div class=\"e-n-accordion-item-title-text\"> Peut-on organiser des excursions depuis Abbeville ? <\/div><\/span>\n\t\t\t\t\t\t\t<span class='e-n-accordion-item-title-icon'>\n\t\t\t<span class='e-opened' ><i aria-hidden=\"true\" class=\" ti-arrow-top-right\"><\/i><\/span>\n\t\t\t<span class='e-closed'><i aria-hidden=\"true\" class=\" arrow_left-down\"><\/i><\/span>\n\t\t<\/span>\n\n\t\t\t\t\t\t<\/summary>\n\t\t\t\t<div role=\"region\" aria-labelledby=\"e-n-accordion-item-2492\" class=\"elementor-element elementor-element-fca1b1f e-con-full e-flex e-con e-child\" data-id=\"fca1b1f\" data-element_type=\"container\" data-e-type=\"container\">\n\t\t\t\t<div class=\"elementor-element elementor-element-f3df271 elementor-widget elementor-widget-text-editor\" data-id=\"f3df271\" data-element_type=\"widget\" data-e-type=\"widget\" data-widget_type=\"text-editor.default\">\n\t\t\t\t<div class=\"elementor-widget-container\">\n\t\t\t\t\t\t\t\t\tOui, Abbeville est un point de d\u00e9part strat\u00e9gique pour organiser un transfert groupe Baie de Somme et d\u00e9couvrir l\u2019ensemble des sites incontournables.\t\t\t\t\t\t\t\t<\/div>\n\t\t\t\t<\/div>\n\t\t\t\t<\/div>\n\t\t\t\t\t<\/details>\n\t\t\t\t\t\t<details id=\"e-n-accordion-item-2493\" class=\"e-n-accordion-item\" >\n\t\t\t\t<summary class=\"e-n-accordion-item-title\" data-accordion-index=\"4\" tabindex=\"-1\" aria-expanded=\"false\" aria-controls=\"e-n-accordion-item-2493\" >\n\t\t\t\t\t<span class='e-n-accordion-item-title-header'><div class=\"e-n-accordion-item-title-text\"> Que voir ou visiter \u00e0 Abbeville ? <\/div><\/span>\n\t\t\t\t\t\t\t<span class='e-n-accordion-item-title-icon'>\n\t\t\t<span class='e-opened' ><i aria-hidden=\"true\" class=\" ti-arrow-top-right\"><\/i><\/span>\n\t\t\t<span class='e-closed'><i aria-hidden=\"true\" class=\" arrow_left-down\"><\/i><\/span>\n\t\t<\/span>\n\n\t\t\t\t\t\t<\/summary>\n\t\t\t\t<div role=\"region\" aria-labelledby=\"e-n-accordion-item-2493\" class=\"elementor-element elementor-element-5360d82 e-con-full e-flex e-con e-child\" data-id=\"5360d82\" data-element_type=\"container\" data-e-type=\"container\">\n\t\t\t\t<div class=\"elementor-element elementor-element-6f5495d elementor-widget elementor-widget-text-editor\" data-id=\"6f5495d\" data-element_type=\"widget\" data-e-type=\"widget\" data-widget_type=\"text-editor.default\">\n\t\t\t\t<div class=\"elementor-widget-container\">\n\t\t\t\t\t\t\t\t\t<ul>\n<li><strong>Explorer Abbeville :<\/strong> centre-ville, coll\u00e9giale Saint-Vulfran et patrimoine historique.<\/li>\n<li><strong>D\u00e9couvrir la Baie de Somme :<\/strong> Saint-Valery-sur-Somme, Le Crotoy et paysages naturels exceptionnels.<\/li>\n<li><strong>Observer la faune :<\/strong> phoques, oiseaux migrateurs et r\u00e9serve naturelle class\u00e9e.<\/li>\n<li><strong>Profiter du littoral :<\/strong> plages de Cayeux-sur-Mer et longues \u00e9tendues sauvages.<\/li>\n<li><strong>Parcourir les circuits historiques :<\/strong> sites de la Premi\u00e8re Guerre mondiale et circuit m\u00e9moire Somme.<\/li>\n<\/ul>\t\t\t\t\t\t\t\t<\/div>\n\t\t\t\t<\/div>\n\t\t\t\t<\/div>\n\t\t\t\t\t<\/details>\n\t\t\t\t\t<\/div>\n\t\t\t\t\t<script type=\"application\/ld+json\">{\"@context\":\"https:\\\/\\\/schema.org\",\"@type\":\"FAQPage\",\"mainEntity\":[{\"@type\":\"Question\",\"name\":\"Quel est le prix d\\u2019une location de bus \\u00e0 Abbeville ?\",\"acceptedAnswer\":{\"@type\":\"Answer\",\"text\":\"Tout d\\u00e9pend du trajet, du nombre de personnes et du type de v\\u00e9hicule. Pour plus d&rsquo;informations sur la construction de nos tarifs, consultez notre FAQ compl\\u00e8te !\"}},{\"@type\":\"Question\",\"name\":\"Quel v\\u00e9hicule choisir pour un groupe en baie de Somme  ?\",\"acceptedAnswer\":{\"@type\":\"Answer\",\"text\":\"Un minibus est id\\u00e9al pour les petits groupes et les acc\\u00e8s plus restreints, tandis qu\\u2019un autocar convient mieux aux groupes importants et aux trajets plus longs.\"}},{\"@type\":\"Question\",\"name\":\"Peut-on organiser des excursions depuis Abbeville ?\",\"acceptedAnswer\":{\"@type\":\"Answer\",\"text\":\"Oui, Abbeville est un point de d\\u00e9part strat\\u00e9gique pour organiser un transfert groupe Baie de Somme et d\\u00e9couvrir l\\u2019ensemble des sites incontournables.\"}},{\"@type\":\"Question\",\"name\":\"Que voir ou visiter \\u00e0 Abbeville ?\",\"acceptedAnswer\":{\"@type\":\"Answer\",\"text\":\"Explorer Abbeville : centre-ville, coll\\u00e9giale Saint-Vulfran et patrimoine historique.\\nD\\u00e9couvrir la Baie de Somme : Saint-Valery-sur-Somme, Le Crotoy et paysages naturels exceptionnels.\\nObserver la faune : phoques, oiseaux migrateurs et r\\u00e9serve naturelle class\\u00e9e.\\nProfiter du littoral : plages de Cayeux-sur-Mer et longues \\u00e9tendues sauvages.\\nParcourir les circuits historiques : sites de la Premi\\u00e8re Guerre mondiale et circuit m\\u00e9moire Somme.\"}}]}<\/script>\n\t\t\t\t\t\t\t<\/div>\n\t\t\t\t<\/div>\n\t\t\t\t<\/div>\n\t\t<div class=\"elementor-element elementor-element-a58ed55 e-con-full e-flex e-con e-child\" data-id=\"a58ed55\" data-element_type=\"container\" data-e-type=\"container\">\n\t\t\t\t<div class=\"elementor-element elementor-element-8869f7b elementor-widget elementor-widget-heading\" data-id=\"8869f7b\" data-element_type=\"widget\" data-e-type=\"widget\" data-widget_type=\"heading.default\">\n\t\t\t\t<div class=\"elementor-widget-container\">\n\t\t\t\t\t<h2 class=\"elementor-heading-title elementor-size-default\">Autres Destinations en France<\/h2>\t\t\t\t<\/div>\n\t\t\t\t<\/div>\n\t\t\t\t<div class=\"elementor-element elementor-element-2912ee0 elementor-widget elementor-widget-text-editor\" data-id=\"2912ee0\" data-element_type=\"widget\" data-e-type=\"widget\" data-widget_type=\"text-editor.default\">\n\t\t\t\t<div class=\"elementor-widget-container\">\n\t\t\t\t\t\t\t\t\t<ul>\n<li><a href=\"https:\/\/francebus.com\/location-bus-paris\/\">Location Bus Paris<\/a><\/li>\n<li><a href=\"https:\/\/francebus.com\/location-bus-bordeaux\/\">Location Bus Bordeaux<\/a><\/li>\n<li><a href=\"https:\/\/francebus.com\/location-bus-toulouse\/\">Location Bus Toulouse<\/a><\/li>\n<li><a href=\"https:\/\/francebus.com\/location-bus-marseille\/\">Location Bus Marseille<\/a><\/li>\n<li><a href=\"https:\/\/francebus.com\/location-bus-lyon\/\">Location Bus Lyon<\/a><\/li>\n<\/ul>\t\t\t\t\t\t\t\t<\/div>\n\t\t\t\t<\/div>\n\t\t\t\t<\/div>\n\t\t\t\t\t<\/div>\n\t\t\t\t<\/div>\n\t\t\t\t<\/div>\n\t\t","protected":false},"excerpt":{"rendered":"<p>Home &gt; Destinations &gt; Location de bus \u00e0 Abbeville Location de bus \u00e0 Abbeville Votre partenaire privil\u00e9gi\u00e9 pour des solutions de transport sur mesure Location de bus \u00e0 Abbeville pour vos voyages, \u00e9v\u00e9nements et excursions Vous recherchez un service de location de bus \u00e0 Abbeville fiable, confortable et parfaitement adapt\u00e9 \u00e0 vos besoins ? Que [&hellip;]<\/p>\n","protected":false},"author":3,"featured_media":0,"parent":0,"menu_order":0,"comment_status":"closed","ping_status":"closed","template":"elementor_header_footer","meta":{"_jf_save_progress":"","footnotes":""},"class_list":["post-8205","page","type-page","status-publish","hentry"],"_links":{"self":[{"href":"https:\/\/francebus.com\/en\/wp-json\/wp\/v2\/pages\/8205","targetHints":{"allow":["GET"]}}],"collection":[{"href":"https:\/\/francebus.com\/en\/wp-json\/wp\/v2\/pages"}],"about":[{"href":"https:\/\/francebus.com\/en\/wp-json\/wp\/v2\/types\/page"}],"author":[{"embeddable":true,"href":"https:\/\/francebus.com\/en\/wp-json\/wp\/v2\/users\/3"}],"replies":[{"embeddable":true,"href":"https:\/\/francebus.com\/en\/wp-json\/wp\/v2\/comments?post=8205"}],"version-history":[{"count":11,"href":"https:\/\/francebus.com\/en\/wp-json\/wp\/v2\/pages\/8205\/revisions"}],"predecessor-version":[{"id":8220,"href":"https:\/\/francebus.com\/en\/wp-json\/wp\/v2\/pages\/8205\/revisions\/8220"}],"wp:attachment":[{"href":"https:\/\/francebus.com\/en\/wp-json\/wp\/v2\/media?parent=8205"}],"curies":[{"name":"wp","href":"https:\/\/api.w.org\/{rel}","templated":true}]}}