{"id":7468,"date":"2026-02-06T03:48:32","date_gmt":"2026-02-06T02:48:32","guid":{"rendered":"https:\/\/francebus.com\/?page_id=7468"},"modified":"2026-04-10T15:58:51","modified_gmt":"2026-04-10T13:58:51","slug":"bus-rental-colmar","status":"publish","type":"page","link":"https:\/\/francebus.com\/en\/bus-rental-colmar\/","title":{"rendered":"Bus rental in Colmar"},"content":{"rendered":"\t\t<div data-elementor-type=\"wp-page\" data-elementor-id=\"7468\" class=\"elementor elementor-7468\" data-elementor-post-type=\"page\">\n\t\t\t\t<div class=\"elementor-element elementor-element-396cb0db e-con-full e-flex e-con e-parent\" data-id=\"396cb0db\" data-element_type=\"container\" data-e-type=\"container\">\n\t\t<div class=\"elementor-element elementor-element-8bccfea e-con-full e-flex e-con e-child\" data-id=\"8bccfea\" data-element_type=\"container\" data-e-type=\"container\" data-settings=\"{&quot;background_background&quot;:&quot;classic&quot;}\">\n\t\t<div class=\"elementor-element elementor-element-298ef9c e-con-full e-flex e-con e-child\" data-id=\"298ef9c\" data-element_type=\"container\" data-e-type=\"container\">\n\t\t\t\t<div class=\"elementor-element elementor-element-96658e6 elementor-widget elementor-widget-heading\" data-id=\"96658e6\" data-element_type=\"widget\" data-e-type=\"widget\" data-widget_type=\"heading.default\">\n\t\t\t\t<div class=\"elementor-widget-container\">\n\t\t\t\t\t<p class=\"elementor-heading-title elementor-size-default\"><a href=\"https:\/\/francebus.com\/en\">Home<\/a><\/p>\t\t\t\t<\/div>\n\t\t\t\t<\/div>\n\t\t\t\t<div class=\"elementor-element elementor-element-514eefd elementor-widget elementor-widget-heading\" data-id=\"514eefd\" data-element_type=\"widget\" data-e-type=\"widget\" data-widget_type=\"heading.default\">\n\t\t\t\t<div class=\"elementor-widget-container\">\n\t\t\t\t\t<p class=\"elementor-heading-title elementor-size-default\">&gt;<\/p>\t\t\t\t<\/div>\n\t\t\t\t<\/div>\n\t\t\t\t<div class=\"elementor-element elementor-element-7fbfcd7 elementor-widget elementor-widget-heading\" data-id=\"7fbfcd7\" data-element_type=\"widget\" data-e-type=\"widget\" data-widget_type=\"heading.default\">\n\t\t\t\t<div class=\"elementor-widget-container\">\n\t\t\t\t\t<p class=\"elementor-heading-title elementor-size-default\"><a href=\"https:\/\/francebus.com\/nos-offres\">Destinations<\/a><\/p>\t\t\t\t<\/div>\n\t\t\t\t<\/div>\n\t\t\t\t<div class=\"elementor-element elementor-element-0d20364 elementor-widget elementor-widget-heading\" data-id=\"0d20364\" data-element_type=\"widget\" data-e-type=\"widget\" data-widget_type=\"heading.default\">\n\t\t\t\t<div class=\"elementor-widget-container\">\n\t\t\t\t\t<p class=\"elementor-heading-title elementor-size-default\">&gt;<\/p>\t\t\t\t<\/div>\n\t\t\t\t<\/div>\n\t\t\t\t<div class=\"elementor-element elementor-element-0b0496f elementor-widget elementor-widget-heading\" data-id=\"0b0496f\" data-element_type=\"widget\" data-e-type=\"widget\" data-widget_type=\"heading.default\">\n\t\t\t\t<div class=\"elementor-widget-container\">\n\t\t\t\t\t<p class=\"elementor-heading-title elementor-size-default\">Location de bus \u00e0 Colmar<\/p>\t\t\t\t<\/div>\n\t\t\t\t<\/div>\n\t\t\t\t<\/div>\n\t\t<div class=\"elementor-element elementor-element-b94e4f7 e-con-full e-flex e-con e-child\" data-id=\"b94e4f7\" data-element_type=\"container\" data-e-type=\"container\">\n\t\t\t\t<div class=\"elementor-element elementor-element-f129508 elementor-widget elementor-widget-heading\" data-id=\"f129508\" data-element_type=\"widget\" data-e-type=\"widget\" data-widget_type=\"heading.default\">\n\t\t\t\t<div class=\"elementor-widget-container\">\n\t\t\t\t\t<h1 class=\"elementor-heading-title elementor-size-default\">Location de bus \u00e0 Colmar<\/h1>\t\t\t\t<\/div>\n\t\t\t\t<\/div>\n\t\t\t\t<div class=\"elementor-element elementor-element-2e2010c elementor-widget elementor-widget-heading\" data-id=\"2e2010c\" data-element_type=\"widget\" data-e-type=\"widget\" data-widget_type=\"heading.default\">\n\t\t\t\t<div class=\"elementor-widget-container\">\n\t\t\t\t\t<p class=\"elementor-heading-title elementor-size-default\">Votre partenaire privil\u00e9gi\u00e9 pour des solutions de transport sur mesure<\/p>\t\t\t\t<\/div>\n\t\t\t\t<\/div>\n\t\t\t\t<\/div>\n\t\t\t\t<\/div>\n\t\t\t\t<\/div>\n\t\t<div class=\"elementor-element elementor-element-469314a e-flex e-con-boxed e-con e-parent\" data-id=\"469314a\" data-element_type=\"container\" data-e-type=\"container\" data-settings=\"{&quot;background_background&quot;:&quot;classic&quot;}\">\n\t\t\t\t\t<div class=\"e-con-inner\">\n\t\t<div class=\"elementor-element elementor-element-cd86b09 e-con-full e-flex e-con e-child\" data-id=\"cd86b09\" data-element_type=\"container\" data-e-type=\"container\">\n\t\t\t\t<div class=\"elementor-element elementor-element-cf82e3e elementor-widget elementor-widget-heading\" data-id=\"cf82e3e\" data-element_type=\"widget\" data-e-type=\"widget\" data-widget_type=\"heading.default\">\n\t\t\t\t<div class=\"elementor-widget-container\">\n\t\t\t\t\t<h2 class=\"elementor-heading-title elementor-size-default\">Location de bus \u00e0 Colmar pour vos voyages, \u00e9v\u00e9nements et excursions<\/h2>\t\t\t\t<\/div>\n\t\t\t\t<\/div>\n\t\t\t\t<div class=\"elementor-element elementor-element-64ec64b elementor-widget elementor-widget-text-editor\" data-id=\"64ec64b\" data-element_type=\"widget\" data-e-type=\"widget\" data-widget_type=\"text-editor.default\">\n\t\t\t\t<div class=\"elementor-widget-container\">\n\t\t\t\t\t\t\t\t\t<p>Vous recherchez un service de location de bus \u00e0 Colmar fiable, confortable et parfaitement adapt\u00e9 \u00e0 vos besoins ? Que vous soyez une entreprise, une association, un \u00e9tablissement scolaire ou un groupe de touristes, France Bus vous propose des solutions de transport avec chauffeur, pour tous vos d\u00e9placements au d\u00e9part ou \u00e0 destination de Colmar.<\/p>\n<p>Situ\u00e9e au c\u0153ur de l\u2019Alsace, entre Strasbourg et Mulhouse, Colmar b\u00e9n\u00e9ficie d\u2019un emplacement strat\u00e9gique, id\u00e9al pour les trajets r\u00e9gionaux, nationaux et transfrontaliers. Ville \u00e0 taille humaine, elle est particuli\u00e8rement appr\u00e9ci\u00e9e pour l\u2019organisation d\u2019\u00e9v\u00e9nements touristiques, culturels et professionnels.<\/p>\n<p>R\u00e9put\u00e9e pour son centre historique pr\u00e9serv\u00e9, ses maisons \u00e0 colombages, la Petite Venise et son patrimoine viticole, Colmar est une destination majeure en Alsace. Louer un bus avec chauffeur \u00e0 Colmar, c\u2019est profiter d\u2019une logistique fluide pour se d\u00e9placer facilement vers la Route des Vins, les Vosges, l\u2019Allemagne ou la Suisse.<\/p>\t\t\t\t\t\t\t\t<\/div>\n\t\t\t\t<\/div>\n\t\t\t\t<\/div>\n\t\t<div class=\"elementor-element elementor-element-ed53044 e-con-full e-flex e-con e-child\" data-id=\"ed53044\" data-element_type=\"container\" data-e-type=\"container\">\n\t\t\t\t<div class=\"elementor-element elementor-element-53f314d elementor-widget elementor-widget-google_maps\" data-id=\"53f314d\" data-element_type=\"widget\" data-e-type=\"widget\" data-widget_type=\"google_maps.default\">\n\t\t\t\t<div class=\"elementor-widget-container\">\n\t\t\t\t\t\t\t<div class=\"elementor-custom-embed\">\n\t\t\t<iframe loading=\"lazy\"\n\t\t\t\t\tsrc=\"https:\/\/maps.google.com\/maps?q=Colmar&#038;t=m&#038;z=12&#038;output=embed&#038;iwloc=near\"\n\t\t\t\t\ttitle=\"Colmar\"\n\t\t\t\t\taria-label=\"Colmar\"\n\t\t\t><\/iframe>\n\t\t<\/div>\n\t\t\t\t\t\t<\/div>\n\t\t\t\t<\/div>\n\t\t\t\t<\/div>\n\t\t<div class=\"elementor-element elementor-element-19a535c e-con-full e-flex e-con e-child\" data-id=\"19a535c\" data-element_type=\"container\" data-e-type=\"container\">\n\t\t\t\t<div class=\"elementor-element elementor-element-1390d95 elementor-widget__width-auto elementor-widget elementor-widget-heading\" data-id=\"1390d95\" data-element_type=\"widget\" data-e-type=\"widget\" data-widget_type=\"heading.default\">\n\t\t\t\t<div class=\"elementor-widget-container\">\n\t\t\t\t\t<h3 class=\"elementor-heading-title elementor-size-default\"><a href=\"https:\/\/francebus.com\/nos-offres\/entreprises\/\">Pour les entreprises<\/a><\/h3>\t\t\t\t<\/div>\n\t\t\t\t<\/div>\n\t\t\t\t<div class=\"elementor-element elementor-element-f3521d7 elementor-widget elementor-widget-text-editor\" data-id=\"f3521d7\" data-element_type=\"widget\" data-e-type=\"widget\" data-widget_type=\"text-editor.default\">\n\t\t\t\t<div class=\"elementor-widget-container\">\n\t\t\t\t\t\t\t\t\t<p>France Bus propose des solutions de transport d\u00e9di\u00e9es aux d\u00e9placements professionnels \u00e0 Colmar, pour :<\/p>\n<ul>\n<li>s\u00e9minaires et r\u00e9unions d\u2019entreprise,<\/li>\n<li>d\u00e9placements vers les zones d\u2019activit\u00e9s, sites industriels et centres d\u2019affaires,<\/li>\n<li>navettes entre h\u00f4tels, gares et lieux professionnels,<\/li>\n<li>salons, \u00e9v\u00e9nements d\u2019entreprise et d\u00e9placements transfrontaliers.<\/li>\n<\/ul>\t\t\t\t\t\t\t\t<\/div>\n\t\t\t\t<\/div>\n\t\t\t\t<\/div>\n\t\t<div class=\"elementor-element elementor-element-5db9b95 e-con-full e-flex e-con e-child\" data-id=\"5db9b95\" data-element_type=\"container\" data-e-type=\"container\">\n\t\t\t\t<div class=\"elementor-element elementor-element-7624988 elementor-widget__width-auto elementor-widget elementor-widget-heading\" data-id=\"7624988\" data-element_type=\"widget\" data-e-type=\"widget\" data-widget_type=\"heading.default\">\n\t\t\t\t<div class=\"elementor-widget-container\">\n\t\t\t\t\t<h3 class=\"elementor-heading-title elementor-size-default\"><a href=\"https:\/\/francebus.com\/nos-offres\/particuliers\/\">Pour les particuliers<\/a><\/h3>\t\t\t\t<\/div>\n\t\t\t\t<\/div>\n\t\t\t\t<div class=\"elementor-element elementor-element-2466ba6 elementor-widget elementor-widget-text-editor\" data-id=\"2466ba6\" data-element_type=\"widget\" data-e-type=\"widget\" data-widget_type=\"text-editor.default\">\n\t\t\t\t<div class=\"elementor-widget-container\">\n\t\t\t\t\t\t\t\t\t<p>France Bus met en place des solutions de transport sur mesure pour les \u00e9v\u00e9nements priv\u00e9s \u00e0 Colmar et en Alsace, pour :<\/p>\n<ul>\n<li>mariages (transferts invit\u00e9s, navettes h\u00f4tels \u2194 lieux de r\u00e9ception),<\/li>\n<li>anniversaires et f\u00eates priv\u00e9es,<\/li>\n<li>EVG \/ EVJF \u00e0 Colmar ou sur la Route des Vins,<\/li>\n<li>soir\u00e9es \u00e9v\u00e9nementielles, galas ou r\u00e9ceptions priv\u00e9es,<\/li>\n<li>d\u00e9placements de groupes vers domaines viticoles, restaurants ou salles de r\u00e9ception.<\/li>\n<\/ul>\t\t\t\t\t\t\t\t<\/div>\n\t\t\t\t<\/div>\n\t\t\t\t<\/div>\n\t\t<div class=\"elementor-element elementor-element-f44311c e-con-full e-flex e-con e-child\" data-id=\"f44311c\" data-element_type=\"container\" data-e-type=\"container\">\n\t\t\t\t<div class=\"elementor-element elementor-element-3f3ae8f elementor-widget__width-auto elementor-widget elementor-widget-heading\" data-id=\"3f3ae8f\" data-element_type=\"widget\" data-e-type=\"widget\" data-widget_type=\"heading.default\">\n\t\t\t\t<div class=\"elementor-widget-container\">\n\t\t\t\t\t<h3 class=\"elementor-heading-title elementor-size-default\"><a href=\"https:\/\/francebus.com\/nos-offres\/ecoles\/\">Pour les \u00e9coles et associations<\/a><\/h3>\t\t\t\t<\/div>\n\t\t\t\t<\/div>\n\t\t\t\t<div class=\"elementor-element elementor-element-c090874 elementor-widget elementor-widget-text-editor\" data-id=\"c090874\" data-element_type=\"widget\" data-e-type=\"widget\" data-widget_type=\"text-editor.default\">\n\t\t\t\t<div class=\"elementor-widget-container\">\n\t\t\t\t\t\t\t\t\t<p>France Bus assure l\u2019organisation des transports de groupes scolaires et associatifs \u00e0 Colmar et dans la r\u00e9gion, pour :<\/p>\n<ul>\n<li>sorties scolaires et excursions p\u00e9dagogiques,<\/li>\n<li>voyages \u00e9ducatifs et s\u00e9jours linguistiques,<\/li>\n<li>colonies de vacances et d\u00e9placements associatifs,<\/li>\n<li>visites culturelles en Alsace, en Allemagne ou en Suisse.<\/li>\n<\/ul>\t\t\t\t\t\t\t\t<\/div>\n\t\t\t\t<\/div>\n\t\t\t\t<\/div>\n\t\t<div class=\"elementor-element elementor-element-97a1468 e-con-full e-flex e-con e-child\" data-id=\"97a1468\" data-element_type=\"container\" data-e-type=\"container\">\n\t\t\t\t<div class=\"elementor-element elementor-element-8739753 elementor-widget__width-auto elementor-widget elementor-widget-heading\" data-id=\"8739753\" data-element_type=\"widget\" data-e-type=\"widget\" data-widget_type=\"heading.default\">\n\t\t\t\t<div class=\"elementor-widget-container\">\n\t\t\t\t\t<h3 class=\"elementor-heading-title elementor-size-default\"><a href=\"https:\/\/francebus.com\/nos-offres\/particuliers\/\">Pour les touristes<\/a><\/h3>\t\t\t\t<\/div>\n\t\t\t\t<\/div>\n\t\t\t\t<div class=\"elementor-element elementor-element-1ca189d elementor-widget elementor-widget-text-editor\" data-id=\"1ca189d\" data-element_type=\"widget\" data-e-type=\"widget\" data-widget_type=\"text-editor.default\">\n\t\t\t\t<div class=\"elementor-widget-container\">\n\t\t\t\t\t\t\t\t\t<p>France Bus organise les d\u00e9placements et excursions touristiques au d\u00e9part de Colmar, pour :<\/p>\n<ul>\n<li>visites guid\u00e9es de Colmar et de son centre historique,<\/li>\n<li>excursions \u00e0 la journ\u00e9e sur la Route des Vins d\u2019Alsace,<\/li>\n<li>circuits touristiques vers les villages typiques alsaciens,<\/li>\n<li>transferts vers les gares et a\u00e9roports r\u00e9gionaux,<\/li>\n<li>voyages en groupe \u00e0 la d\u00e9couverte du patrimoine alsacien.<\/li>\n<\/ul>\t\t\t\t\t\t\t\t<\/div>\n\t\t\t\t<\/div>\n\t\t\t\t<\/div>\n\t\t<div class=\"elementor-element elementor-element-fd04c4a e-con-full e-flex e-con e-child\" data-id=\"fd04c4a\" data-element_type=\"container\" data-e-type=\"container\" data-settings=\"{&quot;background_background&quot;:&quot;classic&quot;}\">\n\t\t<div class=\"elementor-element elementor-element-cc447bf e-con-full e-flex e-con e-child\" data-id=\"cc447bf\" data-element_type=\"container\" data-e-type=\"container\">\n\t\t\t\t<div class=\"elementor-element elementor-element-baa3c05 elementor-widget elementor-widget-heading\" data-id=\"baa3c05\" data-element_type=\"widget\" data-e-type=\"widget\" data-widget_type=\"heading.default\">\n\t\t\t\t<div class=\"elementor-widget-container\">\n\t\t\t\t\t<h2 class=\"elementor-heading-title elementor-size-default\">Nos services de transport avec chauffeurs \u00e0 Colmar<\/h2>\t\t\t\t<\/div>\n\t\t\t\t<\/div>\n\t\t\t\t<div class=\"elementor-element elementor-element-75ee9cb elementor-widget elementor-widget-image\" data-id=\"75ee9cb\" data-element_type=\"widget\" data-e-type=\"widget\" data-widget_type=\"image.default\">\n\t\t\t\t<div class=\"elementor-widget-container\">\n\t\t\t\t\t\t\t\t\t\t\t\t\t\t\t<img fetchpriority=\"high\" decoding=\"async\" width=\"800\" height=\"533\" src=\"https:\/\/francebus.com\/wp-content\/uploads\/2026\/02\/Colmar-Noel.jpg\" class=\"attachment-large size-large wp-image-7471\" alt=\"Colmar No\u00ebl\" srcset=\"https:\/\/francebus.com\/wp-content\/uploads\/2026\/02\/Colmar-Noel.jpg 900w, https:\/\/francebus.com\/wp-content\/uploads\/2026\/02\/Colmar-Noel-300x200.jpg 300w, https:\/\/francebus.com\/wp-content\/uploads\/2026\/02\/Colmar-Noel-768x512.jpg 768w, https:\/\/francebus.com\/wp-content\/uploads\/2026\/02\/Colmar-Noel-18x12.jpg 18w\" sizes=\"(max-width: 800px) 100vw, 800px\" title=\"\">\t\t\t\t\t\t\t\t\t\t\t\t\t\t\t<\/div>\n\t\t\t\t<\/div>\n\t\t\t\t<\/div>\n\t\t<div class=\"elementor-element elementor-element-2076b6b e-con-full e-flex e-con e-child\" data-id=\"2076b6b\" data-element_type=\"container\" data-e-type=\"container\">\n\t\t\t\t<div class=\"elementor-element elementor-element-1042962 elementor-widget elementor-widget-heading\" data-id=\"1042962\" data-element_type=\"widget\" data-e-type=\"widget\" data-widget_type=\"heading.default\">\n\t\t\t\t<div class=\"elementor-widget-container\">\n\t\t\t\t\t<h3 class=\"elementor-heading-title elementor-size-default\">Vans &amp; Minibus (8 \u00e0 20 places)<\/h3>\t\t\t\t<\/div>\n\t\t\t\t<\/div>\n\t\t\t\t<div class=\"elementor-element elementor-element-b2787c2 elementor-widget elementor-widget-text-editor\" data-id=\"b2787c2\" data-element_type=\"widget\" data-e-type=\"widget\" data-widget_type=\"text-editor.default\">\n\t\t\t\t<div class=\"elementor-widget-container\">\n\t\t\t\t\t\t\t\t\tParfaits pour les petits groupes, nos minibus offrent confort et flexibilit\u00e9. Ils sont id\u00e9als pour les transferts h\u00f4teliers, les visites touristiques, les \u00e9v\u00e9nements priv\u00e9s ou les d\u00e9placements professionnels ponctuels.\t\t\t\t\t\t\t\t<\/div>\n\t\t\t\t<\/div>\n\t\t\t\t<div class=\"elementor-element elementor-element-ef61ae0 elementor-widget elementor-widget-heading\" data-id=\"ef61ae0\" data-element_type=\"widget\" data-e-type=\"widget\" data-widget_type=\"heading.default\">\n\t\t\t\t<div class=\"elementor-widget-container\">\n\t\t\t\t\t<h3 class=\"elementor-heading-title elementor-size-default\">Autocars grand confort (50+ places)<\/h3>\t\t\t\t<\/div>\n\t\t\t\t<\/div>\n\t\t\t\t<div class=\"elementor-element elementor-element-269e510 elementor-widget elementor-widget-text-editor\" data-id=\"269e510\" data-element_type=\"widget\" data-e-type=\"widget\" data-widget_type=\"text-editor.default\">\n\t\t\t\t<div class=\"elementor-widget-container\">\n\t\t\t\t\t\t\t\t\t<p>Adapt\u00e9s aux groupes importants, nos autocars garantissent s\u00e9curit\u00e9 et confort, aussi bien pour les excursions r\u00e9gionales que pour les trajets longue distance ou transfrontaliers.<\/p>\t\t\t\t\t\t\t\t<\/div>\n\t\t\t\t<\/div>\n\t\t\t\t<div class=\"elementor-element elementor-element-410e93e elementor-widget elementor-widget-heading\" data-id=\"410e93e\" data-element_type=\"widget\" data-e-type=\"widget\" data-widget_type=\"heading.default\">\n\t\t\t\t<div class=\"elementor-widget-container\">\n\t\t\t\t\t<h3 class=\"elementor-heading-title elementor-size-default\">Chauffeurs professionnels<\/h3>\t\t\t\t<\/div>\n\t\t\t\t<\/div>\n\t\t\t\t<div class=\"elementor-element elementor-element-bf23a44 elementor-widget elementor-widget-text-editor\" data-id=\"bf23a44\" data-element_type=\"widget\" data-e-type=\"widget\" data-widget_type=\"text-editor.default\">\n\t\t\t\t<div class=\"elementor-widget-container\">\n\t\t\t\t\t\t\t\t\tNos chauffeurs sont exp\u00e9riment\u00e9s, ponctuels et parfaitement familiers de Colmar, de l\u2019Alsace et des axes internationaux. Ils assurent une conduite sereine et une gestion optimale de la logistique.\t\t\t\t\t\t\t\t<\/div>\n\t\t\t\t<\/div>\n\t\t\t\t<div class=\"elementor-element elementor-element-62b0fac elementor-align-left elementor-mobile-align-center elementor-widget elementor-widget-button\" data-id=\"62b0fac\" data-element_type=\"widget\" data-e-type=\"widget\" data-widget_type=\"button.default\">\n\t\t\t\t<div class=\"elementor-widget-container\">\n\t\t\t\t\t\t\t\t\t<div class=\"elementor-button-wrapper\">\n\t\t\t\t\t<a class=\"elementor-button elementor-button-link elementor-size-sm elementor-animation-grow\" href=\"https:\/\/francebus.com\/contact\/\" target=\"_blank\">\n\t\t\t\t\t\t<span class=\"elementor-button-content-wrapper\">\n\t\t\t\t\t\t\t\t\t<span class=\"elementor-button-text\">NOUS CONSULTER<\/span>\n\t\t\t\t\t<\/span>\n\t\t\t\t\t<\/a>\n\t\t\t\t<\/div>\n\t\t\t\t\t\t\t\t<\/div>\n\t\t\t\t<\/div>\n\t\t\t\t<\/div>\n\t\t\t\t<\/div>\n\t\t\t\t\t<\/div>\n\t\t\t\t<\/div>\n\t\t<div class=\"elementor-element elementor-element-100d471 e-con-full e-flex e-con e-parent\" data-id=\"100d471\" data-element_type=\"container\" data-e-type=\"container\" data-settings=\"{&quot;background_background&quot;:&quot;classic&quot;}\">\n\t\t<div class=\"elementor-element elementor-element-e1c9c6e e-con-full e-flex e-con e-child\" data-id=\"e1c9c6e\" data-element_type=\"container\" data-e-type=\"container\" data-settings=\"{&quot;background_background&quot;:&quot;classic&quot;}\">\n\t\t\t\t<div class=\"elementor-element elementor-element-d4826db elementor-widget elementor-widget-image\" data-id=\"d4826db\" data-element_type=\"widget\" data-e-type=\"widget\" data-widget_type=\"image.default\">\n\t\t\t\t<div class=\"elementor-widget-container\">\n\t\t\t\t\t\t\t\t\t\t\t\t\t\t\t<img decoding=\"async\" width=\"1920\" height=\"1080\" src=\"https:\/\/francebus.com\/wp-content\/uploads\/2026\/02\/Colmar-centre.jpg\" class=\"attachment-full size-full wp-image-7472\" alt=\"Colmar centre\" srcset=\"https:\/\/francebus.com\/wp-content\/uploads\/2026\/02\/Colmar-centre.jpg 1920w, https:\/\/francebus.com\/wp-content\/uploads\/2026\/02\/Colmar-centre-300x169.jpg 300w, https:\/\/francebus.com\/wp-content\/uploads\/2026\/02\/Colmar-centre-1024x576.jpg 1024w, https:\/\/francebus.com\/wp-content\/uploads\/2026\/02\/Colmar-centre-768x432.jpg 768w, https:\/\/francebus.com\/wp-content\/uploads\/2026\/02\/Colmar-centre-1536x864.jpg 1536w, https:\/\/francebus.com\/wp-content\/uploads\/2026\/02\/Colmar-centre-18x10.jpg 18w\" sizes=\"(max-width: 1920px) 100vw, 1920px\" title=\"\">\t\t\t\t\t\t\t\t\t\t\t\t\t\t\t<\/div>\n\t\t\t\t<\/div>\n\t\t\t\t<\/div>\n\t\t\t\t<\/div>\n\t\t<div class=\"elementor-element elementor-element-a790a38 e-flex e-con-boxed e-con e-parent\" data-id=\"a790a38\" data-element_type=\"container\" data-e-type=\"container\" data-settings=\"{&quot;background_background&quot;:&quot;classic&quot;}\">\n\t\t\t\t\t<div class=\"e-con-inner\">\n\t\t<div class=\"elementor-element elementor-element-fdfb451 e-con-full e-flex e-con e-child\" data-id=\"fdfb451\" data-element_type=\"container\" data-e-type=\"container\" data-settings=\"{&quot;background_background&quot;:&quot;classic&quot;}\">\n\t\t<div class=\"elementor-element elementor-element-6e949e7 e-con-full e-flex e-con e-child\" data-id=\"6e949e7\" data-element_type=\"container\" data-e-type=\"container\">\n\t\t\t\t<div class=\"elementor-element elementor-element-88403e9 elementor-widget elementor-widget-heading\" data-id=\"88403e9\" data-element_type=\"widget\" data-e-type=\"widget\" data-widget_type=\"heading.default\">\n\t\t\t\t<div class=\"elementor-widget-container\">\n\t\t\t\t\t<h2 class=\"elementor-heading-title elementor-size-default\">Destinations populaires<\/h2>\t\t\t\t<\/div>\n\t\t\t\t<\/div>\n\t\t\t\t<div class=\"elementor-element elementor-element-b80b4eb elementor-widget elementor-widget-text-editor\" data-id=\"b80b4eb\" data-element_type=\"widget\" data-e-type=\"widget\" data-widget_type=\"text-editor.default\">\n\t\t\t\t<div class=\"elementor-widget-container\">\n\t\t\t\t\t\t\t\t\t<p>Gr\u00e2ce \u00e0 notre service de location de bus \u00e0 Colmar, acc\u00e9dez facilement \u00e0 de nombreuses destinations :<\/p>\n<p><strong>Excursions \u00e0 la journ\u00e9e<\/strong><\/p>\n<ul>\n<li>Colmar \u2192 Riquewihr, Eguisheim ou Kaysersberg, villages embl\u00e9matiques d\u2019Alsace<\/li>\n<li>Colmar \u2192 Haut-Koenigsbourg, pour une immersion dans l\u2019histoire m\u00e9di\u00e9vale<\/li>\n<\/ul>\n<p>\u00a0<\/p>\n<p><strong>Week-ends en groupe<\/strong><\/p>\n<ul>\n<li>Colmar \u2192 Strasbourg, capitale europ\u00e9enne et culturelle<\/li>\n<li>Colmar \u2192 B\u00e2le ou Freiburg, pour une escapade transfrontali\u00e8re<\/li>\n<\/ul>\n<p>\u00a0<\/p>\n<p><strong>Circuits th\u00e9matiques<\/strong><\/p>\n<ul>\n<li>\u0152notourisme : Route des Vins d\u2019Alsace<\/li>\n<li>Patrimoine : villages alsaciens et ch\u00e2teaux m\u00e9di\u00e9vaux<\/li>\n<li>March\u00e9s de No\u00ebl : Colmar, Kaysersberg, Riquewihr, Strasbourg<\/li>\n<\/ul>\n<p>\u00a0<\/p>\n<p><a href=\"https:\/\/francebus.com\/location-autocar-a-colmar\/\" target=\"_blank\" rel=\"noopener\"><span style=\"font-size: 14pt;\">\ud83d\udc49 D\u00e9couvrir Colmar en groupe gr\u00e2ce \u00e0 Francebus.<\/span><\/a>\u00a0<\/p>\t\t\t\t\t\t\t\t<\/div>\n\t\t\t\t<\/div>\n\t\t\t\t<\/div>\n\t\t<div class=\"elementor-element elementor-element-418450e e-con-full e-flex e-con e-child\" data-id=\"418450e\" data-element_type=\"container\" data-e-type=\"container\">\n\t\t\t\t<div class=\"elementor-element elementor-element-6179af3 elementor-widget elementor-widget-heading\" data-id=\"6179af3\" data-element_type=\"widget\" data-e-type=\"widget\" data-widget_type=\"heading.default\">\n\t\t\t\t<div class=\"elementor-widget-container\">\n\t\t\t\t\t<h2 class=\"elementor-heading-title elementor-size-default\">Points de d\u00e9parts \u00e0 Colmar<\/h2>\t\t\t\t<\/div>\n\t\t\t\t<\/div>\n\t\t\t\t<div class=\"elementor-element elementor-element-2d87821 elementor-widget elementor-widget-text-editor\" data-id=\"2d87821\" data-element_type=\"widget\" data-e-type=\"widget\" data-widget_type=\"text-editor.default\">\n\t\t\t\t<div class=\"elementor-widget-container\">\n\t\t\t\t\t\t\t\t\t<p>Nos autocars et minibus peuvent vous prendre en charge depuis :<\/p>\n<ul>\n<li>la gare SNCF de Colmar,<\/li>\n<li>les h\u00f4tels du centre-ville et de la p\u00e9riph\u00e9rie,<\/li>\n<li>les \u00e9tablissements scolaires et universitaires,<\/li>\n<li>les zones d\u2019activit\u00e9s et sites professionnels,<\/li>\n<li>les lieux touristiques et \u00e9v\u00e9nementiels.<\/li>\n<\/ul>\n<p>\u00a0<\/p>\n<p>Nos \u00e9quipes logistiques vous accompagnent pour d\u00e9finir des points de rendez-vous adapt\u00e9s et optimiser vos itin\u00e9raires.<\/p>\t\t\t\t\t\t\t\t<\/div>\n\t\t\t\t<\/div>\n\t\t\t\t<\/div>\n\t\t<div class=\"elementor-element elementor-element-26570cd e-con-full e-flex e-con e-child\" data-id=\"26570cd\" data-element_type=\"container\" data-e-type=\"container\">\n\t\t<div class=\"elementor-element elementor-element-8d6e0b0 e-con-full e-flex e-con e-child\" data-id=\"8d6e0b0\" data-element_type=\"container\" data-e-type=\"container\">\n\t\t\t\t<div class=\"elementor-element elementor-element-0725cd5 elementor-widget elementor-widget-heading\" data-id=\"0725cd5\" data-element_type=\"widget\" data-e-type=\"widget\" data-widget_type=\"heading.default\">\n\t\t\t\t<div class=\"elementor-widget-container\">\n\t\t\t\t\t<h2 class=\"elementor-heading-title elementor-size-default\">Prix d'une location de bus \u00e0 Colmar<\/h2>\t\t\t\t<\/div>\n\t\t\t\t<\/div>\n\t\t\t\t<\/div>\n\t\t\t\t<div class=\"elementor-element elementor-element-4087799 elementor-widget elementor-widget-text-editor\" data-id=\"4087799\" data-element_type=\"widget\" data-e-type=\"widget\" data-widget_type=\"text-editor.default\">\n\t\t\t\t<div class=\"elementor-widget-container\">\n\t\t\t\t\t\t\t\t\t<ul class=\"wp-block-list\"><\/ul>\n<p><br \/><\/p>\n<p>Les tarifs de\u00a0<strong>location de bus \u00e0 Colmar <\/strong>varient selon plusieurs crit\u00e8res : distance, dur\u00e9e, horaires, type de v\u00e9hicule, services \u00e0 bord, etc. Voici quelques exemples :<\/p>\n<p>Quelques exemples de tarifs <strong>pour louer un autocar ou pour louer un minibus sur en Alsace,<\/strong> prix non contractuels.<\/p>\n<p>Nous contacter pour <strong>demander votre <a href=\"https:\/\/francebus.com\/devis\/\" target=\"_blank\" rel=\"noopener\">devis gratuit en ligne pour votre transport de groupe et location d&rsquo;autocar<\/a>.<\/strong><\/p>\n<p><!-- WRAPPER RESPONSIVE --><\/p>\n<div style=\"width: 100%; overflow-x: auto; -webkit-overflow-scrolling: touch;\">\n<p><!-- Tableau Francebus \u2013 Transferts vers Avignon --><\/p>\n<p><!-- Marseille A\u00e9roport -> Avignon --><\/p>\n<p><!-- Hy\u00e8res -> Avignon --><\/p>\n<p><!-- Toulon -> Avignon --><\/p>\n<p><!-- Avignon local --><\/p>\n<p><!-- Nice A\u00e9roport -> Avignon --><\/p>\n<table class=\"fb-table\" style=\"width: 98%; border-collapse: collapse; font-family: system-ui,-apple-system,Segoe UI,Roboto,Ubuntu,'Helvetica Neue',Arial; font-size: 15px;\"><caption style=\"caption-side: top; text-align: left; color: #0a2e6e; font-weight: bold; font-size: 20px; padding: 8px 0 12px;\">France Bus Tarifs \u2014 Transferts r\u00e9gionaux (distances &amp; estimations tarifaires)<\/caption>\n<thead style=\"background-color: #eef2ff;\">\n<tr style=\"color: #0a2e6e; font-weight: 600;\">\n<th style=\"border: 1px solid #e5e7eb; padding: 10px; text-align: left; width: 13.3333%;\">Point de d\u00e9part<\/th>\n<th style=\"border: 1px solid #e5e7eb; padding: 10px; text-align: left; width: 13.6667%;\">Point d\u2019arriv\u00e9e<\/th>\n<th style=\"border: 1px solid #e5e7eb; padding: 10px; text-align: right; white-space: nowrap; width: 19.6667%;\">Distance (km)<\/th>\n<th style=\"border: 1px solid #e5e7eb; padding: 10px; text-align: left; width: 14.3333%;\">Itin\u00e9raire Google Maps<\/th>\n<th style=\"border: 1px solid #e5e7eb; padding: 10px; text-align: right; width: 13%;\">Minivan 7 places<\/th>\n<th style=\"border: 1px solid #e5e7eb; padding: 10px; text-align: right; width: 13%;\">Minibus 19 places<\/th>\n<th style=\"border: 1px solid #e5e7eb; padding: 10px; text-align: right; width: 12.8333%;\">Autocar 50 places<\/th>\n<\/tr>\n<\/thead>\n<tbody>\n<tr>\n<td style=\"border: 1px solid #f1f5f9; padding: 10px; width: 13.3333%;\">Colmar<\/td>\n<td style=\"border: 1px solid #f1f5f9; padding: 10px; width: 13.6667%;\">A\u00e9roport B\u00e2le-Mulhouse<\/td>\n<td style=\"border: 1px solid #f1f5f9; padding: 10px; text-align: right; width: 19.6667%;\">57 kms<\/td>\n<td style=\"border: 1px solid #f1f5f9; padding: 10px; width: 14.3333%;\"><a href=\"https:\/\/www.google.com\/maps\/dir\/Colmar,+France\/EuroAirport+Basel-Mulhouse-Freiburg,+Route+Douani\u00e8re,+Saint-Louis,+France\/data=!4m14!4m13!1m5!1m1!19sChIJz8Fw9t9lkUcRZulsYT5-XeM!2m2!1d7.3546052!2d48.080318299999995!1m5!1m1!19sChIJQ3OaSAO8kUcRVCoHgGyXib8!2m2!1d7.5258959999999995!2d47.597281599999995!3e0\" target=\"_blank\" rel=\"noopener\">Colmar \u2194 A\u00e9roport B\u00e2le-Mulhouse<\/a><\/td>\n<td style=\"border: 1px solid #f1f5f9; padding: 10px; text-align: right; width: 13%;\">D\u00e9s 160 \u20ac<\/td>\n<td style=\"border: 1px solid #f1f5f9; padding: 10px; text-align: right; width: 13%;\">D\u00e9s 250 \u20ac<\/td>\n<td style=\"border: 1px solid #f1f5f9; padding: 10px; text-align: right; width: 12.8333%;\">D\u00e9s 420 \u20ac<\/td>\n<\/tr>\n<tr style=\"background: #fcfcfd;\">\n<td style=\"border: 1px solid #f1f5f9; padding: 10px; width: 13.3333%;\">Colmar<\/td>\n<td style=\"border: 1px solid #f1f5f9; padding: 10px; width: 13.6667%;\">Strasbourg (centre \/ Gare)<\/td>\n<td style=\"border: 1px solid #f1f5f9; padding: 10px; text-align: right; width: 19.6667%;\">73 kms<\/td>\n<td style=\"border: 1px solid #f1f5f9; padding: 10px; width: 14.3333%;\"><a href=\"https:\/\/www.google.com\/maps\/dir\/Colmar,+France\/Strasbourg,+France\/data=!4m14!4m13!1m5!1m1!19sChIJz8Fw9t9lkUcRZulsYT5-XeM!2m2!1d7.3546052!2d48.080318299999995!1m5!1m1!19sChIJwbIYXknIlkcRHyTnGDFIGpc!2m2!1d7.7521112999999993!2d48.5734053!3e0\" target=\"_blank\" rel=\"noopener\">Colmar \u2194 Strasbourg (Centre\/Gare)<\/a><\/td>\n<td style=\"border: 1px solid #f1f5f9; padding: 10px; text-align: right; width: 13%;\">D\u00e9s 190 \u20ac<\/td>\n<td style=\"border: 1px solid #f1f5f9; padding: 10px; text-align: right; width: 13%;\">D\u00e9s 320 \u20ac<\/td>\n<td style=\"border: 1px solid #f1f5f9; padding: 10px; text-align: right; width: 12.8333%;\">D\u00e9s 550 \u20ac<\/td>\n<\/tr>\n<tr>\n<td style=\"border: 1px solid #f1f5f9; padding: 10px; width: 13.3333%;\">Colmar<\/td>\n<td style=\"border: 1px solid #f1f5f9; padding: 10px; width: 13.6667%;\">Europa Park (Rust Allemagne)<\/td>\n<td style=\"border: 1px solid #f1f5f9; padding: 10px; text-align: right; width: 19.6667%;\">45 kms<\/td>\n<td style=\"border: 1px solid #f1f5f9; padding: 10px; width: 14.3333%;\"><a href=\"https:\/\/www.google.com\/maps\/dir\/Colmar,+France\/Europa-Park,+Europa-Park-Stra\u00dfe+2,+Rust,+Germany\/data=!4m14!4m13!1m5!1m1!19sChIJz8Fw9t9lkUcRZulsYT5-XeM!2m2!1d7.3546052!2d48.080318299999995!1m5!1m1!19sChIJ2V7jMoc5kUcRoK3y_wQ0txQ!2m2!1d7.7220075999999995!2d48.2660194!3e0\" target=\"_blank\" rel=\"noopener\">Colmar \u2194 Europa-Park (Rust)<\/a><\/td>\n<td style=\"border: 1px solid #f1f5f9; padding: 10px; text-align: right; width: 13%;\">D\u00e9s 170 \u20ac<\/td>\n<td style=\"border: 1px solid #f1f5f9; padding: 10px; text-align: right; width: 13%;\">D\u00e9s 290 \u20ac<\/td>\n<td style=\"border: 1px solid #f1f5f9; padding: 10px; text-align: right; width: 12.8333%;\">D\u00e9s 520 \u20ac<\/td>\n<\/tr>\n<tr style=\"background: #fcfcfd;\">\n<td style=\"border: 1px solid #f1f5f9; padding: 10px; width: 13.3333%;\">Colmar<\/td>\n<td style=\"border: 1px solid #f1f5f9; padding: 10px; width: 13.6667%;\">Fribourg-en-Brisgau<\/td>\n<td style=\"border: 1px solid #f1f5f9; padding: 10px; text-align: right; width: 19.6667%;\">52 kms<\/td>\n<td style=\"border: 1px solid #f1f5f9; padding: 10px; width: 14.3333%;\"><a href=\"https:\/\/www.google.com\/maps\/dir\/Colmar,+France\/Freiburg+im+Breisgau,+Germany\/data=!4m14!4m13!1m5!1m1!19sChIJz8Fw9t9lkUcRZulsYT5-XeM!2m2!1d7.3546052!2d48.080318299999995!1m5!1m1!19sChIJZdYLViYbkUcRsFffpbdrHwQ!2m2!1d7.8421043!2d47.9990077!3e0\" target=\"_blank\" rel=\"noopener\">Colmar \u2194 Fribourg-en-Brisgau<\/a><\/td>\n<td style=\"border: 1px solid #f1f5f9; padding: 10px; text-align: right; width: 13%;\">D\u00e9s 180 \u20ac<\/td>\n<td style=\"border: 1px solid #f1f5f9; padding: 10px; text-align: right; width: 13%;\">D\u00e9s 310 \u20ac<\/td>\n<td style=\"border: 1px solid #f1f5f9; padding: 10px; text-align: right; width: 12.8333%;\">D\u00e9s 540 \u20ac<\/td>\n<\/tr>\n<tr>\n<td style=\"border: 1px solid #f1f5f9; padding: 10px; width: 13.3333%;\">Colmar<\/td>\n<td style=\"border: 1px solid #f1f5f9; padding: 10px; width: 13.6667%;\">A\u00e9roport Karlruhe Baden-Baden (FKB)<\/td>\n<td style=\"border: 1px solid #f1f5f9; padding: 10px; text-align: right; width: 19.6667%;\">108 kms<\/td>\n<td style=\"border: 1px solid #f1f5f9; padding: 10px; width: 14.3333%;\"><a href=\"https:\/\/www.google.com\/search?q=https:\/\/www.google.com\/maps\/dir\/Colmar\/Flughafen%2BKarlsruhe%2BBaden-Baden\" target=\"_blank\" rel=\"noopener\">Colmar \u2194 A\u00e9roport Karlsruhe\/Baden-Baden (FKB)<\/a><\/td>\n<td style=\"border: 1px solid #f1f5f9; padding: 10px; text-align: right; width: 13%;\">D\u00e9s 260 \u20ac<\/td>\n<td style=\"border: 1px solid #f1f5f9; padding: 10px; text-align: right; width: 13%;\">D\u00e9s 390 \u20ac<\/td>\n<td style=\"border: 1px solid #f1f5f9; padding: 10px; text-align: right; width: 12.8333%;\">D\u00e9s 650 \u20ac<\/td>\n<\/tr>\n<\/tbody>\n<\/table>\n<\/div>\t\t\t\t\t\t\t\t<\/div>\n\t\t\t\t<\/div>\n\t\t\t\t<div class=\"elementor-element elementor-element-2c54ded elementor-widget elementor-widget-template\" data-id=\"2c54ded\" data-element_type=\"widget\" data-e-type=\"widget\" data-widget_type=\"template.default\">\n\t\t\t\t<div class=\"elementor-widget-container\">\n\t\t\t\t\t\t\t<div class=\"elementor-template\">\n\t\t\t\t\t<div data-elementor-type=\"section\" data-elementor-id=\"843\" class=\"elementor elementor-843\" data-elementor-post-type=\"elementor_library\">\n\t\t\t<div class=\"elementor-element elementor-element-69f7b78 e-flex e-con-boxed e-con e-parent\" data-id=\"69f7b78\" data-element_type=\"container\" data-e-type=\"container\">\n\t\t\t\t\t<div class=\"e-con-inner\">\n\t\t<div class=\"elementor-element elementor-element-6f8e15b e-con-full e-flex e-con e-child\" data-id=\"6f8e15b\" data-element_type=\"container\" data-e-type=\"container\">\n\t\t<div class=\"elementor-element elementor-element-a31a6d4 e-con-full e-flex e-con e-child\" data-id=\"a31a6d4\" data-element_type=\"container\" data-e-type=\"container\">\n\t\t<div class=\"elementor-element elementor-element-dfc4a42 e-con-full e-flex e-con e-child\" data-id=\"dfc4a42\" data-element_type=\"container\" data-e-type=\"container\" data-settings=\"{&quot;background_background&quot;:&quot;classic&quot;}\">\n\t\t\t\t<div class=\"elementor-element elementor-element-e1490c9 elementor-widget elementor-widget-heading\" data-id=\"e1490c9\" data-element_type=\"widget\" data-e-type=\"widget\" data-widget_type=\"heading.default\">\n\t\t\t\t<div class=\"elementor-widget-container\">\n\t\t\t\t\t<h2 class=\"elementor-heading-title elementor-size-default\">R\u00e9server maintenant<\/h2>\t\t\t\t<\/div>\n\t\t\t\t<\/div>\n\t\t\t\t<div class=\"elementor-element elementor-element-5bfa02e elementor-view-stacked elementor-shape-square elementor-position-inline-start elementor-mobile-position-inline-start elementor-widget elementor-widget-icon-box\" data-id=\"5bfa02e\" data-element_type=\"widget\" data-e-type=\"widget\" data-widget_type=\"icon-box.default\">\n\t\t\t\t<div class=\"elementor-widget-container\">\n\t\t\t\t\t\t\t<div class=\"elementor-icon-box-wrapper\">\n\n\t\t\t\t\t\t<div class=\"elementor-icon-box-icon\">\n\t\t\t\t<span  class=\"elementor-icon\">\n\t\t\t\t<i aria-hidden=\"true\" class=\"icon icon-phone-call1\"><\/i>\t\t\t\t<\/span>\n\t\t\t<\/div>\n\t\t\t\n\t\t\t\t\t\t<div class=\"elementor-icon-box-content\">\n\n\t\t\t\t\t\t\t\t\t<h3 class=\"elementor-icon-box-title\">\n\t\t\t\t\t\t<span  >\n\t\t\t\t\t\t\tDevis gratuit et rapide\t\t\t\t\t\t<\/span>\n\t\t\t\t\t<\/h3>\n\t\t\t\t\n\t\t\t\t\t\t\t\t\t<p class=\"elementor-icon-box-description\">\n\t\t\t\t\t\t+33(0)9 72 56 72 89\t\t\t\t\t<\/p>\n\t\t\t\t\n\t\t\t<\/div>\n\t\t\t\n\t\t<\/div>\n\t\t\t\t\t\t<\/div>\n\t\t\t\t<\/div>\n\t\t\t\t<\/div>\n\t\t<div class=\"elementor-element elementor-element-ef58df7 e-con-full e-flex e-con e-child\" data-id=\"ef58df7\" data-element_type=\"container\" data-e-type=\"container\" data-settings=\"{&quot;background_background&quot;:&quot;classic&quot;}\">\n\t\t\t\t<div class=\"elementor-element elementor-element-5003474 elementor-widget elementor-widget-heading\" data-id=\"5003474\" data-element_type=\"widget\" data-e-type=\"widget\" data-widget_type=\"heading.default\">\n\t\t\t\t<div class=\"elementor-widget-container\">\n\t\t\t\t\t<h3 class=\"elementor-heading-title elementor-size-default\">DEVIS EN LIGNE<\/h3>\t\t\t\t<\/div>\n\t\t\t\t<\/div>\n\t\t\t\t<div class=\"elementor-element elementor-element-04c8f10 elementor-widget elementor-widget-jet-form-builder-form\" data-id=\"04c8f10\" data-element_type=\"widget\" data-e-type=\"widget\" id=\"form-booking-home-page\" data-widget_type=\"jet-form-builder-form.default\">\n\t\t\t\t<div class=\"elementor-widget-container\">\n\t\t\t\t\t<link rel='stylesheet' id='wp-block-library-css' href='https:\/\/francebus.com\/wp-includes\/css\/dist\/block-library\/style.min.css' media='all' \/>\n<style id=\"jet-form-builder-861-inline-css\"><\/style><form  class=\"jet-form-builder layout-column submit-type-reload\" action=\"https:\/\/francebus.com\/en\/wp-json\/wp\/v2\/pages\/7468\/?CWNU8O=ivHR8pc5vR&amp;method=reload\" method=\"POST\" data-form-id=\"861\" data-layout=\"column\" enctype=\"multipart\/form-data\" novalidate=\"null\" ssr_validation_method=\"rest\">\r\n<input type=\"hidden\" name=\"_jfb_current_render_states[]\" value=\"DEFAULT.STATE\" data-jfb-sync \/><input type=\"hidden\" class=\"jet-form-builder__field hidden-field\" name=\"_jet_engine_booking_form_id\" data-field-name=\"_jet_engine_booking_form_id\" value=\"861\">\n<input type=\"hidden\" class=\"jet-form-builder__field hidden-field\" name=\"_jet_engine_refer\" data-field-name=\"_jet_engine_refer\" value=\"https:\/\/francebus.com\/en\/wp-json\/wp\/v2\/pages\/7468\/\">\n<input type=\"hidden\" class=\"jet-form-builder__field hidden-field\" name=\"__queried_post_id\" data-field-name=\"__queried_post_id\" value=\"7468\">\n<input type=\"hidden\" class=\"jet-form-builder__field hidden-field\" name=\"_user_journey\" data-field-name=\"_user_journey\">\n\n<div class=\"wp-block-columns is-layout-flex wp-container-core-columns-is-layout-28f84493 wp-block-columns-is-layout-flex\">\n<div class=\"wp-block-column is-layout-flow wp-block-column-is-layout-flow\"><div  data-validation-type=\"advanced\" class=\"jet-form-builder-row field-type-text-field\" >\n<div class=\"jet-form-builder__label\">\r\n<div class=\"jet-form-builder__label-text\">De<\/div><\/div><div class=\"jet-form-builder__field-wrap\">\n\t\t\t\t<input name=\"departure_address\" id=\"departure_address\" type=\"text\" data-field-name=\"departure_address\" class=\"jet-form-builder__field text-field\" data-jfb-sync=\"null\" autocomplete=\"off_v1SbCTWh\">\n\t\t\t\t\t<\/div>\n<\/div><\/div>\n\n\n\n<div class=\"wp-block-column is-layout-flow wp-block-column-is-layout-flow\"><div  class=\"jet-form-builder-row field-type-text-field\" >\n<div class=\"jet-form-builder__label\">\r\n<div class=\"jet-form-builder__label-text\">Destination<\/div><\/div><div class=\"jet-form-builder__field-wrap\">\n\t\t\t\t<input name=\"destination_address\" id=\"destination_address\" type=\"text\" data-field-name=\"destination_address\" class=\"jet-form-builder__field text-field\" data-jfb-sync=\"null\" autocomplete=\"off_jQ0keU4w\">\n\t\t\t\t\t<\/div>\n<\/div><\/div>\n\n\n\n<div class=\"wp-block-column is-layout-flow wp-block-column-is-layout-flow\"><div  data-validation-type=\"advanced\" class=\"jet-form-builder-row field-type-datetime-field\" >\n<div class=\"jet-form-builder__label\">\r\n<div class=\"jet-form-builder__label-text\">Date et temps de d\u00e9part<\/div><\/div><input class=\"jet-form-builder__field datetime-field\" name=\"departure_date\" type=\"datetime-local\" data-field-name=\"departure_date\" id=\"departure_date\" data-jfb-sync=\"null\">\n<\/div><\/div>\n<\/div>\n\n\n\n<div class=\"wp-block-columns is-layout-flex wp-container-core-columns-is-layout-28f84493 wp-block-columns-is-layout-flex\">\n<div class=\"wp-block-column is-layout-flow wp-block-column-is-layout-flow\"><div  class=\"jet-form-builder-row field-type-select-field wp-block-jet-forms-select-field\">\n<div class=\"jet-form-builder__label\">\r\n<div class=\"jet-form-builder__label-text\">Type de v\u00e9hicule<\/div><\/div><div class=\"jet-form-builder__field-wrap\">\n\t<select class=\"jet-form-builder__field select-field\" name=\"type_of_transport\" data-field-name=\"type_of_transport\" id=\"type_of_transport\" data-jfb-sync=\"null\">\n\t\t<option value=\"0\" >Select transport type<\/option><option value=\"Berline < 3 places\" >Berline < 3 places<\/option><option value=\"Minivan < 7 places\" >Minivan < 7 places<\/option><option value=\"Minibus < 19 places\" >Minibus < 19 places<\/option><option value=\"Minibus < 25\/35 places\" >Minibus < 25\/35 places<\/option><option value=\"Autocar > 50 places\" >Autocar > 50 places<\/option>\t<\/select>\n<\/div>\n<\/div><\/div>\n\n\n\n<div class=\"wp-block-column is-layout-flow wp-block-column-is-layout-flow\"><div  class=\"jet-form-builder-row field-type-number-field\" >\n<div class=\"jet-form-builder__label\">\r\n<div class=\"jet-form-builder__label-text\">Nombre de passagers<\/div><\/div><div class=\"jet-form-builder__field-wrap\">\n\t\t<input type=\"number\" class=\"jet-form-builder__field text-field\" name=\"passengers\" data-field-name=\"passengers\" id=\"passengers\" data-jfb-sync=\"null\">\n\t<\/div>\n<\/div><\/div>\n\n\n\n<div class=\"wp-block-column is-vertically-aligned-bottom is-layout-flow wp-block-column-is-layout-flow\"><input type=\"hidden\" class=\"captcha-token\" name=\"_captcha_token\" value=\"\"\/><div  class=\"jet-form-builder-row field-type-submit-field\" >\n\t<div data-type=\"submit\" class=\"jet-form-builder__action-button-wrapper jet-form-builder__submit-wrap\">\n\t<button class=\"jet-form-builder__action-button button-book-homepage jet-form-builder__submit submit-type-reload\" type=\"submit\">LOUER VOTRE BUS<\/button>\n\t<\/div>\n\t\n<\/div><\/div>\n<\/div>\n\t<div class=\"jet-form-builder-messages-wrap\" data-form-id=\"861\"><\/div>\n<\/form>\n\t\t\t\t<\/div>\n\t\t\t\t<\/div>\n\t\t\t\t<\/div>\n\t\t\t\t<\/div>\n\t\t\t\t<\/div>\n\t\t\t\t\t<\/div>\n\t\t\t\t<\/div>\n\t\t<div class=\"elementor-element elementor-element-e7e5369 e-flex e-con-boxed e-con e-parent\" data-id=\"e7e5369\" data-element_type=\"container\" data-e-type=\"container\">\n\t\t\t\t\t<div class=\"e-con-inner\">\n\t\t\t\t\t<\/div>\n\t\t\t\t<\/div>\n\t\t\t\t<\/div>\n\t\t\t\t<\/div>\n\t\t\t\t\t\t<\/div>\n\t\t\t\t<\/div>\n\t\t\t\t<\/div>\n\t\t\t\t<\/div>\n\t\t\t\t\t<\/div>\n\t\t\t\t<\/div>\n\t\t<div class=\"elementor-element elementor-element-5faae0e e-flex e-con-boxed e-con e-parent\" data-id=\"5faae0e\" data-element_type=\"container\" data-e-type=\"container\" data-settings=\"{&quot;background_background&quot;:&quot;classic&quot;}\">\n\t\t\t\t\t<div class=\"e-con-inner\">\n\t\t<div class=\"elementor-element elementor-element-dfb9cce e-con-full e-flex e-con e-child\" data-id=\"dfb9cce\" data-element_type=\"container\" data-e-type=\"container\">\n\t\t\t\t<div class=\"elementor-element elementor-element-dca536b elementor-widget elementor-widget-heading\" data-id=\"dca536b\" data-element_type=\"widget\" data-e-type=\"widget\" data-widget_type=\"heading.default\">\n\t\t\t\t<div class=\"elementor-widget-container\">\n\t\t\t\t\t<h2 class=\"elementor-heading-title elementor-size-default\">Questions Fr\u00e9quentes<\/h2>\t\t\t\t<\/div>\n\t\t\t\t<\/div>\n\t\t\t\t<div class=\"elementor-element elementor-element-ed824fd elementor-widget elementor-widget-n-accordion\" data-id=\"ed824fd\" data-element_type=\"widget\" data-e-type=\"widget\" data-settings=\"{&quot;default_state&quot;:&quot;all_collapsed&quot;,&quot;max_items_expended&quot;:&quot;one&quot;,&quot;n_accordion_animation_duration&quot;:{&quot;unit&quot;:&quot;ms&quot;,&quot;size&quot;:400,&quot;sizes&quot;:[]}}\" data-widget_type=\"nested-accordion.default\">\n\t\t\t\t<div class=\"elementor-widget-container\">\n\t\t\t\t\t\t\t<div class=\"e-n-accordion\" aria-label=\"Accordion. Open links with Enter or Space, close with Escape, and navigate with Arrow Keys\">\n\t\t\t\t\t\t<details id=\"e-n-accordion-item-2490\" class=\"e-n-accordion-item\" >\n\t\t\t\t<summary class=\"e-n-accordion-item-title\" data-accordion-index=\"1\" tabindex=\"0\" aria-expanded=\"false\" aria-controls=\"e-n-accordion-item-2490\" >\n\t\t\t\t\t<span class='e-n-accordion-item-title-header'><div class=\"e-n-accordion-item-title-text\"> Quel est le prix d\u2019une location de bus \u00e0 Colmar ? <\/div><\/span>\n\t\t\t\t\t\t\t<span class='e-n-accordion-item-title-icon'>\n\t\t\t<span class='e-opened' ><i aria-hidden=\"true\" class=\" ti-arrow-top-right\"><\/i><\/span>\n\t\t\t<span class='e-closed'><i aria-hidden=\"true\" class=\" arrow_left-down\"><\/i><\/span>\n\t\t<\/span>\n\n\t\t\t\t\t\t<\/summary>\n\t\t\t\t<div role=\"region\" aria-labelledby=\"e-n-accordion-item-2490\" class=\"elementor-element elementor-element-e3bcf5a e-con-full e-flex e-con e-child\" data-id=\"e3bcf5a\" data-element_type=\"container\" data-e-type=\"container\">\n\t\t\t\t<div class=\"elementor-element elementor-element-20a4145 elementor-widget elementor-widget-text-editor\" data-id=\"20a4145\" data-element_type=\"widget\" data-e-type=\"widget\" data-widget_type=\"text-editor.default\">\n\t\t\t\t<div class=\"elementor-widget-container\">\n\t\t\t\t\t\t\t\t\t<p data-pm-slice=\"1 1 []\">Tout d\u00e9pend du trajet, du nombre de personnes et du type de v\u00e9hicule. Pour plus d&rsquo;informations sur la construction de nos tarifs, <a href=\"https:\/\/francebus.com\/faq\/\">consultez notre FAQ compl\u00e8te !<\/a><\/p>\t\t\t\t\t\t\t\t<\/div>\n\t\t\t\t<\/div>\n\t\t\t\t<\/div>\n\t\t\t\t\t<\/details>\n\t\t\t\t\t\t<details id=\"e-n-accordion-item-2491\" class=\"e-n-accordion-item\" >\n\t\t\t\t<summary class=\"e-n-accordion-item-title\" data-accordion-index=\"2\" tabindex=\"-1\" aria-expanded=\"false\" aria-controls=\"e-n-accordion-item-2491\" >\n\t\t\t\t\t<span class='e-n-accordion-item-title-header'><div class=\"e-n-accordion-item-title-text\"> Combien de temps \u00e0 l\u2019avance faut-il r\u00e9server votre location de bus \u00e0 Colmar ? <\/div><\/span>\n\t\t\t\t\t\t\t<span class='e-n-accordion-item-title-icon'>\n\t\t\t<span class='e-opened' ><i aria-hidden=\"true\" class=\" ti-arrow-top-right\"><\/i><\/span>\n\t\t\t<span class='e-closed'><i aria-hidden=\"true\" class=\" arrow_left-down\"><\/i><\/span>\n\t\t<\/span>\n\n\t\t\t\t\t\t<\/summary>\n\t\t\t\t<div role=\"region\" aria-labelledby=\"e-n-accordion-item-2491\" class=\"elementor-element elementor-element-800a608 e-con-full e-flex e-con e-child\" data-id=\"800a608\" data-element_type=\"container\" data-e-type=\"container\">\n\t\t\t\t<div class=\"elementor-element elementor-element-82a7ca4 elementor-widget elementor-widget-text-editor\" data-id=\"82a7ca4\" data-element_type=\"widget\" data-e-type=\"widget\" data-widget_type=\"text-editor.default\">\n\t\t\t\t<div class=\"elementor-widget-container\">\n\t\t\t\t\t\t\t\t\t<p>Il est recommand\u00e9 de r\u00e9server le plus t\u00f4t possible, notamment en p\u00e9riode de forte demande (march\u00e9s de No\u00ebl, salons professionnels, \u00e9v\u00e9nements institutionnels). Toutefois, France Bus peut \u00e9galement r\u00e9pondre \u00e0 des demandes de derni\u00e8re minute, sous r\u00e9serve de disponibilit\u00e9 des v\u00e9hicules.<\/p>\t\t\t\t\t\t\t\t<\/div>\n\t\t\t\t<\/div>\n\t\t\t\t<\/div>\n\t\t\t\t\t<\/details>\n\t\t\t\t\t\t<details id=\"e-n-accordion-item-2492\" class=\"e-n-accordion-item\" >\n\t\t\t\t<summary class=\"e-n-accordion-item-title\" data-accordion-index=\"3\" tabindex=\"-1\" aria-expanded=\"false\" aria-controls=\"e-n-accordion-item-2492\" >\n\t\t\t\t\t<span class='e-n-accordion-item-title-header'><div class=\"e-n-accordion-item-title-text\"> Peut-on organiser des excursions sur la Route des Vins depuis Colmar ? <\/div><\/span>\n\t\t\t\t\t\t\t<span class='e-n-accordion-item-title-icon'>\n\t\t\t<span class='e-opened' ><i aria-hidden=\"true\" class=\" ti-arrow-top-right\"><\/i><\/span>\n\t\t\t<span class='e-closed'><i aria-hidden=\"true\" class=\" arrow_left-down\"><\/i><\/span>\n\t\t<\/span>\n\n\t\t\t\t\t\t<\/summary>\n\t\t\t\t<div role=\"region\" aria-labelledby=\"e-n-accordion-item-2492\" class=\"elementor-element elementor-element-fca1b1f e-con-full e-flex e-con e-child\" data-id=\"fca1b1f\" data-element_type=\"container\" data-e-type=\"container\">\n\t\t\t\t<div class=\"elementor-element elementor-element-f3df271 elementor-widget elementor-widget-text-editor\" data-id=\"f3df271\" data-element_type=\"widget\" data-e-type=\"widget\" data-widget_type=\"text-editor.default\">\n\t\t\t\t<div class=\"elementor-widget-container\">\n\t\t\t\t\t\t\t\t\t<p>Oui, Colmar est un point de d\u00e9part id\u00e9al pour des excursions vers les domaines viticoles et villages typiques de la Route des Vins d\u2019Alsace, avec des circuits adapt\u00e9s aux groupes.<\/p>\t\t\t\t\t\t\t\t<\/div>\n\t\t\t\t<\/div>\n\t\t\t\t<\/div>\n\t\t\t\t\t<\/details>\n\t\t\t\t\t\t<details id=\"e-n-accordion-item-2493\" class=\"e-n-accordion-item\" >\n\t\t\t\t<summary class=\"e-n-accordion-item-title\" data-accordion-index=\"4\" tabindex=\"-1\" aria-expanded=\"false\" aria-controls=\"e-n-accordion-item-2493\" >\n\t\t\t\t\t<span class='e-n-accordion-item-title-header'><div class=\"e-n-accordion-item-title-text\"> Que voir ou visiter \u00e0 Colmar ? <\/div><\/span>\n\t\t\t\t\t\t\t<span class='e-n-accordion-item-title-icon'>\n\t\t\t<span class='e-opened' ><i aria-hidden=\"true\" class=\" ti-arrow-top-right\"><\/i><\/span>\n\t\t\t<span class='e-closed'><i aria-hidden=\"true\" class=\" arrow_left-down\"><\/i><\/span>\n\t\t<\/span>\n\n\t\t\t\t\t\t<\/summary>\n\t\t\t\t<div role=\"region\" aria-labelledby=\"e-n-accordion-item-2493\" class=\"elementor-element elementor-element-5360d82 e-con-full e-flex e-con e-child\" data-id=\"5360d82\" data-element_type=\"container\" data-e-type=\"container\">\n\t\t\t\t<div class=\"elementor-element elementor-element-6f5495d elementor-widget elementor-widget-text-editor\" data-id=\"6f5495d\" data-element_type=\"widget\" data-e-type=\"widget\" data-widget_type=\"text-editor.default\">\n\t\t\t\t<div class=\"elementor-widget-container\">\n\t\t\t\t\t\t\t\t\t<ul>\n<li><strong>Fl\u00e2ner dans le centre historique :<\/strong> d\u00e9couvrez la Petite Venise, les maisons \u00e0 colombages et les ruelles embl\u00e9matiques du c\u0153ur de Colmar.<\/li>\n<li><strong>Visiter des mus\u00e9es et lieux culturels :<\/strong> le mus\u00e9e Unterlinden, la Maison des T\u00eates ou le mus\u00e9e Bartholdi retracent l\u2019histoire et l\u2019art alsaciens.<\/li>\n<li><strong>Explorer la Route des Vins d\u2019Alsace :<\/strong> partez \u00e0 la d\u00e9couverte des villages viticoles et des domaines renomm\u00e9s autour de Colmar.<\/li>\n<li><strong>Profiter de la nature environnante :<\/strong> le massif des Vosges offre randonn\u00e9es, panoramas et escapades accessibles en bus.<\/li>\n<li><strong>Participer aux \u00e9v\u00e9nements locaux :<\/strong> march\u00e9s de No\u00ebl, f\u00eates viticoles et manifestations culturelles rythment l\u2019ann\u00e9e colmarienne.<\/li>\n<\/ul>\t\t\t\t\t\t\t\t<\/div>\n\t\t\t\t<\/div>\n\t\t\t\t<\/div>\n\t\t\t\t\t<\/details>\n\t\t\t\t\t<\/div>\n\t\t\t\t\t<script type=\"application\/ld+json\">{\"@context\":\"https:\\\/\\\/schema.org\",\"@type\":\"FAQPage\",\"mainEntity\":[{\"@type\":\"Question\",\"name\":\"Quel est le prix d\\u2019une location de bus \\u00e0 Colmar ?\",\"acceptedAnswer\":{\"@type\":\"Answer\",\"text\":\"Tout d\\u00e9pend du trajet, du nombre de personnes et du type de v\\u00e9hicule. Pour plus d&rsquo;informations sur la construction de nos tarifs, consultez notre FAQ compl\\u00e8te !\"}},{\"@type\":\"Question\",\"name\":\"Combien de temps \\u00e0 l\\u2019avance faut-il r\\u00e9server votre location de bus \\u00e0 Colmar ?\",\"acceptedAnswer\":{\"@type\":\"Answer\",\"text\":\"Il est recommand\\u00e9 de r\\u00e9server le plus t\\u00f4t possible, notamment en p\\u00e9riode de forte demande (march\\u00e9s de No\\u00ebl, salons professionnels, \\u00e9v\\u00e9nements institutionnels). Toutefois, France Bus peut \\u00e9galement r\\u00e9pondre \\u00e0 des demandes de derni\\u00e8re minute, sous r\\u00e9serve de disponibilit\\u00e9 des v\\u00e9hicules.\"}},{\"@type\":\"Question\",\"name\":\"Peut-on organiser des excursions sur la Route des Vins depuis Colmar ?\",\"acceptedAnswer\":{\"@type\":\"Answer\",\"text\":\"Oui, Colmar est un point de d\\u00e9part id\\u00e9al pour des excursions vers les domaines viticoles et villages typiques de la Route des Vins d\\u2019Alsace, avec des circuits adapt\\u00e9s aux groupes.\"}},{\"@type\":\"Question\",\"name\":\"Que voir ou visiter \\u00e0 Colmar ?\",\"acceptedAnswer\":{\"@type\":\"Answer\",\"text\":\"Fl\\u00e2ner dans le centre historique : d\\u00e9couvrez la Petite Venise, les maisons \\u00e0 colombages et les ruelles embl\\u00e9matiques du c\\u0153ur de Colmar.\\nVisiter des mus\\u00e9es et lieux culturels : le mus\\u00e9e Unterlinden, la Maison des T\\u00eates ou le mus\\u00e9e Bartholdi retracent l\\u2019histoire et l\\u2019art alsaciens.\\nExplorer la Route des Vins d\\u2019Alsace : partez \\u00e0 la d\\u00e9couverte des villages viticoles et des domaines renomm\\u00e9s autour de Colmar.\\nProfiter de la nature environnante : le massif des Vosges offre randonn\\u00e9es, panoramas et escapades accessibles en bus.\\nParticiper aux \\u00e9v\\u00e9nements locaux : march\\u00e9s de No\\u00ebl, f\\u00eates viticoles et manifestations culturelles rythment l\\u2019ann\\u00e9e colmarienne.\"}}]}<\/script>\n\t\t\t\t\t\t\t<\/div>\n\t\t\t\t<\/div>\n\t\t\t\t<\/div>\n\t\t<div class=\"elementor-element elementor-element-a58ed55 e-con-full e-flex e-con e-child\" data-id=\"a58ed55\" data-element_type=\"container\" data-e-type=\"container\">\n\t\t\t\t<div class=\"elementor-element elementor-element-8869f7b elementor-widget elementor-widget-heading\" data-id=\"8869f7b\" data-element_type=\"widget\" data-e-type=\"widget\" data-widget_type=\"heading.default\">\n\t\t\t\t<div class=\"elementor-widget-container\">\n\t\t\t\t\t<h2 class=\"elementor-heading-title elementor-size-default\">Autres Destinations en Grand Est<\/h2>\t\t\t\t<\/div>\n\t\t\t\t<\/div>\n\t\t\t\t<div class=\"elementor-element elementor-element-2912ee0 elementor-widget elementor-widget-text-editor\" data-id=\"2912ee0\" data-element_type=\"widget\" data-e-type=\"widget\" data-widget_type=\"text-editor.default\">\n\t\t\t\t<div class=\"elementor-widget-container\">\n\t\t\t\t\t\t\t\t\t<ul>\n<li><a href=\"https:\/\/francebus.com\/location-bus-strasbourg\/\">Location Bus Strasbourg<\/a><\/li>\n<li><a href=\"https:\/\/francebus.com\/location-bus-reims\/\">Location Bus Reims<\/a><\/li>\n<\/ul>\t\t\t\t\t\t\t\t<\/div>\n\t\t\t\t<\/div>\n\t\t\t\t<\/div>\n\t\t\t\t\t<\/div>\n\t\t\t\t<\/div>\n\t\t\t\t<\/div>\n\t\t","protected":false},"excerpt":{"rendered":"<p>Home &gt; Destinations &gt; Location de bus \u00e0 Colmar Location de bus \u00e0 Colmar Votre partenaire privil\u00e9gi\u00e9 pour des solutions de transport sur mesure Location de bus \u00e0 Colmar pour vos voyages, \u00e9v\u00e9nements et excursions Vous recherchez un service de location de bus \u00e0 Colmar fiable, confortable et parfaitement adapt\u00e9 \u00e0 vos besoins ? Que [&hellip;]<\/p>\n","protected":false},"author":3,"featured_media":0,"parent":0,"menu_order":0,"comment_status":"closed","ping_status":"closed","template":"elementor_header_footer","meta":{"_jf_save_progress":"","footnotes":""},"class_list":["post-7468","page","type-page","status-publish","hentry"],"_links":{"self":[{"href":"https:\/\/francebus.com\/en\/wp-json\/wp\/v2\/pages\/7468","targetHints":{"allow":["GET"]}}],"collection":[{"href":"https:\/\/francebus.com\/en\/wp-json\/wp\/v2\/pages"}],"about":[{"href":"https:\/\/francebus.com\/en\/wp-json\/wp\/v2\/types\/page"}],"author":[{"embeddable":true,"href":"https:\/\/francebus.com\/en\/wp-json\/wp\/v2\/users\/3"}],"replies":[{"embeddable":true,"href":"https:\/\/francebus.com\/en\/wp-json\/wp\/v2\/comments?post=7468"}],"version-history":[{"count":6,"href":"https:\/\/francebus.com\/en\/wp-json\/wp\/v2\/pages\/7468\/revisions"}],"predecessor-version":[{"id":8466,"href":"https:\/\/francebus.com\/en\/wp-json\/wp\/v2\/pages\/7468\/revisions\/8466"}],"wp:attachment":[{"href":"https:\/\/francebus.com\/en\/wp-json\/wp\/v2\/media?parent=7468"}],"curies":[{"name":"wp","href":"https:\/\/api.w.org\/{rel}","templated":true}]}}