{"id":5403,"date":"2025-07-07T15:21:21","date_gmt":"2025-07-07T13:21:21","guid":{"rendered":"https:\/\/francebus.com\/?page_id=5403"},"modified":"2026-04-10T16:24:37","modified_gmt":"2026-04-10T14:24:37","slug":"bus-rental-charles-de-gaulle-airport","status":"publish","type":"page","link":"https:\/\/francebus.com\/en\/bus-rental-charles-de-gaulle-airport\/","title":{"rendered":"Bus rental at Charles de Gaulle Airport"},"content":{"rendered":"\t\t<div data-elementor-type=\"wp-page\" data-elementor-id=\"5403\" class=\"elementor elementor-5403\" data-elementor-post-type=\"page\">\n\t\t\t\t<div class=\"elementor-element elementor-element-396cb0db e-con-full e-flex e-con e-parent\" data-id=\"396cb0db\" data-element_type=\"container\" data-e-type=\"container\">\n\t\t<div class=\"elementor-element elementor-element-8bccfea e-con-full e-flex e-con e-child\" data-id=\"8bccfea\" data-element_type=\"container\" data-e-type=\"container\" data-settings=\"{&quot;background_background&quot;:&quot;classic&quot;}\">\n\t\t<div class=\"elementor-element elementor-element-298ef9c e-con-full e-flex e-con e-child\" data-id=\"298ef9c\" data-element_type=\"container\" data-e-type=\"container\">\n\t\t\t\t<div class=\"elementor-element elementor-element-96658e6 elementor-widget elementor-widget-heading\" data-id=\"96658e6\" data-element_type=\"widget\" data-e-type=\"widget\" data-widget_type=\"heading.default\">\n\t\t\t\t<div class=\"elementor-widget-container\">\n\t\t\t\t\t<p class=\"elementor-heading-title elementor-size-default\"><a href=\"https:\/\/francebus.com\/en\">Home<\/a><\/p>\t\t\t\t<\/div>\n\t\t\t\t<\/div>\n\t\t\t\t<div class=\"elementor-element elementor-element-514eefd elementor-widget elementor-widget-heading\" data-id=\"514eefd\" data-element_type=\"widget\" data-e-type=\"widget\" data-widget_type=\"heading.default\">\n\t\t\t\t<div class=\"elementor-widget-container\">\n\t\t\t\t\t<p class=\"elementor-heading-title elementor-size-default\">&gt;<\/p>\t\t\t\t<\/div>\n\t\t\t\t<\/div>\n\t\t\t\t<div class=\"elementor-element elementor-element-7fbfcd7 elementor-widget elementor-widget-heading\" data-id=\"7fbfcd7\" data-element_type=\"widget\" data-e-type=\"widget\" data-widget_type=\"heading.default\">\n\t\t\t\t<div class=\"elementor-widget-container\">\n\t\t\t\t\t<p class=\"elementor-heading-title elementor-size-default\"><a href=\"https:\/\/francebus.com\/nos-offres\">Destinations<\/a><\/p>\t\t\t\t<\/div>\n\t\t\t\t<\/div>\n\t\t\t\t<div class=\"elementor-element elementor-element-0d20364 elementor-widget elementor-widget-heading\" data-id=\"0d20364\" data-element_type=\"widget\" data-e-type=\"widget\" data-widget_type=\"heading.default\">\n\t\t\t\t<div class=\"elementor-widget-container\">\n\t\t\t\t\t<p class=\"elementor-heading-title elementor-size-default\">&gt;<\/p>\t\t\t\t<\/div>\n\t\t\t\t<\/div>\n\t\t\t\t<div class=\"elementor-element elementor-element-0b0496f elementor-widget elementor-widget-heading\" data-id=\"0b0496f\" data-element_type=\"widget\" data-e-type=\"widget\" data-widget_type=\"heading.default\">\n\t\t\t\t<div class=\"elementor-widget-container\">\n\t\t\t\t\t<p class=\"elementor-heading-title elementor-size-default\">Location de bus \u00e0 l'a\u00e9roport Charles de Gaulle<\/p>\t\t\t\t<\/div>\n\t\t\t\t<\/div>\n\t\t\t\t<\/div>\n\t\t<div class=\"elementor-element elementor-element-b94e4f7 e-con-full e-flex e-con e-child\" data-id=\"b94e4f7\" data-element_type=\"container\" data-e-type=\"container\">\n\t\t\t\t<div class=\"elementor-element elementor-element-f129508 elementor-widget elementor-widget-heading\" data-id=\"f129508\" data-element_type=\"widget\" data-e-type=\"widget\" data-widget_type=\"heading.default\">\n\t\t\t\t<div class=\"elementor-widget-container\">\n\t\t\t\t\t<h1 class=\"elementor-heading-title elementor-size-default\">Location de bus \u00e0 l'a\u00e9roport Charles de Gaulle<\/h1>\t\t\t\t<\/div>\n\t\t\t\t<\/div>\n\t\t\t\t<div class=\"elementor-element elementor-element-2e2010c elementor-widget elementor-widget-heading\" data-id=\"2e2010c\" data-element_type=\"widget\" data-e-type=\"widget\" data-widget_type=\"heading.default\">\n\t\t\t\t<div class=\"elementor-widget-container\">\n\t\t\t\t\t<p class=\"elementor-heading-title elementor-size-default\">Votre partenaire privil\u00e9gi\u00e9 pour des solutions de transport exceptionnelles\n<\/p>\t\t\t\t<\/div>\n\t\t\t\t<\/div>\n\t\t\t\t<\/div>\n\t\t\t\t<\/div>\n\t\t\t\t<\/div>\n\t\t<div class=\"elementor-element elementor-element-469314a e-flex e-con-boxed e-con e-parent\" data-id=\"469314a\" data-element_type=\"container\" data-e-type=\"container\" data-settings=\"{&quot;background_background&quot;:&quot;classic&quot;}\">\n\t\t\t\t\t<div class=\"e-con-inner\">\n\t\t<div class=\"elementor-element elementor-element-cd86b09 e-con-full e-flex e-con e-child\" data-id=\"cd86b09\" data-element_type=\"container\" data-e-type=\"container\">\n\t\t\t\t<div class=\"elementor-element elementor-element-cf82e3e elementor-widget elementor-widget-heading\" data-id=\"cf82e3e\" data-element_type=\"widget\" data-e-type=\"widget\" data-widget_type=\"heading.default\">\n\t\t\t\t<div class=\"elementor-widget-container\">\n\t\t\t\t\t<h2 class=\"elementor-heading-title elementor-size-default\">Location de bus \u00e0 l\u2019a\u00e9roport Charles de Gaulle : la solution id\u00e9ale pour vos trajets de groupe<\/h2>\t\t\t\t<\/div>\n\t\t\t\t<\/div>\n\t\t\t\t<div class=\"elementor-element elementor-element-64ec64b elementor-widget elementor-widget-text-editor\" data-id=\"64ec64b\" data-element_type=\"widget\" data-e-type=\"widget\" data-widget_type=\"text-editor.default\">\n\t\t\t\t<div class=\"elementor-widget-container\">\n\t\t\t\t\t\t\t\t\t<p>Situ\u00e9 au nord-est de Paris, l&rsquo;<strong>a\u00e9roport Charles-de-Gaulle (CDG)<\/strong> est l&rsquo;un des principaux hubs europ\u00e9ens.<\/p>\n<p>Pour assurer un d\u00e9placement fluide d\u00e8s l&rsquo;atterrissage, <strong>la location de bus \u00e0 CDG est la solution id\u00e9ale pour les groupes<\/strong> : touristes, entreprises, \u00e9tudiants ou \u00e9quipes \u00e9v\u00e9nementielles.<\/p>\n<p>Avec Francebus, <strong>r\u00e9servez facilement un autocar avec chauffeur depuis l&rsquo;a\u00e9roport CDG vers Paris<\/strong>, l&rsquo;\u00cele-de-France ou toute autre destination. Nos bus confortables, modernes et adapt\u00e9s aux groupes garantissent un transfert fiable, \u00e9conomique et parfaitement coordonn\u00e9 depuis Roissy-Charles-de-Gaulle.<\/p>\t\t\t\t\t\t\t\t<\/div>\n\t\t\t\t<\/div>\n\t\t\t\t<\/div>\n\t\t<div class=\"elementor-element elementor-element-ed53044 e-con-full e-flex e-con e-child\" data-id=\"ed53044\" data-element_type=\"container\" data-e-type=\"container\">\n\t\t\t\t<div class=\"elementor-element elementor-element-53f314d elementor-widget elementor-widget-google_maps\" data-id=\"53f314d\" data-element_type=\"widget\" data-e-type=\"widget\" data-widget_type=\"google_maps.default\">\n\t\t\t\t<div class=\"elementor-widget-container\">\n\t\t\t\t\t\t\t<div class=\"elementor-custom-embed\">\n\t\t\t<iframe loading=\"lazy\"\n\t\t\t\t\tsrc=\"https:\/\/maps.google.com\/maps?q=a%C3%A9roport%20Charles%20de%20Gaulle&#038;t=m&#038;z=12&#038;output=embed&#038;iwloc=near\"\n\t\t\t\t\ttitle=\"a\u00e9roport Charles de Gaulle\"\n\t\t\t\t\taria-label=\"a\u00e9roport Charles de Gaulle\"\n\t\t\t><\/iframe>\n\t\t<\/div>\n\t\t\t\t\t\t<\/div>\n\t\t\t\t<\/div>\n\t\t\t\t<\/div>\n\t\t<div class=\"elementor-element elementor-element-19a535c e-con-full e-flex e-con e-child\" data-id=\"19a535c\" data-element_type=\"container\" data-e-type=\"container\">\n\t\t\t\t<div class=\"elementor-element elementor-element-1390d95 elementor-widget__width-auto elementor-widget elementor-widget-heading\" data-id=\"1390d95\" data-element_type=\"widget\" data-e-type=\"widget\" data-widget_type=\"heading.default\">\n\t\t\t\t<div class=\"elementor-widget-container\">\n\t\t\t\t\t<h3 class=\"elementor-heading-title elementor-size-default\"><a href=\"https:\/\/francebus.com\/nos-offres\/entreprises\/\">Autocars pour les entreprises<\/a><\/h3>\t\t\t\t<\/div>\n\t\t\t\t<\/div>\n\t\t\t\t<div class=\"elementor-element elementor-element-f3521d7 elementor-widget elementor-widget-text-editor\" data-id=\"f3521d7\" data-element_type=\"widget\" data-e-type=\"widget\" data-widget_type=\"text-editor.default\">\n\t\t\t\t<div class=\"elementor-widget-container\">\n\t\t\t\t\t\t\t\t\t<p><span style=\"font-size: 12pt;\">Avec France Bus, la location de bus \u00e0 l&rsquo;a\u00e9roport CDG pour les entreprises, permet <\/span><span style=\"font-family: -apple-system, BlinkMacSystemFont, 'Segoe UI', Roboto, 'Helvetica Neue', Arial, 'Noto Sans', sans-serif, 'Apple Color Emoji', 'Segoe UI Emoji', 'Segoe UI Symbol', 'Noto Color Emoji'; font-size: 16px;\"><span style=\"font-size: 12pt;\">un transport professionnel et efficace.<\/span><\/span><\/p>\n<p><span style=\"font-family: -apple-system, BlinkMacSystemFont, 'Segoe UI', Roboto, 'Helvetica Neue', Arial, 'Noto Sans', sans-serif, 'Apple Color Emoji', 'Segoe UI Emoji', 'Segoe UI Symbol', 'Noto Color Emoji'; font-size: 16px;\"><span style=\"font-size: 12pt;\"> L&rsquo;a\u00e9roport Charle<\/span>s de Gaulle est un passage incontournable pour les entreprises participant aux salons de Villepinte, aux r\u00e9unions \u00e0 La D\u00e9fense ou aux \u00e9v\u00e9nements professionnels dans le centre de Paris. <br \/>Opter pour une location de bus \u00e0 Paris CDG permet de <strong>g\u00e9rer facilement les d\u00e9placements de vos \u00e9quipes<\/strong>, d&rsquo;assurer une logistique fluide et d&rsquo;\u00e9viter les contraintes des transports en commun ou le co\u00fbt \u00e9lev\u00e9 des taxis. <\/span><\/p>\n<p><span style=\"font-family: -apple-system, BlinkMacSystemFont, 'Segoe UI', Roboto, 'Helvetica Neue', Arial, 'Noto Sans', sans-serif, 'Apple Color Emoji', 'Segoe UI Emoji', 'Segoe UI Symbol', 'Noto Color Emoji'; font-size: 16px;\">Avec un autocar avec chauffeur, vos collaborateurs b\u00e9n\u00e9ficient d&rsquo;un transfert direct, confortable et parfaitement adapt\u00e9 aux d\u00e9placements de groupe.<\/span><\/p>\t\t\t\t\t\t\t\t<\/div>\n\t\t\t\t<\/div>\n\t\t\t\t<\/div>\n\t\t<div class=\"elementor-element elementor-element-5db9b95 e-con-full e-flex e-con e-child\" data-id=\"5db9b95\" data-element_type=\"container\" data-e-type=\"container\">\n\t\t\t\t<div class=\"elementor-element elementor-element-7624988 elementor-widget__width-auto elementor-widget elementor-widget-heading\" data-id=\"7624988\" data-element_type=\"widget\" data-e-type=\"widget\" data-widget_type=\"heading.default\">\n\t\t\t\t<div class=\"elementor-widget-container\">\n\t\t\t\t\t<h3 class=\"elementor-heading-title elementor-size-default\"><a href=\"https:\/\/francebus.com\/nos-offres\/particuliers\/\">Autocars pour les particuliers<\/a><\/h3>\t\t\t\t<\/div>\n\t\t\t\t<\/div>\n\t\t\t\t<div class=\"elementor-element elementor-element-2466ba6 elementor-widget elementor-widget-text-editor\" data-id=\"2466ba6\" data-element_type=\"widget\" data-e-type=\"widget\" data-widget_type=\"text-editor.default\">\n\t\t\t\t<div class=\"elementor-widget-container\">\n\t\t\t\t\t\t\t\t\t<p>Si vos proches arrivent de loin pour un mariage, un anniversaire ou un week-end en famille, l&rsquo;a\u00e9roport Charles de Gaulle est souvent leur point d&rsquo;entr\u00e9e.<\/p>\n<p>R\u00e9server un bus priv\u00e9 au d\u00e9part de CDG permet de rassembler tout le monde d\u00e8s l&rsquo;arriv\u00e9e et d&rsquo;assurer un transfert simple, confortable et sans stress.<\/p>\n<p>Plus besoin de g\u00e9rer plusieurs taxis ou voitures de location : un autocar ou minibus avec chauffeur conduit vos invit\u00e9s directement sur le lieu de la f\u00eate, \u00e0 l&rsquo;heure et en toute s\u00e9r\u00e9nit\u00e9.<\/p>\t\t\t\t\t\t\t\t<\/div>\n\t\t\t\t<\/div>\n\t\t\t\t<\/div>\n\t\t<div class=\"elementor-element elementor-element-f44311c e-con-full e-flex e-con e-child\" data-id=\"f44311c\" data-element_type=\"container\" data-e-type=\"container\">\n\t\t\t\t<div class=\"elementor-element elementor-element-3f3ae8f elementor-widget__width-auto elementor-widget elementor-widget-heading\" data-id=\"3f3ae8f\" data-element_type=\"widget\" data-e-type=\"widget\" data-widget_type=\"heading.default\">\n\t\t\t\t<div class=\"elementor-widget-container\">\n\t\t\t\t\t<h3 class=\"elementor-heading-title elementor-size-default\"><a href=\"https:\/\/francebus.com\/nos-offres\/ecoles\/\">Pour les \u00e9coles et associations<\/a><\/h3>\t\t\t\t<\/div>\n\t\t\t\t<\/div>\n\t\t\t\t<div class=\"elementor-element elementor-element-c090874 elementor-widget elementor-widget-text-editor\" data-id=\"c090874\" data-element_type=\"widget\" data-e-type=\"widget\" data-widget_type=\"text-editor.default\">\n\t\t\t\t<div class=\"elementor-widget-container\">\n\t\t\t\t\t\t\t\t\t<p class=\"p1\">Organiser un voyage scolaire ou une sortie associative depuis l\u2019a\u00e9roport de Paris CDG devient bien plus simple avec nos minibus et autocars d\u00e9di\u00e9s aux groupes.<\/p>\n<p class=\"p1\">Francebus assure un transfert direct et s\u00e9curis\u00e9 vers Paris, Disneyland, Versailles ou vos centres de vacances, en toute s\u00e9curit\u00e9 avec un chauffeur professionnel.<\/p>\n<p class=\"p1\">Id\u00e9al pour voyager sereinement avec des enfants, des bagages et des accompagnateurs, tout en profitant d\u2019un transport scolaire fiable, encadr\u00e9 et adapt\u00e9 aux besoins des \u00e9tablissements et associations.<\/p>\t\t\t\t\t\t\t\t<\/div>\n\t\t\t\t<\/div>\n\t\t\t\t<\/div>\n\t\t<div class=\"elementor-element elementor-element-97a1468 e-con-full e-flex e-con e-child\" data-id=\"97a1468\" data-element_type=\"container\" data-e-type=\"container\">\n\t\t\t\t<div class=\"elementor-element elementor-element-8739753 elementor-widget__width-auto elementor-widget elementor-widget-heading\" data-id=\"8739753\" data-element_type=\"widget\" data-e-type=\"widget\" data-widget_type=\"heading.default\">\n\t\t\t\t<div class=\"elementor-widget-container\">\n\t\t\t\t\t<h3 class=\"elementor-heading-title elementor-size-default\"><a href=\"https:\/\/francebus.com\/nos-offres\/particuliers\/\">Pour les excursions touristiques<\/a><\/h3>\t\t\t\t<\/div>\n\t\t\t\t<\/div>\n\t\t\t\t<div class=\"elementor-element elementor-element-1ca189d elementor-widget elementor-widget-text-editor\" data-id=\"1ca189d\" data-element_type=\"widget\" data-e-type=\"widget\" data-widget_type=\"text-editor.default\">\n\t\t\t\t<div class=\"elementor-widget-container\">\n\t\t\t\t\t\t\t\t\t<p>De nombreux groupes de touristes souhaitent rejoindre Paris, Versailles ou Disneyland Paris d\u00e8s leur arriv\u00e9e \u00e0 l&rsquo;a\u00e9roport Charles-de-Gaulle.<\/p>\n<p>La location de bus \u00e0 CDG offre une solution simple et confortable : un minibus, ou un autocar avec chauffeur attend directement les voyageurs \u00e0 la sortie du vol et assure un transfert rapide vers les principaux sites touristiques.<\/p>\n<p>Id\u00e9al pour les excursions touristiques en bus \u00e0 Paris, les visites guid\u00e9es ou les circuits sur mesure.<\/p>\t\t\t\t\t\t\t\t<\/div>\n\t\t\t\t<\/div>\n\t\t\t\t<\/div>\n\t\t<div class=\"elementor-element elementor-element-fd04c4a e-con-full e-flex e-con e-child\" data-id=\"fd04c4a\" data-element_type=\"container\" data-e-type=\"container\" data-settings=\"{&quot;background_background&quot;:&quot;classic&quot;}\">\n\t\t<div class=\"elementor-element elementor-element-cc447bf e-con-full e-flex e-con e-child\" data-id=\"cc447bf\" data-element_type=\"container\" data-e-type=\"container\">\n\t\t\t\t<div class=\"elementor-element elementor-element-baa3c05 elementor-widget elementor-widget-heading\" data-id=\"baa3c05\" data-element_type=\"widget\" data-e-type=\"widget\" data-widget_type=\"heading.default\">\n\t\t\t\t<div class=\"elementor-widget-container\">\n\t\t\t\t\t<h2 class=\"elementor-heading-title elementor-size-default\">Nos services de transport avec chauffeurs \u00e0 l'a\u00e9roport Charles de Gaulle<\/h2>\t\t\t\t<\/div>\n\t\t\t\t<\/div>\n\t\t\t\t<div class=\"elementor-element elementor-element-75ee9cb elementor-widget elementor-widget-image\" data-id=\"75ee9cb\" data-element_type=\"widget\" data-e-type=\"widget\" data-widget_type=\"image.default\">\n\t\t\t\t<div class=\"elementor-widget-container\">\n\t\t\t\t\t\t\t\t\t\t\t\t\t\t\t<img fetchpriority=\"high\" decoding=\"async\" width=\"800\" height=\"534\" src=\"https:\/\/francebus.com\/wp-content\/uploads\/2025\/11\/francebus-autocar-aeroport-paris-cdg-transfert-groupe-1024x683.jpg\" class=\"attachment-large size-large wp-image-6657\" alt=\"Autocar Mercedes Francebus stationn\u00e9 \u00e0 l\u2019a\u00e9roport Paris Charles-de-Gaulle pour les transferts de groupes et navettes.\" srcset=\"https:\/\/francebus.com\/wp-content\/uploads\/2025\/11\/francebus-autocar-aeroport-paris-cdg-transfert-groupe-1024x683.jpg 1024w, https:\/\/francebus.com\/wp-content\/uploads\/2025\/11\/francebus-autocar-aeroport-paris-cdg-transfert-groupe-300x200.jpg 300w, https:\/\/francebus.com\/wp-content\/uploads\/2025\/11\/francebus-autocar-aeroport-paris-cdg-transfert-groupe-768x512.jpg 768w, https:\/\/francebus.com\/wp-content\/uploads\/2025\/11\/francebus-autocar-aeroport-paris-cdg-transfert-groupe-18x12.jpg 18w, https:\/\/francebus.com\/wp-content\/uploads\/2025\/11\/francebus-autocar-aeroport-paris-cdg-transfert-groupe.jpg 1536w\" sizes=\"(max-width: 800px) 100vw, 800px\" title=\"\">\t\t\t\t\t\t\t\t\t\t\t\t\t\t\t<\/div>\n\t\t\t\t<\/div>\n\t\t\t\t<\/div>\n\t\t<div class=\"elementor-element elementor-element-2076b6b e-con-full e-flex e-con e-child\" data-id=\"2076b6b\" data-element_type=\"container\" data-e-type=\"container\">\n\t\t\t\t<div class=\"elementor-element elementor-element-1042962 elementor-widget elementor-widget-heading\" data-id=\"1042962\" data-element_type=\"widget\" data-e-type=\"widget\" data-widget_type=\"heading.default\">\n\t\t\t\t<div class=\"elementor-widget-container\">\n\t\t\t\t\t<h3 class=\"elementor-heading-title elementor-size-default\">Vans &amp; Minibus (8 \u00e0 25 places)<\/h3>\t\t\t\t<\/div>\n\t\t\t\t<\/div>\n\t\t\t\t<div class=\"elementor-element elementor-element-b2787c2 elementor-widget elementor-widget-text-editor\" data-id=\"b2787c2\" data-element_type=\"widget\" data-e-type=\"widget\" data-widget_type=\"text-editor.default\">\n\t\t\t\t<div class=\"elementor-widget-container\">\n\t\t\t\t\t\t\t\t\t<p>Parfaits pour les petits groupes, nos minibus offrent un excellent compromis entre flexibilit\u00e9 et confort. Ils sont id\u00e9als pour les navettes a\u00e9roport, les visites de ville ou les trajets \u00e0 la carte.<\/p>\t\t\t\t\t\t\t\t<\/div>\n\t\t\t\t<\/div>\n\t\t\t\t<div class=\"elementor-element elementor-element-ef61ae0 elementor-widget elementor-widget-heading\" data-id=\"ef61ae0\" data-element_type=\"widget\" data-e-type=\"widget\" data-widget_type=\"heading.default\">\n\t\t\t\t<div class=\"elementor-widget-container\">\n\t\t\t\t\t<h3 class=\"elementor-heading-title elementor-size-default\">Autocars grand confort (50+ places)<\/h3>\t\t\t\t<\/div>\n\t\t\t\t<\/div>\n\t\t\t\t<div class=\"elementor-element elementor-element-269e510 elementor-widget elementor-widget-text-editor\" data-id=\"269e510\" data-element_type=\"widget\" data-e-type=\"widget\" data-widget_type=\"text-editor.default\">\n\t\t\t\t<div class=\"elementor-widget-container\">\n\t\t\t\t\t\t\t\t\t<p>Id\u00e9aux pour les d\u00e9placements en larges groupes, nos autobus offrent un maximum de confort et de s\u00e9curit\u00e9. Ils sont adapt\u00e9s aux longs trajets, aux \u00e9v\u00e9nements ou aux transferts sur mesure, avec un haut niveau de service.<\/p>\t\t\t\t\t\t\t\t<\/div>\n\t\t\t\t<\/div>\n\t\t\t\t<div class=\"elementor-element elementor-element-410e93e elementor-widget elementor-widget-heading\" data-id=\"410e93e\" data-element_type=\"widget\" data-e-type=\"widget\" data-widget_type=\"heading.default\">\n\t\t\t\t<div class=\"elementor-widget-container\">\n\t\t\t\t\t<h3 class=\"elementor-heading-title elementor-size-default\">Chauffeurs professionnels<\/h3>\t\t\t\t<\/div>\n\t\t\t\t<\/div>\n\t\t\t\t<div class=\"elementor-element elementor-element-bf23a44 elementor-widget elementor-widget-text-editor\" data-id=\"bf23a44\" data-element_type=\"widget\" data-e-type=\"widget\" data-widget_type=\"text-editor.default\">\n\t\t\t\t<div class=\"elementor-widget-container\">\n\t\t\t\t\t\t\t\t\t<p>Nos chauffeurs sont form\u00e9s, exp\u00e9riment\u00e9s et discrets. Leur connaissance de la r\u00e9gion PACA leur permet de s\u2019adapter \u00e0 toutes les situations logistiques. Leur ponctualit\u00e9 et leur amabilit\u00e9 sont souvent salu\u00e9es par nos clients.<\/p>\t\t\t\t\t\t\t\t<\/div>\n\t\t\t\t<\/div>\n\t\t\t\t<div class=\"elementor-element elementor-element-62b0fac elementor-align-left elementor-mobile-align-center elementor-widget elementor-widget-button\" data-id=\"62b0fac\" data-element_type=\"widget\" data-e-type=\"widget\" data-widget_type=\"button.default\">\n\t\t\t\t<div class=\"elementor-widget-container\">\n\t\t\t\t\t\t\t\t\t<div class=\"elementor-button-wrapper\">\n\t\t\t\t\t<a class=\"elementor-button elementor-button-link elementor-size-sm elementor-animation-grow\" href=\"https:\/\/francebus.com\/contact\/\" target=\"_blank\">\n\t\t\t\t\t\t<span class=\"elementor-button-content-wrapper\">\n\t\t\t\t\t\t\t\t\t<span class=\"elementor-button-text\">NOUS CONSULTER<\/span>\n\t\t\t\t\t<\/span>\n\t\t\t\t\t<\/a>\n\t\t\t\t<\/div>\n\t\t\t\t\t\t\t\t<\/div>\n\t\t\t\t<\/div>\n\t\t\t\t<\/div>\n\t\t\t\t<\/div>\n\t\t\t\t\t<\/div>\n\t\t\t\t<\/div>\n\t\t<div class=\"elementor-element elementor-element-100d471 e-con-full e-flex e-con e-parent\" data-id=\"100d471\" data-element_type=\"container\" data-e-type=\"container\" data-settings=\"{&quot;background_background&quot;:&quot;classic&quot;}\">\n\t\t<div class=\"elementor-element elementor-element-e1c9c6e e-con-full e-flex e-con e-child\" data-id=\"e1c9c6e\" data-element_type=\"container\" data-e-type=\"container\" data-settings=\"{&quot;background_background&quot;:&quot;classic&quot;}\">\n\t\t\t\t<div class=\"elementor-element elementor-element-d4826db elementor-widget__width-initial elementor-widget elementor-widget-image\" data-id=\"d4826db\" data-element_type=\"widget\" data-e-type=\"widget\" data-widget_type=\"image.default\">\n\t\t\t\t<div class=\"elementor-widget-container\">\n\t\t\t\t\t\t\t\t\t\t\t\t\t\t\t<img decoding=\"async\" width=\"1406\" height=\"933\" src=\"https:\/\/francebus.com\/wp-content\/uploads\/2025\/11\/Francebus-minibus-chauffeur-aeroport-paris-cdg.jpg\" class=\"attachment-full size-full wp-image-6681\" alt=\"Francebus-minibus-chauffeur-aeroport-paris-cdg 2025\" srcset=\"https:\/\/francebus.com\/wp-content\/uploads\/2025\/11\/Francebus-minibus-chauffeur-aeroport-paris-cdg.jpg 1406w, https:\/\/francebus.com\/wp-content\/uploads\/2025\/11\/Francebus-minibus-chauffeur-aeroport-paris-cdg-300x199.jpg 300w, https:\/\/francebus.com\/wp-content\/uploads\/2025\/11\/Francebus-minibus-chauffeur-aeroport-paris-cdg-1024x680.jpg 1024w, https:\/\/francebus.com\/wp-content\/uploads\/2025\/11\/Francebus-minibus-chauffeur-aeroport-paris-cdg-768x510.jpg 768w, https:\/\/francebus.com\/wp-content\/uploads\/2025\/11\/Francebus-minibus-chauffeur-aeroport-paris-cdg-18x12.jpg 18w\" sizes=\"(max-width: 1406px) 100vw, 1406px\" title=\"\">\t\t\t\t\t\t\t\t\t\t\t\t\t\t\t<\/div>\n\t\t\t\t<\/div>\n\t\t\t\t<\/div>\n\t\t\t\t<\/div>\n\t\t<div class=\"elementor-element elementor-element-a790a38 e-flex e-con-boxed e-con e-parent\" data-id=\"a790a38\" data-element_type=\"container\" data-e-type=\"container\" data-settings=\"{&quot;background_background&quot;:&quot;classic&quot;}\">\n\t\t\t\t\t<div class=\"e-con-inner\">\n\t\t<div class=\"elementor-element elementor-element-fdfb451 e-con-full e-flex e-con e-child\" data-id=\"fdfb451\" data-element_type=\"container\" data-e-type=\"container\" data-settings=\"{&quot;background_background&quot;:&quot;classic&quot;}\">\n\t\t<div class=\"elementor-element elementor-element-6e949e7 e-con-full e-flex e-con e-child\" data-id=\"6e949e7\" data-element_type=\"container\" data-e-type=\"container\">\n\t\t\t\t<div class=\"elementor-element elementor-element-88403e9 elementor-widget elementor-widget-heading\" data-id=\"88403e9\" data-element_type=\"widget\" data-e-type=\"widget\" data-widget_type=\"heading.default\">\n\t\t\t\t<div class=\"elementor-widget-container\">\n\t\t\t\t\t<h2 class=\"elementor-heading-title elementor-size-default\">Destinations populaires<\/h2>\t\t\t\t<\/div>\n\t\t\t\t<\/div>\n\t\t\t\t<div class=\"elementor-element elementor-element-b80b4eb elementor-widget elementor-widget-text-editor\" data-id=\"b80b4eb\" data-element_type=\"widget\" data-e-type=\"widget\" data-widget_type=\"text-editor.default\">\n\t\t\t\t<div class=\"elementor-widget-container\">\n\t\t\t\t\t\t\t\t\t<p>Paris est le point de d\u00e9part id\u00e9al pour d\u00e9couvrir les sites les plus embl\u00e9matiques d&rsquo;\u00cele-de-France et des r\u00e9gions voisines. Gr\u00e2ce \u00e0 un r\u00e9seau routier performant et \u00e0 la proximit\u00e9 de lieux historiques, culturels et naturels, les groupes peuvent facilement organiser des excursions vari\u00e9es en autocar. Quelques exemples:<\/p>\n<ul>\n<li><strong>Le Ch\u00e2teau de Versailles<\/strong> reste l&rsquo;incontournable num\u00e9ro 1, appr\u00e9ci\u00e9 pour ses jardins majestueux et sa galerie des Glaces.<\/li>\n<li>Pour les familles et les scolaires, <strong>Disneyland Paris et le Parc Ast\u00e9rix<\/strong> figurent parmi les destinations les plus demand\u00e9es, offrant divertissement et simplicit\u00e9 d&rsquo;acc\u00e8s.<\/li>\n<li>Les amateurs de culture adorent <strong>Fontainebleau, Vaux-le-Vicomte, Provins ou Giverny<\/strong>, chacun proposant une immersion unique : nature, art, patrimoine royal ou ambiance m\u00e9di\u00e9vale.<\/li>\n<li>Les villages d&rsquo;\u00cele-de-France comme <strong>Barbizon, Moret-sur-Loing ou Auvers-sur-Oise<\/strong> s\u00e9duisent par leur charme et leur tranquillit\u00e9, parfaits pour les sorties associatives ou touristiques.<\/li>\n<\/ul>\n<p>\u00a0<\/p>\n<p><a href=\"https:\/\/francebus.com\/aeroports-paris-transferts-de-groupe-en-navette\/\" target=\"_blank\" rel=\"noopener\"><span style=\"font-size: 14pt;\">\ud83d\udc49 D\u00e9couvrir comment organiser vos transferts de groupe en navette.\u00a0<\/span><\/a><\/p>\n<p>\u00a0<\/p>\t\t\t\t\t\t\t\t<\/div>\n\t\t\t\t<\/div>\n\t\t\t\t<\/div>\n\t\t<div class=\"elementor-element elementor-element-418450e e-con-full e-flex e-con e-child\" data-id=\"418450e\" data-element_type=\"container\" data-e-type=\"container\">\n\t\t\t\t<div class=\"elementor-element elementor-element-6179af3 elementor-widget elementor-widget-heading\" data-id=\"6179af3\" data-element_type=\"widget\" data-e-type=\"widget\" data-widget_type=\"heading.default\">\n\t\t\t\t<div class=\"elementor-widget-container\">\n\t\t\t\t\t<h2 class=\"elementor-heading-title elementor-size-default\"><a href=\"https:\/\/francebus.com\/nos-offres\/particuliers\/\">Points de d\u00e9parts \u00e0 l'a\u00e9roport Charles de Gaulle<\/a><\/h2>\t\t\t\t<\/div>\n\t\t\t\t<\/div>\n\t\t\t\t<div class=\"elementor-element elementor-element-2d87821 elementor-widget elementor-widget-text-editor\" data-id=\"2d87821\" data-element_type=\"widget\" data-e-type=\"widget\" data-widget_type=\"text-editor.default\">\n\t\t\t\t<div class=\"elementor-widget-container\">\n\t\t\t\t\t\t\t\t\t<p>Votre chauffeur vous accueillera \u00e0 CDG:<\/p>\n<ul>\n<li>\n<p><strong>Terminal 1, Terminal 2A\/2F\/2G et Terminal 3<\/strong><\/p>\n<\/li>\n<li>\n<p><strong>Gares RER CDG 1 et CDG 2 &#8211; TGV<\/strong><\/p>\n<\/li>\n<li>\n<p><strong>Parkings bus \/ autocars<\/strong><\/p>\n<\/li>\n<li>\n<p><strong>Zones h\u00f4teli\u00e8res \u00e0 Roissy-en-France<\/strong><\/p>\n<\/li>\n<\/ul>\n<p>Nous vous indiquons \u00e0 la r\u00e9servation le <strong>point de rendez-vous le plus adapt\u00e9<\/strong> \u00e0 la configuration de votre groupe et \u00e0 l&rsquo;heure d&rsquo;arriv\u00e9e de votre vol.<br \/><br \/>Avec Francebus, les groupes b\u00e9n\u00e9ficient d&rsquo;un transport confortable, d&rsquo;un chauffeur exp\u00e9riment\u00e9 et d&rsquo;une organisation simplifi\u00e9e : acc\u00e8s parking, horaires ma\u00eetris\u00e9s et trajets optimis\u00e9s pour profiter pleinement de chaque destination autour de Paris.<\/p>\t\t\t\t\t\t\t\t<\/div>\n\t\t\t\t<\/div>\n\t\t\t\t<\/div>\n\t\t<div class=\"elementor-element elementor-element-26570cd e-con-full e-flex e-con e-child\" data-id=\"26570cd\" data-element_type=\"container\" data-e-type=\"container\">\n\t\t<div class=\"elementor-element elementor-element-8d6e0b0 e-con-full e-flex e-con e-child\" data-id=\"8d6e0b0\" data-element_type=\"container\" data-e-type=\"container\">\n\t\t\t\t<div class=\"elementor-element elementor-element-0725cd5 elementor-widget elementor-widget-heading\" data-id=\"0725cd5\" data-element_type=\"widget\" data-e-type=\"widget\" data-widget_type=\"heading.default\">\n\t\t\t\t<div class=\"elementor-widget-container\">\n\t\t\t\t\t<h2 class=\"elementor-heading-title elementor-size-default\">Prix d'une location de bus \u00e0 l'a\u00e9roport Charles de Gaulle<\/h2>\t\t\t\t<\/div>\n\t\t\t\t<\/div>\n\t\t\t\t<\/div>\n\t\t\t\t<div class=\"elementor-element elementor-element-4087799 elementor-widget elementor-widget-text-editor\" data-id=\"4087799\" data-element_type=\"widget\" data-e-type=\"widget\" data-widget_type=\"text-editor.default\">\n\t\t\t\t<div class=\"elementor-widget-container\">\n\t\t\t\t\t\t\t\t\t<p>Les tarifs de <strong>location de bus \u00e0 l&rsquo;a\u00e9roport Charles de Gaulle<\/strong> varient selon plusieurs crit\u00e8res : distance, dur\u00e9e, horaires, type de v\u00e9hicule, services \u00e0 bord, etc. Voici quelques exemples :<\/p>\n<table>\n<tbody>\n<tr>\n<td style=\"text-align: center;\">Type de prestation<\/td>\n<td style=\"text-align: center;\">Tarif TTC estim\u00e9<\/td>\n<\/tr>\n<tr>\n<td style=\"text-align: center;\">\u00a0Transfert en autocar de l&rsquo;a\u00e9roport CDG vers Paris centre<\/td>\n<td style=\"text-align: center;\">\u00a0\u00e0 partir de 450 \u20ac*<\/td>\n<\/tr>\n<tr>\n<td style=\"text-align: center;\">\u00a0Location d&rsquo;un minibus, au d\u00e9part de Charles de Gaulle pour DisneyLand (aller et retour Paris centre)<\/td>\n<td style=\"text-align: center;\">\u00a0\u00e0 partir de 750 \u20ac*<\/td>\n<\/tr>\n<tr>\n<td style=\"text-align: center;\">\u00a0Transfert de l&rsquo;a\u00e9roport CDG vers gare ferroviaire: Gare du Nord, Gare de Lyon, Austerlitz en minivan<\/td>\n<td style=\"text-align: center;\">\u00a0\u00e0 partir de 150 \u20ac*<\/td>\n<\/tr>\n<\/tbody>\n<\/table>\n<p>Pour une estimation pr\u00e9cise, consultez notre page <a>tarifs de location de bus<\/a> ou <a href=\"https:\/\/francebus.com\/devis\/\">demandez directement un devis.<\/a>\u00a0Estimation, sans engagement<\/p>\t\t\t\t\t\t\t\t<\/div>\n\t\t\t\t<\/div>\n\t\t\t\t<div class=\"elementor-element elementor-element-2c54ded elementor-widget elementor-widget-template\" data-id=\"2c54ded\" data-element_type=\"widget\" data-e-type=\"widget\" data-widget_type=\"template.default\">\n\t\t\t\t<div class=\"elementor-widget-container\">\n\t\t\t\t\t\t\t<div class=\"elementor-template\">\n\t\t\t\t\t<div data-elementor-type=\"section\" data-elementor-id=\"843\" class=\"elementor elementor-843\" data-elementor-post-type=\"elementor_library\">\n\t\t\t<div class=\"elementor-element elementor-element-69f7b78 e-flex e-con-boxed e-con e-parent\" data-id=\"69f7b78\" data-element_type=\"container\" data-e-type=\"container\">\n\t\t\t\t\t<div class=\"e-con-inner\">\n\t\t<div class=\"elementor-element elementor-element-6f8e15b e-con-full e-flex e-con e-child\" data-id=\"6f8e15b\" data-element_type=\"container\" data-e-type=\"container\">\n\t\t<div class=\"elementor-element elementor-element-a31a6d4 e-con-full e-flex e-con e-child\" data-id=\"a31a6d4\" data-element_type=\"container\" data-e-type=\"container\">\n\t\t<div class=\"elementor-element elementor-element-dfc4a42 e-con-full e-flex e-con e-child\" data-id=\"dfc4a42\" data-element_type=\"container\" data-e-type=\"container\" data-settings=\"{&quot;background_background&quot;:&quot;classic&quot;}\">\n\t\t\t\t<div class=\"elementor-element elementor-element-e1490c9 elementor-widget elementor-widget-heading\" data-id=\"e1490c9\" data-element_type=\"widget\" data-e-type=\"widget\" data-widget_type=\"heading.default\">\n\t\t\t\t<div class=\"elementor-widget-container\">\n\t\t\t\t\t<h2 class=\"elementor-heading-title elementor-size-default\">R\u00e9server maintenant<\/h2>\t\t\t\t<\/div>\n\t\t\t\t<\/div>\n\t\t\t\t<div class=\"elementor-element elementor-element-5bfa02e elementor-view-stacked elementor-shape-square elementor-position-inline-start elementor-mobile-position-inline-start elementor-widget elementor-widget-icon-box\" data-id=\"5bfa02e\" data-element_type=\"widget\" data-e-type=\"widget\" data-widget_type=\"icon-box.default\">\n\t\t\t\t<div class=\"elementor-widget-container\">\n\t\t\t\t\t\t\t<div class=\"elementor-icon-box-wrapper\">\n\n\t\t\t\t\t\t<div class=\"elementor-icon-box-icon\">\n\t\t\t\t<span  class=\"elementor-icon\">\n\t\t\t\t<i aria-hidden=\"true\" class=\"icon icon-phone-call1\"><\/i>\t\t\t\t<\/span>\n\t\t\t<\/div>\n\t\t\t\n\t\t\t\t\t\t<div class=\"elementor-icon-box-content\">\n\n\t\t\t\t\t\t\t\t\t<h3 class=\"elementor-icon-box-title\">\n\t\t\t\t\t\t<span  >\n\t\t\t\t\t\t\tDevis gratuit et rapide\t\t\t\t\t\t<\/span>\n\t\t\t\t\t<\/h3>\n\t\t\t\t\n\t\t\t\t\t\t\t\t\t<p class=\"elementor-icon-box-description\">\n\t\t\t\t\t\t+33(0)9 72 56 72 89\t\t\t\t\t<\/p>\n\t\t\t\t\n\t\t\t<\/div>\n\t\t\t\n\t\t<\/div>\n\t\t\t\t\t\t<\/div>\n\t\t\t\t<\/div>\n\t\t\t\t<\/div>\n\t\t<div class=\"elementor-element elementor-element-ef58df7 e-con-full e-flex e-con e-child\" data-id=\"ef58df7\" data-element_type=\"container\" data-e-type=\"container\" data-settings=\"{&quot;background_background&quot;:&quot;classic&quot;}\">\n\t\t\t\t<div class=\"elementor-element elementor-element-5003474 elementor-widget elementor-widget-heading\" data-id=\"5003474\" data-element_type=\"widget\" data-e-type=\"widget\" data-widget_type=\"heading.default\">\n\t\t\t\t<div class=\"elementor-widget-container\">\n\t\t\t\t\t<h3 class=\"elementor-heading-title elementor-size-default\">DEVIS EN LIGNE<\/h3>\t\t\t\t<\/div>\n\t\t\t\t<\/div>\n\t\t\t\t<div class=\"elementor-element elementor-element-04c8f10 elementor-widget elementor-widget-jet-form-builder-form\" data-id=\"04c8f10\" data-element_type=\"widget\" data-e-type=\"widget\" id=\"form-booking-home-page\" data-widget_type=\"jet-form-builder-form.default\">\n\t\t\t\t<div class=\"elementor-widget-container\">\n\t\t\t\t\t<link rel='stylesheet' id='wp-block-library-css' href='https:\/\/francebus.com\/wp-includes\/css\/dist\/block-library\/style.min.css' media='all' \/>\n<style id=\"jet-form-builder-861-inline-css\"><\/style><form  class=\"jet-form-builder layout-column submit-type-reload\" action=\"https:\/\/francebus.com\/en\/wp-json\/wp\/v2\/pages\/5403\/?CWNU8O=ivHR8pc5vR&amp;method=reload\" method=\"POST\" data-form-id=\"861\" data-layout=\"column\" enctype=\"multipart\/form-data\" novalidate=\"null\" ssr_validation_method=\"rest\">\r\n<input type=\"hidden\" name=\"_jfb_current_render_states[]\" value=\"DEFAULT.STATE\" data-jfb-sync \/><input type=\"hidden\" class=\"jet-form-builder__field hidden-field\" name=\"_jet_engine_booking_form_id\" data-field-name=\"_jet_engine_booking_form_id\" value=\"861\">\n<input type=\"hidden\" class=\"jet-form-builder__field hidden-field\" name=\"_jet_engine_refer\" data-field-name=\"_jet_engine_refer\" value=\"https:\/\/francebus.com\/en\/wp-json\/wp\/v2\/pages\/5403\/\">\n<input type=\"hidden\" class=\"jet-form-builder__field hidden-field\" name=\"__queried_post_id\" data-field-name=\"__queried_post_id\" value=\"5403\">\n<input type=\"hidden\" class=\"jet-form-builder__field hidden-field\" name=\"_user_journey\" data-field-name=\"_user_journey\">\n\n<div class=\"wp-block-columns is-layout-flex wp-container-core-columns-is-layout-28f84493 wp-block-columns-is-layout-flex\">\n<div class=\"wp-block-column is-layout-flow wp-block-column-is-layout-flow\"><div  data-validation-type=\"advanced\" class=\"jet-form-builder-row field-type-text-field\" >\n<div class=\"jet-form-builder__label\">\r\n<div class=\"jet-form-builder__label-text\">De<\/div><\/div><div class=\"jet-form-builder__field-wrap\">\n\t\t\t\t<input name=\"departure_address\" id=\"departure_address\" type=\"text\" data-field-name=\"departure_address\" class=\"jet-form-builder__field text-field\" data-jfb-sync=\"null\" autocomplete=\"off_ShpJxVNe\">\n\t\t\t\t\t<\/div>\n<\/div><\/div>\n\n\n\n<div class=\"wp-block-column is-layout-flow wp-block-column-is-layout-flow\"><div  class=\"jet-form-builder-row field-type-text-field\" >\n<div class=\"jet-form-builder__label\">\r\n<div class=\"jet-form-builder__label-text\">Destination<\/div><\/div><div class=\"jet-form-builder__field-wrap\">\n\t\t\t\t<input name=\"destination_address\" id=\"destination_address\" type=\"text\" data-field-name=\"destination_address\" class=\"jet-form-builder__field text-field\" data-jfb-sync=\"null\" autocomplete=\"off_3UsFGzcb\">\n\t\t\t\t\t<\/div>\n<\/div><\/div>\n\n\n\n<div class=\"wp-block-column is-layout-flow wp-block-column-is-layout-flow\"><div  data-validation-type=\"advanced\" class=\"jet-form-builder-row field-type-datetime-field\" >\n<div class=\"jet-form-builder__label\">\r\n<div class=\"jet-form-builder__label-text\">Date et temps de d\u00e9part<\/div><\/div><input class=\"jet-form-builder__field datetime-field\" name=\"departure_date\" type=\"datetime-local\" data-field-name=\"departure_date\" id=\"departure_date\" data-jfb-sync=\"null\">\n<\/div><\/div>\n<\/div>\n\n\n\n<div class=\"wp-block-columns is-layout-flex wp-container-core-columns-is-layout-28f84493 wp-block-columns-is-layout-flex\">\n<div class=\"wp-block-column is-layout-flow wp-block-column-is-layout-flow\"><div  class=\"jet-form-builder-row field-type-select-field wp-block-jet-forms-select-field\">\n<div class=\"jet-form-builder__label\">\r\n<div class=\"jet-form-builder__label-text\">Type de v\u00e9hicule<\/div><\/div><div class=\"jet-form-builder__field-wrap\">\n\t<select class=\"jet-form-builder__field select-field\" name=\"type_of_transport\" data-field-name=\"type_of_transport\" id=\"type_of_transport\" data-jfb-sync=\"null\">\n\t\t<option value=\"0\" >Select transport type<\/option><option value=\"Berline < 3 places\" >Berline < 3 places<\/option><option value=\"Minivan < 7 places\" >Minivan < 7 places<\/option><option value=\"Minibus < 19 places\" >Minibus < 19 places<\/option><option value=\"Minibus < 25\/35 places\" >Minibus < 25\/35 places<\/option><option value=\"Autocar > 50 places\" >Autocar > 50 places<\/option>\t<\/select>\n<\/div>\n<\/div><\/div>\n\n\n\n<div class=\"wp-block-column is-layout-flow wp-block-column-is-layout-flow\"><div  class=\"jet-form-builder-row field-type-number-field\" >\n<div class=\"jet-form-builder__label\">\r\n<div class=\"jet-form-builder__label-text\">Nombre de passagers<\/div><\/div><div class=\"jet-form-builder__field-wrap\">\n\t\t<input type=\"number\" class=\"jet-form-builder__field text-field\" name=\"passengers\" data-field-name=\"passengers\" id=\"passengers\" data-jfb-sync=\"null\">\n\t<\/div>\n<\/div><\/div>\n\n\n\n<div class=\"wp-block-column is-vertically-aligned-bottom is-layout-flow wp-block-column-is-layout-flow\"><input type=\"hidden\" class=\"captcha-token\" name=\"_captcha_token\" value=\"\"\/><div  class=\"jet-form-builder-row field-type-submit-field\" >\n\t<div data-type=\"submit\" class=\"jet-form-builder__action-button-wrapper jet-form-builder__submit-wrap\">\n\t<button class=\"jet-form-builder__action-button button-book-homepage jet-form-builder__submit submit-type-reload\" type=\"submit\">LOUER VOTRE BUS<\/button>\n\t<\/div>\n\t\n<\/div><\/div>\n<\/div>\n\t<div class=\"jet-form-builder-messages-wrap\" data-form-id=\"861\"><\/div>\n<\/form>\n\t\t\t\t<\/div>\n\t\t\t\t<\/div>\n\t\t\t\t<\/div>\n\t\t\t\t<\/div>\n\t\t\t\t<\/div>\n\t\t\t\t\t<\/div>\n\t\t\t\t<\/div>\n\t\t<div class=\"elementor-element elementor-element-e7e5369 e-flex e-con-boxed e-con e-parent\" data-id=\"e7e5369\" data-element_type=\"container\" data-e-type=\"container\">\n\t\t\t\t\t<div class=\"e-con-inner\">\n\t\t\t\t\t<\/div>\n\t\t\t\t<\/div>\n\t\t\t\t<\/div>\n\t\t\t\t<\/div>\n\t\t\t\t\t\t<\/div>\n\t\t\t\t<\/div>\n\t\t\t\t<\/div>\n\t\t\t\t<\/div>\n\t\t\t\t\t<\/div>\n\t\t\t\t<\/div>\n\t\t<div class=\"elementor-element elementor-element-5faae0e e-flex e-con-boxed e-con e-parent\" data-id=\"5faae0e\" data-element_type=\"container\" data-e-type=\"container\" data-settings=\"{&quot;background_background&quot;:&quot;classic&quot;}\">\n\t\t\t\t\t<div class=\"e-con-inner\">\n\t\t<div class=\"elementor-element elementor-element-dfb9cce e-con-full e-flex e-con e-child\" data-id=\"dfb9cce\" data-element_type=\"container\" data-e-type=\"container\">\n\t\t\t\t<div class=\"elementor-element elementor-element-dca536b elementor-widget elementor-widget-heading\" data-id=\"dca536b\" data-element_type=\"widget\" data-e-type=\"widget\" data-widget_type=\"heading.default\">\n\t\t\t\t<div class=\"elementor-widget-container\">\n\t\t\t\t\t<h2 class=\"elementor-heading-title elementor-size-default\">Questions Fr\u00e9quentes<\/h2>\t\t\t\t<\/div>\n\t\t\t\t<\/div>\n\t\t\t\t<div class=\"elementor-element elementor-element-ed824fd elementor-widget elementor-widget-n-accordion\" data-id=\"ed824fd\" data-element_type=\"widget\" data-e-type=\"widget\" data-settings=\"{&quot;default_state&quot;:&quot;all_collapsed&quot;,&quot;max_items_expended&quot;:&quot;one&quot;,&quot;n_accordion_animation_duration&quot;:{&quot;unit&quot;:&quot;ms&quot;,&quot;size&quot;:400,&quot;sizes&quot;:[]}}\" data-widget_type=\"nested-accordion.default\">\n\t\t\t\t<div class=\"elementor-widget-container\">\n\t\t\t\t\t\t\t<div class=\"e-n-accordion\" aria-label=\"Accordion. Open links with Enter or Space, close with Escape, and navigate with Arrow Keys\">\n\t\t\t\t\t\t<details id=\"e-n-accordion-item-2490\" class=\"e-n-accordion-item\" >\n\t\t\t\t<summary class=\"e-n-accordion-item-title\" data-accordion-index=\"1\" tabindex=\"0\" aria-expanded=\"false\" aria-controls=\"e-n-accordion-item-2490\" >\n\t\t\t\t\t<span class='e-n-accordion-item-title-header'><div class=\"e-n-accordion-item-title-text\"> Quel est le prix d\u2019une location de bus \u00e0 l'a\u00e9roport de Charles de Gaulle ? <\/div><\/span>\n\t\t\t\t\t\t\t<span class='e-n-accordion-item-title-icon'>\n\t\t\t<span class='e-opened' ><i aria-hidden=\"true\" class=\" ti-arrow-top-right\"><\/i><\/span>\n\t\t\t<span class='e-closed'><i aria-hidden=\"true\" class=\" arrow_left-down\"><\/i><\/span>\n\t\t<\/span>\n\n\t\t\t\t\t\t<\/summary>\n\t\t\t\t<div role=\"region\" aria-labelledby=\"e-n-accordion-item-2490\" class=\"elementor-element elementor-element-e3bcf5a e-con-full e-flex e-con e-child\" data-id=\"e3bcf5a\" data-element_type=\"container\" data-e-type=\"container\">\n\t\t\t\t<div class=\"elementor-element elementor-element-20a4145 elementor-widget elementor-widget-text-editor\" data-id=\"20a4145\" data-element_type=\"widget\" data-e-type=\"widget\" data-widget_type=\"text-editor.default\">\n\t\t\t\t<div class=\"elementor-widget-container\">\n\t\t\t\t\t\t\t\t\t<p data-pm-slice=\"1 1 []\">Tout d\u00e9pend du trajet, du nombre de personnes et du type de v\u00e9hicule. Pour plus d&rsquo;informations sur la construction de nos tarifs, <a href=\"https:\/\/francebus.com\/faq\/\">consultez notre FAQ compl\u00e8te !<\/a><\/p>\t\t\t\t\t\t\t\t<\/div>\n\t\t\t\t<\/div>\n\t\t\t\t<\/div>\n\t\t\t\t\t<\/details>\n\t\t\t\t\t\t<details id=\"e-n-accordion-item-2491\" class=\"e-n-accordion-item\" >\n\t\t\t\t<summary class=\"e-n-accordion-item-title\" data-accordion-index=\"2\" tabindex=\"-1\" aria-expanded=\"false\" aria-controls=\"e-n-accordion-item-2491\" >\n\t\t\t\t\t<span class='e-n-accordion-item-title-header'><div class=\"e-n-accordion-item-title-text\"> Combien de temps \u00e0 l\u2019avance faut-il r\u00e9server votre location de bus \u00e0 l'a\u00e9roport Charles de Gaulle ? <\/div><\/span>\n\t\t\t\t\t\t\t<span class='e-n-accordion-item-title-icon'>\n\t\t\t<span class='e-opened' ><i aria-hidden=\"true\" class=\" ti-arrow-top-right\"><\/i><\/span>\n\t\t\t<span class='e-closed'><i aria-hidden=\"true\" class=\" arrow_left-down\"><\/i><\/span>\n\t\t<\/span>\n\n\t\t\t\t\t\t<\/summary>\n\t\t\t\t<div role=\"region\" aria-labelledby=\"e-n-accordion-item-2491\" class=\"elementor-element elementor-element-800a608 e-con-full e-flex e-con e-child\" data-id=\"800a608\" data-element_type=\"container\" data-e-type=\"container\">\n\t\t\t\t<div class=\"elementor-element elementor-element-82a7ca4 elementor-widget elementor-widget-text-editor\" data-id=\"82a7ca4\" data-element_type=\"widget\" data-e-type=\"widget\" data-widget_type=\"text-editor.default\">\n\t\t\t\t<div class=\"elementor-widget-container\">\n\t\t\t\t\t\t\t\t\t<p>Id\u00e9alement au moins un mois avant la date souhait\u00e9e, surtout en haute saison. Mais nous essayons \u00e0 chaque fois de trouver une solution m\u00eame lorsque les d\u00e9lais sont courts.\u00a0<\/p>\t\t\t\t\t\t\t\t<\/div>\n\t\t\t\t<\/div>\n\t\t\t\t<\/div>\n\t\t\t\t\t<\/details>\n\t\t\t\t\t\t<details id=\"e-n-accordion-item-2492\" class=\"e-n-accordion-item\" >\n\t\t\t\t<summary class=\"e-n-accordion-item-title\" data-accordion-index=\"3\" tabindex=\"-1\" aria-expanded=\"false\" aria-controls=\"e-n-accordion-item-2492\" >\n\t\t\t\t\t<span class='e-n-accordion-item-title-header'><div class=\"e-n-accordion-item-title-text\"> Peut-on faire un trajet international depuis l'a\u00e9roport Charles de Gaulle ? <\/div><\/span>\n\t\t\t\t\t\t\t<span class='e-n-accordion-item-title-icon'>\n\t\t\t<span class='e-opened' ><i aria-hidden=\"true\" class=\" ti-arrow-top-right\"><\/i><\/span>\n\t\t\t<span class='e-closed'><i aria-hidden=\"true\" class=\" arrow_left-down\"><\/i><\/span>\n\t\t<\/span>\n\n\t\t\t\t\t\t<\/summary>\n\t\t\t\t<div role=\"region\" aria-labelledby=\"e-n-accordion-item-2492\" class=\"elementor-element elementor-element-fca1b1f e-con-full e-flex e-con e-child\" data-id=\"fca1b1f\" data-element_type=\"container\" data-e-type=\"container\">\n\t\t\t\t<div class=\"elementor-element elementor-element-f3df271 elementor-widget elementor-widget-text-editor\" data-id=\"f3df271\" data-element_type=\"widget\" data-e-type=\"widget\" data-widget_type=\"text-editor.default\">\n\t\t\t\t<div class=\"elementor-widget-container\">\n\t\t\t\t\t\t\t\t\t<p data-pm-slice=\"1 1 []\">Oui ! Italie, Espagne, Suisse, Allemagne : nous couvrons l\u2019Europe.<\/p>\t\t\t\t\t\t\t\t<\/div>\n\t\t\t\t<\/div>\n\t\t\t\t<\/div>\n\t\t\t\t\t<\/details>\n\t\t\t\t\t<\/div>\n\t\t\t\t\t<script type=\"application\/ld+json\">{\"@context\":\"https:\\\/\\\/schema.org\",\"@type\":\"FAQPage\",\"mainEntity\":[{\"@type\":\"Question\",\"name\":\"Quel est le prix d\\u2019une location de bus \\u00e0 l'a\\u00e9roport de Charles de Gaulle ?\",\"acceptedAnswer\":{\"@type\":\"Answer\",\"text\":\"Tout d\\u00e9pend du trajet, du nombre de personnes et du type de v\\u00e9hicule. Pour plus d&rsquo;informations sur la construction de nos tarifs, consultez notre FAQ compl\\u00e8te !\"}},{\"@type\":\"Question\",\"name\":\"Combien de temps \\u00e0 l\\u2019avance faut-il r\\u00e9server votre location de bus \\u00e0 l'a\\u00e9roport Charles de Gaulle ?\",\"acceptedAnswer\":{\"@type\":\"Answer\",\"text\":\"Id\\u00e9alement au moins un mois avant la date souhait\\u00e9e, surtout en haute saison. Mais nous essayons \\u00e0 chaque fois de trouver une solution m\\u00eame lorsque les d\\u00e9lais sont courts.\\u00a0\"}},{\"@type\":\"Question\",\"name\":\"Peut-on faire un trajet international depuis l'a\\u00e9roport Charles de Gaulle ?\",\"acceptedAnswer\":{\"@type\":\"Answer\",\"text\":\"Oui ! Italie, Espagne, Suisse, Allemagne : nous couvrons l\\u2019Europe.\"}}]}<\/script>\n\t\t\t\t\t\t\t<\/div>\n\t\t\t\t<\/div>\n\t\t\t\t<\/div>\n\t\t<div class=\"elementor-element elementor-element-a58ed55 e-con-full e-flex e-con e-child\" data-id=\"a58ed55\" data-element_type=\"container\" data-e-type=\"container\">\n\t\t\t\t<div class=\"elementor-element elementor-element-8869f7b elementor-widget elementor-widget-heading\" data-id=\"8869f7b\" data-element_type=\"widget\" data-e-type=\"widget\" data-widget_type=\"heading.default\">\n\t\t\t\t<div class=\"elementor-widget-container\">\n\t\t\t\t\t<h2 class=\"elementor-heading-title elementor-size-default\">Autres Destinations en \u00cele-de-France<\/h2>\t\t\t\t<\/div>\n\t\t\t\t<\/div>\n\t\t\t\t<div class=\"elementor-element elementor-element-2912ee0 elementor-widget elementor-widget-text-editor\" data-id=\"2912ee0\" data-element_type=\"widget\" data-e-type=\"widget\" data-widget_type=\"text-editor.default\">\n\t\t\t\t<div class=\"elementor-widget-container\">\n\t\t\t\t\t\t\t\t\t<ul>\n<li>Location de bus a\u00e9roport Charles De Gaulle <a href=\"https:\/\/francebus.com\/location-bus-aeroport-charles-de-gaulle\/\"><strong>Paris CDG<\/strong><\/a><\/li>\n<li>Location de bus a\u00e9roport Orly <a href=\"https:\/\/francebus.com\/location-bus-aeroport-orly\/\"><strong>Paris Orly<\/strong><\/a><\/li>\n<li>Location de bus a\u00e9roport de <a href=\"https:\/\/francebus.com\/location-bus-aeroport-beauvais\/\"><strong>Paris Beauvais<\/strong><\/a><\/li>\n<li>Location de bus <a href=\"https:\/\/francebus.com\/location-bus-paris\/\"><strong>Paris Centre<\/strong><\/a><\/li>\n<li>Location de bus <a href=\"https:\/\/francebus.com\/location-autocar-paris-disneyland\/\"><strong>DisneyLand paris<\/strong><\/a><\/li>\n<li>Location de bus <strong>Versailles<\/strong><\/li>\n<\/ul>\t\t\t\t\t\t\t\t<\/div>\n\t\t\t\t<\/div>\n\t\t\t\t<\/div>\n\t\t\t\t\t<\/div>\n\t\t\t\t<\/div>\n\t\t\t\t<\/div>\n\t\t","protected":false},"excerpt":{"rendered":"<p>Home &gt; Destinations &gt; Location de bus \u00e0 l&rsquo;a\u00e9roport Charles de Gaulle Location de bus \u00e0 l&rsquo;a\u00e9roport Charles de Gaulle Votre partenaire privil\u00e9gi\u00e9 pour des solutions de transport exceptionnelles Location de bus \u00e0 l\u2019a\u00e9roport Charles de Gaulle : la solution id\u00e9ale pour vos trajets de groupe Situ\u00e9 au nord-est de Paris, l&rsquo;a\u00e9roport Charles-de-Gaulle (CDG) est [&hellip;]<\/p>\n","protected":false},"author":5,"featured_media":0,"parent":0,"menu_order":0,"comment_status":"closed","ping_status":"closed","template":"elementor_header_footer","meta":{"_jf_save_progress":"","footnotes":""},"class_list":["post-5403","page","type-page","status-publish","hentry"],"_links":{"self":[{"href":"https:\/\/francebus.com\/en\/wp-json\/wp\/v2\/pages\/5403","targetHints":{"allow":["GET"]}}],"collection":[{"href":"https:\/\/francebus.com\/en\/wp-json\/wp\/v2\/pages"}],"about":[{"href":"https:\/\/francebus.com\/en\/wp-json\/wp\/v2\/types\/page"}],"author":[{"embeddable":true,"href":"https:\/\/francebus.com\/en\/wp-json\/wp\/v2\/users\/5"}],"replies":[{"embeddable":true,"href":"https:\/\/francebus.com\/en\/wp-json\/wp\/v2\/comments?post=5403"}],"version-history":[{"count":3,"href":"https:\/\/francebus.com\/en\/wp-json\/wp\/v2\/pages\/5403\/revisions"}],"predecessor-version":[{"id":8486,"href":"https:\/\/francebus.com\/en\/wp-json\/wp\/v2\/pages\/5403\/revisions\/8486"}],"wp:attachment":[{"href":"https:\/\/francebus.com\/en\/wp-json\/wp\/v2\/media?parent=5403"}],"curies":[{"name":"wp","href":"https:\/\/api.w.org\/{rel}","templated":true}]}}