{"id":5120,"date":"2025-06-30T14:51:55","date_gmt":"2025-06-30T12:51:55","guid":{"rendered":"https:\/\/francebus.com\/?page_id=5120"},"modified":"2026-04-10T16:30:28","modified_gmt":"2026-04-10T14:30:28","slug":"bus-rental-antibes","status":"publish","type":"page","link":"https:\/\/francebus.com\/en\/bus-rental-antibes\/","title":{"rendered":"Bus rental in Antibes"},"content":{"rendered":"\t\t<div data-elementor-type=\"wp-page\" data-elementor-id=\"5120\" class=\"elementor elementor-5120\" data-elementor-post-type=\"page\">\n\t\t\t\t<div class=\"elementor-element elementor-element-396cb0db e-con-full e-flex e-con e-parent\" data-id=\"396cb0db\" data-element_type=\"container\" data-e-type=\"container\">\n\t\t<div class=\"elementor-element elementor-element-8bccfea e-con-full e-flex e-con e-child\" data-id=\"8bccfea\" data-element_type=\"container\" data-e-type=\"container\" data-settings=\"{&quot;background_background&quot;:&quot;classic&quot;}\">\n\t\t<div class=\"elementor-element elementor-element-298ef9c e-con-full e-flex e-con e-child\" data-id=\"298ef9c\" data-element_type=\"container\" data-e-type=\"container\">\n\t\t\t\t<div class=\"elementor-element elementor-element-96658e6 elementor-widget elementor-widget-heading\" data-id=\"96658e6\" data-element_type=\"widget\" data-e-type=\"widget\" data-widget_type=\"heading.default\">\n\t\t\t\t<div class=\"elementor-widget-container\">\n\t\t\t\t\t<p class=\"elementor-heading-title elementor-size-default\"><a href=\"https:\/\/francebus.com\/en\">Home<\/a><\/p>\t\t\t\t<\/div>\n\t\t\t\t<\/div>\n\t\t\t\t<div class=\"elementor-element elementor-element-514eefd elementor-widget elementor-widget-heading\" data-id=\"514eefd\" data-element_type=\"widget\" data-e-type=\"widget\" data-widget_type=\"heading.default\">\n\t\t\t\t<div class=\"elementor-widget-container\">\n\t\t\t\t\t<p class=\"elementor-heading-title elementor-size-default\">&gt;<\/p>\t\t\t\t<\/div>\n\t\t\t\t<\/div>\n\t\t\t\t<div class=\"elementor-element elementor-element-7fbfcd7 elementor-widget elementor-widget-heading\" data-id=\"7fbfcd7\" data-element_type=\"widget\" data-e-type=\"widget\" data-widget_type=\"heading.default\">\n\t\t\t\t<div class=\"elementor-widget-container\">\n\t\t\t\t\t<p class=\"elementor-heading-title elementor-size-default\"><a href=\"https:\/\/francebus.com\/nos-offres\">Destinations<\/a><\/p>\t\t\t\t<\/div>\n\t\t\t\t<\/div>\n\t\t\t\t<div class=\"elementor-element elementor-element-0d20364 elementor-widget elementor-widget-heading\" data-id=\"0d20364\" data-element_type=\"widget\" data-e-type=\"widget\" data-widget_type=\"heading.default\">\n\t\t\t\t<div class=\"elementor-widget-container\">\n\t\t\t\t\t<p class=\"elementor-heading-title elementor-size-default\">&gt;<\/p>\t\t\t\t<\/div>\n\t\t\t\t<\/div>\n\t\t\t\t<div class=\"elementor-element elementor-element-0b0496f elementor-widget elementor-widget-heading\" data-id=\"0b0496f\" data-element_type=\"widget\" data-e-type=\"widget\" data-widget_type=\"heading.default\">\n\t\t\t\t<div class=\"elementor-widget-container\">\n\t\t\t\t\t<p class=\"elementor-heading-title elementor-size-default\">Location de bus \u00e0 Antibes<\/p>\t\t\t\t<\/div>\n\t\t\t\t<\/div>\n\t\t\t\t<\/div>\n\t\t<div class=\"elementor-element elementor-element-b94e4f7 e-con-full e-flex e-con e-child\" data-id=\"b94e4f7\" data-element_type=\"container\" data-e-type=\"container\">\n\t\t\t\t<div class=\"elementor-element elementor-element-f129508 elementor-widget elementor-widget-heading\" data-id=\"f129508\" data-element_type=\"widget\" data-e-type=\"widget\" data-widget_type=\"heading.default\">\n\t\t\t\t<div class=\"elementor-widget-container\">\n\t\t\t\t\t<h1 class=\"elementor-heading-title elementor-size-default\">Location de bus \u00e0 Antibes<\/h1>\t\t\t\t<\/div>\n\t\t\t\t<\/div>\n\t\t\t\t<div class=\"elementor-element elementor-element-2e2010c elementor-widget elementor-widget-heading\" data-id=\"2e2010c\" data-element_type=\"widget\" data-e-type=\"widget\" data-widget_type=\"heading.default\">\n\t\t\t\t<div class=\"elementor-widget-container\">\n\t\t\t\t\t<p class=\"elementor-heading-title elementor-size-default\">Votre partenaire privil\u00e9gi\u00e9 pour des solutions de transport exceptionnelles\n<\/p>\t\t\t\t<\/div>\n\t\t\t\t<\/div>\n\t\t\t\t<\/div>\n\t\t\t\t<\/div>\n\t\t\t\t<\/div>\n\t\t<div class=\"elementor-element elementor-element-469314a e-flex e-con-boxed e-con e-parent\" data-id=\"469314a\" data-element_type=\"container\" data-e-type=\"container\" data-settings=\"{&quot;background_background&quot;:&quot;classic&quot;}\">\n\t\t\t\t\t<div class=\"e-con-inner\">\n\t\t<div class=\"elementor-element elementor-element-cd86b09 e-con-full e-flex e-con e-child\" data-id=\"cd86b09\" data-element_type=\"container\" data-e-type=\"container\">\n\t\t\t\t<div class=\"elementor-element elementor-element-cf82e3e elementor-widget elementor-widget-heading\" data-id=\"cf82e3e\" data-element_type=\"widget\" data-e-type=\"widget\" data-widget_type=\"heading.default\">\n\t\t\t\t<div class=\"elementor-widget-container\">\n\t\t\t\t\t<h2 class=\"elementor-heading-title elementor-size-default\">Location de bus \u00e0 Antibes : la solution id\u00e9ale pour vos trajets de groupe\n\n<\/h2>\t\t\t\t<\/div>\n\t\t\t\t<\/div>\n\t\t\t\t<div class=\"elementor-element elementor-element-64ec64b elementor-widget elementor-widget-text-editor\" data-id=\"64ec64b\" data-element_type=\"widget\" data-e-type=\"widget\" data-widget_type=\"text-editor.default\">\n\t\t\t\t<div class=\"elementor-widget-container\">\n\t\t\t\t\t\t\t\t\t<p>Organiser un d\u00e9placement en groupe, qu&rsquo;il s&rsquo;agisse d&rsquo;un \u00e9v\u00e9nement professionnel, d&rsquo;une sortie scolaire ou d&rsquo;une escapade touristique, peut vite devenir complexe. Avec notre service de <strong>location de bus \u00e0 Antibes<\/strong>, Francebus simplifie votre logistique en vous proposant des v\u00e9hicules adapt\u00e9s, confortables et accompagn\u00e9s de chauffeurs professionnels. Situ\u00e9e entre Nice et Cannes, Antibes b\u00e9n\u00e9ficie d&rsquo;une localisation strat\u00e9gique pour rayonner sur l&rsquo;ensemble de la C\u00f4te d&rsquo;Azur.<\/p>\n<p>Ville d&rsquo;art, de festivals et de plages, Antibes est une destination tr\u00e8s pris\u00e9e pour les s\u00e9jours de groupe, qu&rsquo;ils soient culturels, festifs ou professionnels. Notre service de <strong>location de bus \u00e0 Antibes<\/strong> s&rsquo;adapte \u00e0 vos besoins, avec un parc de v\u00e9hicules vari\u00e9s allant du minibus \u00e0 l&rsquo;autocar grand confort.<\/p>\t\t\t\t\t\t\t\t<\/div>\n\t\t\t\t<\/div>\n\t\t\t\t<\/div>\n\t\t<div class=\"elementor-element elementor-element-ed53044 e-con-full e-flex e-con e-child\" data-id=\"ed53044\" data-element_type=\"container\" data-e-type=\"container\">\n\t\t\t\t<div class=\"elementor-element elementor-element-53f314d elementor-widget elementor-widget-google_maps\" data-id=\"53f314d\" data-element_type=\"widget\" data-e-type=\"widget\" data-widget_type=\"google_maps.default\">\n\t\t\t\t<div class=\"elementor-widget-container\">\n\t\t\t\t\t\t\t<div class=\"elementor-custom-embed\">\n\t\t\t<iframe loading=\"lazy\"\n\t\t\t\t\tsrc=\"https:\/\/maps.google.com\/maps?q=Antibes&#038;t=m&#038;z=12&#038;output=embed&#038;iwloc=near\"\n\t\t\t\t\ttitle=\"Antibes\"\n\t\t\t\t\taria-label=\"Antibes\"\n\t\t\t><\/iframe>\n\t\t<\/div>\n\t\t\t\t\t\t<\/div>\n\t\t\t\t<\/div>\n\t\t\t\t<\/div>\n\t\t<div class=\"elementor-element elementor-element-19a535c e-con-full e-flex e-con e-child\" data-id=\"19a535c\" data-element_type=\"container\" data-e-type=\"container\">\n\t\t\t\t<div class=\"elementor-element elementor-element-1390d95 elementor-widget__width-auto elementor-widget elementor-widget-heading\" data-id=\"1390d95\" data-element_type=\"widget\" data-e-type=\"widget\" data-widget_type=\"heading.default\">\n\t\t\t\t<div class=\"elementor-widget-container\">\n\t\t\t\t\t<h3 class=\"elementor-heading-title elementor-size-default\"><a href=\"https:\/\/francebus.com\/nos-offres\/entreprises\/\">Pour les entreprises<\/a><\/h3>\t\t\t\t<\/div>\n\t\t\t\t<\/div>\n\t\t\t\t<div class=\"elementor-element elementor-element-f3521d7 elementor-widget elementor-widget-text-editor\" data-id=\"f3521d7\" data-element_type=\"widget\" data-e-type=\"widget\" data-widget_type=\"text-editor.default\">\n\t\t\t\t<div class=\"elementor-widget-container\">\n\t\t\t\t\t\t\t\t\t<p>Nous assurons la <strong>location de bus \u00e0 Antibes<\/strong> pour vos <strong>sorties scolaires<\/strong>, <strong>excursions p\u00e9dagogiques<\/strong>, <strong>voyages linguistiques<\/strong> ou <strong>colonies de vacances<\/strong> dans toute la r\u00e9gion PACA. Nos autocars sont adapt\u00e9s aux normes de s\u00e9curit\u00e9 les plus strictes.<\/p>\t\t\t\t\t\t\t\t<\/div>\n\t\t\t\t<\/div>\n\t\t\t\t<\/div>\n\t\t<div class=\"elementor-element elementor-element-5db9b95 e-con-full e-flex e-con e-child\" data-id=\"5db9b95\" data-element_type=\"container\" data-e-type=\"container\">\n\t\t\t\t<div class=\"elementor-element elementor-element-7624988 elementor-widget__width-auto elementor-widget elementor-widget-heading\" data-id=\"7624988\" data-element_type=\"widget\" data-e-type=\"widget\" data-widget_type=\"heading.default\">\n\t\t\t\t<div class=\"elementor-widget-container\">\n\t\t\t\t\t<h3 class=\"elementor-heading-title elementor-size-default\"><a href=\"https:\/\/francebus.com\/nos-offres\/particuliers\/\">Pour les particuliers<\/a><\/h3>\t\t\t\t<\/div>\n\t\t\t\t<\/div>\n\t\t\t\t<div class=\"elementor-element elementor-element-2466ba6 elementor-widget elementor-widget-text-editor\" data-id=\"2466ba6\" data-element_type=\"widget\" data-e-type=\"widget\" data-widget_type=\"text-editor.default\">\n\t\t\t\t<div class=\"elementor-widget-container\">\n\t\t\t\t\t\t\t\t\t<p><a href=\"https:\/\/francebus-wedding.com\/en\/\" target=\"_blank\" rel=\"noopener\">Vous c\u00e9l\u00e9brez un mariage<\/a>, un anniversaire ou un EVJF\/EVG ? Avec Francebus, vos invit\u00e9s voyagent ensemble, sans tracas logistique. Nous vous accompagnons pour les trajets vers les lieux de r\u00e9ception, les plages du Cap d&rsquo;Antibes ou encore les villas priv\u00e9es. Ponctualit\u00e9, flexibilit\u00e9 et confort sont au rendez-vous pour vos \u00e9v\u00e9nements personnels.<\/p>\t\t\t\t\t\t\t\t<\/div>\n\t\t\t\t<\/div>\n\t\t\t\t<\/div>\n\t\t<div class=\"elementor-element elementor-element-f44311c e-con-full e-flex e-con e-child\" data-id=\"f44311c\" data-element_type=\"container\" data-e-type=\"container\">\n\t\t\t\t<div class=\"elementor-element elementor-element-3f3ae8f elementor-widget__width-auto elementor-widget elementor-widget-heading\" data-id=\"3f3ae8f\" data-element_type=\"widget\" data-e-type=\"widget\" data-widget_type=\"heading.default\">\n\t\t\t\t<div class=\"elementor-widget-container\">\n\t\t\t\t\t<h3 class=\"elementor-heading-title elementor-size-default\"><a href=\"https:\/\/francebus.com\/nos-offres\/ecoles\/\">Pour les \u00e9coles et associations<\/a><\/h3>\t\t\t\t<\/div>\n\t\t\t\t<\/div>\n\t\t\t\t<div class=\"elementor-element elementor-element-c090874 elementor-widget elementor-widget-text-editor\" data-id=\"c090874\" data-element_type=\"widget\" data-e-type=\"widget\" data-widget_type=\"text-editor.default\">\n\t\t\t\t<div class=\"elementor-widget-container\">\n\t\t\t\t\t\t\t\t\t<p>Notre service est adapt\u00e9 aux\u00a0<strong>sorties scolaires et p\u00e9dagogiques<\/strong>,\u00a0<strong>colonies de vacances,<\/strong>\u00a0<strong>voyages associatifs et transports sportifs.<\/strong><\/p>\n<p>Nous mettons \u00e0 votre disposition des autocars r\u00e9pondant aux normes de s\u00e9curit\u00e9 les plus strictes pour transporter les enfants et les jeunes dans les meilleures conditions.<\/p>\t\t\t\t\t\t\t\t<\/div>\n\t\t\t\t<\/div>\n\t\t\t\t<\/div>\n\t\t<div class=\"elementor-element elementor-element-97a1468 e-con-full e-flex e-con e-child\" data-id=\"97a1468\" data-element_type=\"container\" data-e-type=\"container\">\n\t\t\t\t<div class=\"elementor-element elementor-element-8739753 elementor-widget__width-auto elementor-widget elementor-widget-heading\" data-id=\"8739753\" data-element_type=\"widget\" data-e-type=\"widget\" data-widget_type=\"heading.default\">\n\t\t\t\t<div class=\"elementor-widget-container\">\n\t\t\t\t\t<h3 class=\"elementor-heading-title elementor-size-default\"><a href=\"https:\/\/francebus.com\/nos-offres\/particuliers\/\">Pour les touristes<\/a><\/h3>\t\t\t\t<\/div>\n\t\t\t\t<\/div>\n\t\t\t\t<div class=\"elementor-element elementor-element-1ca189d elementor-widget elementor-widget-text-editor\" data-id=\"1ca189d\" data-element_type=\"widget\" data-e-type=\"widget\" data-widget_type=\"text-editor.default\">\n\t\t\t\t<div class=\"elementor-widget-container\">\n\t\t\t\t\t\t\t\t\t<p data-pm-slice=\"1 1 []\">Que vous soyez en vacances \u00e0 Antibes ou que vous organisiez un circuit touristique, notre service s&rsquo;adapte \u00e0 vos envies. Balade en ville, excursion vers les villages perch\u00e9s comme Gourdon, transfert vers l&rsquo;a\u00e9roport de Nice ou journ\u00e9e \u00e0 Monaco : profitez de votre s\u00e9jour sans vous soucier du transport.<\/p>\n<p><!-- \/wp:paragraph --><!-- wp:heading {\"level\":3} --><\/p>\n<p><!-- \/wp:heading --><!-- wp:paragraph --><\/p>\t\t\t\t\t\t\t\t<\/div>\n\t\t\t\t<\/div>\n\t\t\t\t<\/div>\n\t\t<div class=\"elementor-element elementor-element-fd04c4a e-con-full e-flex e-con e-child\" data-id=\"fd04c4a\" data-element_type=\"container\" data-e-type=\"container\" data-settings=\"{&quot;background_background&quot;:&quot;classic&quot;}\">\n\t\t<div class=\"elementor-element elementor-element-cc447bf e-con-full e-flex e-con e-child\" data-id=\"cc447bf\" data-element_type=\"container\" data-e-type=\"container\">\n\t\t\t\t<div class=\"elementor-element elementor-element-baa3c05 elementor-widget elementor-widget-heading\" data-id=\"baa3c05\" data-element_type=\"widget\" data-e-type=\"widget\" data-widget_type=\"heading.default\">\n\t\t\t\t<div class=\"elementor-widget-container\">\n\t\t\t\t\t<h2 class=\"elementor-heading-title elementor-size-default\">Nos services de transport avec chauffeurs \u00e0 Antibes<\/h2>\t\t\t\t<\/div>\n\t\t\t\t<\/div>\n\t\t\t\t<div class=\"elementor-element elementor-element-75ee9cb elementor-widget elementor-widget-image\" data-id=\"75ee9cb\" data-element_type=\"widget\" data-e-type=\"widget\" data-widget_type=\"image.default\">\n\t\t\t\t<div class=\"elementor-widget-container\">\n\t\t\t\t\t\t\t\t\t\t\t\t\t\t\t<img fetchpriority=\"high\" decoding=\"async\" width=\"500\" height=\"500\" src=\"https:\/\/francebus.com\/wp-content\/uploads\/2025\/06\/Bus-53pl-Francebus-Villefranche.jpeg\" class=\"attachment-large size-large wp-image-4791\" alt=\"Location de bus \u00e0 Antibes\" srcset=\"https:\/\/francebus.com\/wp-content\/uploads\/2025\/06\/Bus-53pl-Francebus-Villefranche.jpeg 500w, https:\/\/francebus.com\/wp-content\/uploads\/2025\/06\/Bus-53pl-Francebus-Villefranche-300x300.jpeg 300w, https:\/\/francebus.com\/wp-content\/uploads\/2025\/06\/Bus-53pl-Francebus-Villefranche-150x150.jpeg 150w, https:\/\/francebus.com\/wp-content\/uploads\/2025\/06\/Bus-53pl-Francebus-Villefranche-12x12.jpeg 12w\" sizes=\"(max-width: 500px) 100vw, 500px\" title=\"\">\t\t\t\t\t\t\t\t\t\t\t\t\t\t\t<\/div>\n\t\t\t\t<\/div>\n\t\t\t\t<\/div>\n\t\t<div class=\"elementor-element elementor-element-2076b6b e-con-full e-flex e-con e-child\" data-id=\"2076b6b\" data-element_type=\"container\" data-e-type=\"container\">\n\t\t\t\t<div class=\"elementor-element elementor-element-1042962 elementor-widget elementor-widget-heading\" data-id=\"1042962\" data-element_type=\"widget\" data-e-type=\"widget\" data-widget_type=\"heading.default\">\n\t\t\t\t<div class=\"elementor-widget-container\">\n\t\t\t\t\t<h3 class=\"elementor-heading-title elementor-size-default\">Vans &amp; Minibus (8 \u00e0 20 places)<\/h3>\t\t\t\t<\/div>\n\t\t\t\t<\/div>\n\t\t\t\t<div class=\"elementor-element elementor-element-b2787c2 elementor-widget elementor-widget-text-editor\" data-id=\"b2787c2\" data-element_type=\"widget\" data-e-type=\"widget\" data-widget_type=\"text-editor.default\">\n\t\t\t\t<div class=\"elementor-widget-container\">\n\t\t\t\t\t\t\t\t\t<p>Parfaits pour les petits groupes, nos minibus offrent un excellent compromis entre flexibilit\u00e9 et confort. Ils sont id\u00e9als pour les navettes a\u00e9roport, les visites de ville ou les trajets \u00e0 la carte.<\/p>\t\t\t\t\t\t\t\t<\/div>\n\t\t\t\t<\/div>\n\t\t\t\t<div class=\"elementor-element elementor-element-ef61ae0 elementor-widget elementor-widget-heading\" data-id=\"ef61ae0\" data-element_type=\"widget\" data-e-type=\"widget\" data-widget_type=\"heading.default\">\n\t\t\t\t<div class=\"elementor-widget-container\">\n\t\t\t\t\t<h3 class=\"elementor-heading-title elementor-size-default\">Autocars grand confort (50+ places)<\/h3>\t\t\t\t<\/div>\n\t\t\t\t<\/div>\n\t\t\t\t<div class=\"elementor-element elementor-element-269e510 elementor-widget elementor-widget-text-editor\" data-id=\"269e510\" data-element_type=\"widget\" data-e-type=\"widget\" data-widget_type=\"text-editor.default\">\n\t\t\t\t<div class=\"elementor-widget-container\">\n\t\t\t\t\t\t\t\t\t<p>Id\u00e9aux pour les d\u00e9placements en larges groupes, nos autobus offrent un maximum de confort et de s\u00e9curit\u00e9. Ils sont adapt\u00e9s aux longs trajets, aux \u00e9v\u00e9nements ou aux transferts sur mesure, avec un haut niveau de service.<\/p>\t\t\t\t\t\t\t\t<\/div>\n\t\t\t\t<\/div>\n\t\t\t\t<div class=\"elementor-element elementor-element-410e93e elementor-widget elementor-widget-heading\" data-id=\"410e93e\" data-element_type=\"widget\" data-e-type=\"widget\" data-widget_type=\"heading.default\">\n\t\t\t\t<div class=\"elementor-widget-container\">\n\t\t\t\t\t<h3 class=\"elementor-heading-title elementor-size-default\">Chauffeurs professionnels<\/h3>\t\t\t\t<\/div>\n\t\t\t\t<\/div>\n\t\t\t\t<div class=\"elementor-element elementor-element-bf23a44 elementor-widget elementor-widget-text-editor\" data-id=\"bf23a44\" data-element_type=\"widget\" data-e-type=\"widget\" data-widget_type=\"text-editor.default\">\n\t\t\t\t<div class=\"elementor-widget-container\">\n\t\t\t\t\t\t\t\t\t<p>Nos chauffeurs sont form\u00e9s, exp\u00e9riment\u00e9s et discrets. Leur connaissance de la r\u00e9gion PACA leur permet de s\u2019adapter \u00e0 toutes les situations logistiques. Leur ponctualit\u00e9 et leur amabilit\u00e9 sont souvent salu\u00e9es par nos clients.<\/p>\t\t\t\t\t\t\t\t<\/div>\n\t\t\t\t<\/div>\n\t\t\t\t<div class=\"elementor-element elementor-element-62b0fac elementor-align-left elementor-mobile-align-center elementor-widget elementor-widget-button\" data-id=\"62b0fac\" data-element_type=\"widget\" data-e-type=\"widget\" data-widget_type=\"button.default\">\n\t\t\t\t<div class=\"elementor-widget-container\">\n\t\t\t\t\t\t\t\t\t<div class=\"elementor-button-wrapper\">\n\t\t\t\t\t<a class=\"elementor-button elementor-button-link elementor-size-sm elementor-animation-grow\" href=\"https:\/\/francebus.com\/contact\/\" target=\"_blank\">\n\t\t\t\t\t\t<span class=\"elementor-button-content-wrapper\">\n\t\t\t\t\t\t\t\t\t<span class=\"elementor-button-text\">NOUS CONSULTER<\/span>\n\t\t\t\t\t<\/span>\n\t\t\t\t\t<\/a>\n\t\t\t\t<\/div>\n\t\t\t\t\t\t\t\t<\/div>\n\t\t\t\t<\/div>\n\t\t\t\t<\/div>\n\t\t\t\t<\/div>\n\t\t\t\t\t<\/div>\n\t\t\t\t<\/div>\n\t\t<div class=\"elementor-element elementor-element-100d471 e-con-full e-flex e-con e-parent\" data-id=\"100d471\" data-element_type=\"container\" data-e-type=\"container\" data-settings=\"{&quot;background_background&quot;:&quot;classic&quot;}\">\n\t\t<div class=\"elementor-element elementor-element-e1c9c6e e-con-full e-flex e-con e-child\" data-id=\"e1c9c6e\" data-element_type=\"container\" data-e-type=\"container\" data-settings=\"{&quot;background_background&quot;:&quot;classic&quot;}\">\n\t\t\t\t<div class=\"elementor-element elementor-element-d4826db elementor-widget elementor-widget-image\" data-id=\"d4826db\" data-element_type=\"widget\" data-e-type=\"widget\" data-widget_type=\"image.default\">\n\t\t\t\t<div class=\"elementor-widget-container\">\n\t\t\t\t\t\t\t\t\t\t\t\t\t\t\t<img decoding=\"async\" width=\"1920\" height=\"800\" src=\"https:\/\/francebus.com\/wp-content\/uploads\/2025\/06\/Antibes.jpg\" class=\"attachment-full size-full wp-image-5112\" alt=\"Location de bus \u00e0 Antibes\" srcset=\"https:\/\/francebus.com\/wp-content\/uploads\/2025\/06\/Antibes.jpg 1920w, https:\/\/francebus.com\/wp-content\/uploads\/2025\/06\/Antibes-300x125.jpg 300w, https:\/\/francebus.com\/wp-content\/uploads\/2025\/06\/Antibes-1024x427.jpg 1024w, https:\/\/francebus.com\/wp-content\/uploads\/2025\/06\/Antibes-768x320.jpg 768w, https:\/\/francebus.com\/wp-content\/uploads\/2025\/06\/Antibes-1536x640.jpg 1536w, https:\/\/francebus.com\/wp-content\/uploads\/2025\/06\/Antibes-18x8.jpg 18w\" sizes=\"(max-width: 1920px) 100vw, 1920px\" title=\"\">\t\t\t\t\t\t\t\t\t\t\t\t\t\t\t<\/div>\n\t\t\t\t<\/div>\n\t\t\t\t<\/div>\n\t\t\t\t<\/div>\n\t\t<div class=\"elementor-element elementor-element-a790a38 e-flex e-con-boxed e-con e-parent\" data-id=\"a790a38\" data-element_type=\"container\" data-e-type=\"container\" data-settings=\"{&quot;background_background&quot;:&quot;classic&quot;}\">\n\t\t\t\t\t<div class=\"e-con-inner\">\n\t\t<div class=\"elementor-element elementor-element-fdfb451 e-con-full e-flex e-con e-child\" data-id=\"fdfb451\" data-element_type=\"container\" data-e-type=\"container\" data-settings=\"{&quot;background_background&quot;:&quot;classic&quot;}\">\n\t\t<div class=\"elementor-element elementor-element-6e949e7 e-con-full e-flex e-con e-child\" data-id=\"6e949e7\" data-element_type=\"container\" data-e-type=\"container\">\n\t\t\t\t<div class=\"elementor-element elementor-element-88403e9 elementor-widget elementor-widget-heading\" data-id=\"88403e9\" data-element_type=\"widget\" data-e-type=\"widget\" data-widget_type=\"heading.default\">\n\t\t\t\t<div class=\"elementor-widget-container\">\n\t\t\t\t\t<h2 class=\"elementor-heading-title elementor-size-default\">Destinations populaires<\/h2>\t\t\t\t<\/div>\n\t\t\t\t<\/div>\n\t\t\t\t<div class=\"elementor-element elementor-element-b80b4eb elementor-widget elementor-widget-text-editor\" data-id=\"b80b4eb\" data-element_type=\"widget\" data-e-type=\"widget\" data-widget_type=\"text-editor.default\">\n\t\t\t\t<div class=\"elementor-widget-container\">\n\t\t\t\t\t\t\t\t\t<p>Notre service de <strong>location de bus \u00e0 Antibes<\/strong> permet de nombreuses escapades :<\/p>\n<ul data-spread=\"false\">\n<li>\n<p><strong>Excursion journali\u00e8re<\/strong> : Antibes \u2192 Monaco via la route c\u00f4ti\u00e8re, avec arr\u00eat \u00e0 Eze.<\/p>\n<\/li>\n<li>\n<p><strong>Week-end en groupe<\/strong> : d\u00e9part d\u2019Antibes vers les Gorges du Verdon pour une d\u00e9couverte nature.<\/p>\n<\/li>\n<li>\n<p><strong>Circuits th\u00e9matiques<\/strong> : \u0153notourisme dans le Var, route des parfums \u00e0 Grasse, festivals de jazz ou de musique \u00e9lectronique.<\/p>\n<\/li>\n<\/ul>\n<p>Nos conducteurs peuvent vous accompagner tout au long de votre s\u00e9jour, ou simplement assurer les transferts principaux.<\/p>\n<p>\ud83d\udc49 <a href=\"https:\/\/francebus.com\/top-15-des-lieux-a-visiter-a-antibes-en-autocar\/\" target=\"_blank\" rel=\"noopener\"><span style=\"font-size: 14pt;\">D\u00e9couvrir le Top 15 des lieux \u00e0 visiter \u00e0 Antibes.\u00a0<\/span><\/a><\/p>\t\t\t\t\t\t\t\t<\/div>\n\t\t\t\t<\/div>\n\t\t\t\t<\/div>\n\t\t<div class=\"elementor-element elementor-element-418450e e-con-full e-flex e-con e-child\" data-id=\"418450e\" data-element_type=\"container\" data-e-type=\"container\">\n\t\t\t\t<div class=\"elementor-element elementor-element-6179af3 elementor-widget elementor-widget-heading\" data-id=\"6179af3\" data-element_type=\"widget\" data-e-type=\"widget\" data-widget_type=\"heading.default\">\n\t\t\t\t<div class=\"elementor-widget-container\">\n\t\t\t\t\t<h2 class=\"elementor-heading-title elementor-size-default\"><a href=\"https:\/\/francebus.com\/nos-offres\/particuliers\/\">Points de d\u00e9parts \u00e0 Antibes<\/a><\/h2>\t\t\t\t<\/div>\n\t\t\t\t<\/div>\n\t\t\t\t<div class=\"elementor-element elementor-element-2d87821 elementor-widget elementor-widget-text-editor\" data-id=\"2d87821\" data-element_type=\"widget\" data-e-type=\"widget\" data-widget_type=\"text-editor.default\">\n\t\t\t\t<div class=\"elementor-widget-container\">\n\t\t\t\t\t\t\t\t\t<p>Nous proposons une prise en charge flexible :<\/p>\n<ul data-spread=\"false\">\n<li>\n<p><strong>Gares<\/strong> : gare SNCF d&rsquo;Antibes, gare routi\u00e8re.<\/p>\n<\/li>\n<li>\n<p><strong>A\u00e9roports<\/strong> : a\u00e9roport Nice-C\u00f4te d\u2019Azur, h\u00e9listation d&rsquo;Antibes.<\/p>\n<\/li>\n<li>\n<p><strong>Centres de congr\u00e8s<\/strong> : Palais des Congr\u00e8s Juan-les-Pins.<\/p>\n<\/li>\n<li>\n<p><strong>H\u00f4tels et plages<\/strong> : prise en charge directe dans les \u00e9tablissements partenaires ou sur les lieux d\u2019activit\u00e9.<\/p>\n<\/li>\n<\/ul>\n<p>Nos \u00e9quipes vous accompagnent aussi dans l\u2019optimisation des horaires, l\u2019organisation du trajet, ou la cr\u00e9ation de circuits personnalis\u00e9s.<\/p>\t\t\t\t\t\t\t\t<\/div>\n\t\t\t\t<\/div>\n\t\t\t\t<\/div>\n\t\t<div class=\"elementor-element elementor-element-26570cd e-con-full e-flex e-con e-child\" data-id=\"26570cd\" data-element_type=\"container\" data-e-type=\"container\">\n\t\t<div class=\"elementor-element elementor-element-8d6e0b0 e-con-full e-flex e-con e-child\" data-id=\"8d6e0b0\" data-element_type=\"container\" data-e-type=\"container\">\n\t\t\t\t<div class=\"elementor-element elementor-element-0725cd5 elementor-widget elementor-widget-heading\" data-id=\"0725cd5\" data-element_type=\"widget\" data-e-type=\"widget\" data-widget_type=\"heading.default\">\n\t\t\t\t<div class=\"elementor-widget-container\">\n\t\t\t\t\t<h2 class=\"elementor-heading-title elementor-size-default\">Prix d'une location de bus \u00e0 Antibes<\/h2>\t\t\t\t<\/div>\n\t\t\t\t<\/div>\n\t\t\t\t<\/div>\n\t\t\t\t<div class=\"elementor-element elementor-element-4087799 elementor-widget elementor-widget-text-editor\" data-id=\"4087799\" data-element_type=\"widget\" data-e-type=\"widget\" data-widget_type=\"text-editor.default\">\n\t\t\t\t<div class=\"elementor-widget-container\">\n\t\t\t\t\t\t\t\t\t<ul class=\"wp-block-list\"><!-- wp:list-item --><\/ul>\n<p>Les tarifs de\u00a0<strong>location de bus et autocars<\/strong>\u00a0varient selon plusieurs crit\u00e8res : distance, dur\u00e9e, horaires, type de v\u00e9hicule, services \u00e0 bord, etc. Voici quelques exemples :<\/p>\n<p>Quelques exemples de tarifs <strong>pour louer un autocar ou pour louer un minibus sur la C\u00f4te d&rsquo;Azur,<\/strong> prix non contractuels.<\/p>\n<p>Nous contacter pour <strong>Demander votre <a href=\"https:\/\/francebus.com\/devis\/\" target=\"_blank\" rel=\"noopener\">devis gratuit en ligne pour votre transport de groupe et location d&rsquo;autocar<\/a>.<\/strong><\/p>\n<p><!-- WRAPPER RESPONSIVE --><\/p>\n<div style=\"width: 100%; overflow-x: auto; -webkit-overflow-scrolling: touch;\">\n<p><!-- Tableau Francebus \u2013 Transferts Cannes & r\u00e9gion --><\/p>\n<p><!-- Tableau Francebus \u2013 Transferts C\u00f4te d'Azur & Provence (consolid\u00e9) --><\/p>\n<p><!-- Gare de Cannes -> Cannes centre --><\/p>\n<p><!-- A\u00e9roport de Nice -> Cannes centre --><\/p>\n<p><!-- Monaco -> Cannes centre --><\/p>\n<p><!-- Cassis -> Cannes Port Croisi\u00e8re --><\/p>\n<p><!-- Cannes -> Antibes --><\/p>\n<p><!-- ======= GROUPE : MARSEILLE ======= --><\/p>\n<p><!-- Gare Saint-Charles -> Vieux-Port --><\/p>\n<p><!-- A\u00e9roport MRS -> MPCT --><\/p>\n<p><!-- Aix -> A\u00e9roport MRS --><\/p>\n<p><!-- Cassis -> MPCT --><\/p>\n<p><!-- Parc Chanot -> Vieux-Port --><\/p>\n<p><!-- ======= GROUPE : NICE \u2013 H\u00d4TEL NICE CENTRE ======= --><\/p>\n<p><!-- Gare de Nice -> H\u00f4tel Nice Centre --><\/p>\n<p><!-- A\u00e9roport de Nice -> H\u00f4tel Nice Centre --><\/p>\n<p><!-- Monaco -> H\u00f4tel Nice Centre --><\/p>\n<p><!-- Cannes -> H\u00f4tel Nice Centre --><\/p>\n<p><!-- Marseille -> H\u00f4tel Nice Centre --><\/p>\n<p>&nbsp;<\/p>\n<p>&nbsp;<\/p>\n<p>&nbsp;<\/p>\n<table class=\"fb-table\" style=\"width: 98%; border-collapse: collapse; font-family: system-ui,-apple-system,Segoe UI,Roboto,Ubuntu,'Helvetica Neue',Arial; font-size: 15px;\">\n<caption style=\"caption-side: top; text-align: left; color: #0a2e6e; font-weight: bold; font-size: 20px; padding: 8px 0 12px;\">Francebus \u2014 Transferts &amp; estimations de distances (Cannes \u2022 Marseille \u2022 Nice)<\/caption>\n<thead style=\"background-color: #eef2ff;\">\n<tr style=\"color: #0a2e6e; font-weight: 600;\">\n<th style=\"border: 1px solid #e5e7eb; padding: 10px; text-align: left;\">Point de d\u00e9part<\/th>\n<th style=\"border: 1px solid #e5e7eb; padding: 10px; text-align: left;\">Point d\u2019arriv\u00e9e<\/th>\n<th style=\"border: 1px solid #e5e7eb; padding: 10px; text-align: right; white-space: nowrap;\">Distance (km)<\/th>\n<th style=\"border: 1px solid #e5e7eb; padding: 10px; text-align: left;\">Itin\u00e9raire Google Maps<\/th>\n<th style=\"border: 1px solid #e5e7eb; padding: 10px; text-align: right; white-space: nowrap;\">Minivan 7 places<\/th>\n<th style=\"border: 1px solid #e5e7eb; padding: 10px; text-align: right; white-space: nowrap;\">Minibus 19 places<\/th>\n<th style=\"border: 1px solid #e5e7eb; padding: 10px; text-align: right; white-space: nowrap;\">Autocar 50 places<\/th>\n<\/tr>\n<\/thead>\n<tbody><!-- ======= GROUPE : CANNES & R\u00c9GION ======= -->\n<tr>\n<td style=\"background: #f8fafc; color: #0a2e6e; font-weight: bold; padding: 8px 10px; border: 1px solid #e5e7eb;\" colspan=\"7\">Cannes &amp; r\u00e9gion<\/td>\n<\/tr>\n<tr>\n<td style=\"border: 1px solid #f1f5f9; padding: 10px;\">Gare de Cannes<\/td>\n<td style=\"border: 1px solid #f1f5f9; padding: 10px;\">Antibes centre<\/td>\n<td style=\"border: 1px solid #f1f5f9; padding: 10px; text-align: right;\">~1,0<\/td>\n<td style=\"border: 1px solid #f1f5f9; padding: 10px;\"><a href=\"https:\/\/www.google.com\/maps\/dir\/?api=1&amp;origin=Gare%20SNCF%20de%20Cannes,%20Place%20de%20la%20Gare,%2006400%20Cannes&amp;destination=Cannes%20centre,%2006400%20Cannes&amp;travelmode=driving\" target=\"_blank\" rel=\"nofollow noopener\">Voir l\u2019itin\u00e9raire<\/a><\/td>\n<td style=\"border: 1px solid #f1f5f9; padding: 10px; text-align: right;\">50\u00a0\u20ac<\/td>\n<td style=\"border: 1px solid #f1f5f9; padding: 10px; text-align: right;\">390\u00a0\u20ac<\/td>\n<td style=\"border: 1px solid #f1f5f9; padding: 10px; text-align: right;\">420\u00a0\u20ac<\/td>\n<\/tr>\n<tr style=\"background: #fcfcfd;\">\n<td style=\"border: 1px solid #f1f5f9; padding: 10px;\">Bus A\u00e9roport de Nice<\/td>\n<td style=\"border: 1px solid #f1f5f9; padding: 10px;\">Antibes centre<\/td>\n<td style=\"border: 1px solid #f1f5f9; padding: 10px; text-align: right;\">~28,0<\/td>\n<td style=\"border: 1px solid #f1f5f9; padding: 10px;\"><a href=\"https:\/\/www.google.com\/maps\/dir\/?api=1&amp;origin=Nice%20C%C3%B4te%20d&#039;Azur%20Airport,%20Terminal%201,%2006200%20Nice&amp;destination=Cannes%20centre,%2006400%20Cannes&amp;travelmode=driving\" target=\"_blank\" rel=\"nofollow noopener\">Voir l\u2019itin\u00e9raire<\/a><\/td>\n<td style=\"border: 1px solid #f1f5f9; padding: 10px; text-align: right;\">90\u00a0\u20ac<\/td>\n<td style=\"border: 1px solid #f1f5f9; padding: 10px; text-align: right;\">420\u00a0\u20ac<\/td>\n<td style=\"border: 1px solid #f1f5f9; padding: 10px; text-align: right;\">480\u00a0\u20ac<\/td>\n<\/tr>\n<tr>\n<td style=\"border: 1px solid #f1f5f9; padding: 10px;\">Autocar Monaco<\/td>\n<td style=\"border: 1px solid #f1f5f9; padding: 10px;\">Antibes centre<\/td>\n<td style=\"border: 1px solid #f1f5f9; padding: 10px; text-align: right;\">~55,0<\/td>\n<td style=\"border: 1px solid #f1f5f9; padding: 10px;\"><a href=\"https:\/\/www.google.com\/maps\/dir\/?api=1&amp;origin=Place%20du%20Casino,%2098000%20Monaco&amp;destination=Cannes%20centre,%2006400%20Cannes&amp;travelmode=driving\" target=\"_blank\" rel=\"nofollow noopener\">Voir l\u2019itin\u00e9raire<\/a><\/td>\n<td style=\"border: 1px solid #f1f5f9; padding: 10px; text-align: right;\">120\u00a0\u20ac<\/td>\n<td style=\"border: 1px solid #f1f5f9; padding: 10px; text-align: right;\">440\u00a0\u20ac<\/td>\n<td style=\"border: 1px solid #f1f5f9; padding: 10px; text-align: right;\">490\u00a0\u20ac<\/td>\n<\/tr>\n<tr style=\"background: #fcfcfd;\">\n<td style=\"border: 1px solid #f1f5f9; padding: 10px;\">Journ\u00e9e bus Cannes Croisi\u00e8re<\/td>\n<td style=\"border: 1px solid #f1f5f9; padding: 10px;\">Cannes Port Croisi\u00e8re<\/td>\n<td style=\"border: 1px solid #f1f5f9; padding: 10px; text-align: right;\">~150,0<\/td>\n<td style=\"border: 1px solid #f1f5f9; padding: 10px;\"><a href=\"https:\/\/www.google.com\/maps\/dir\/?api=1&amp;origin=Cassis,%20France&amp;destination=Gare%20Maritime%20-%20Port%20de%20Cannes,%20Quai%20Max%20Laubeuf,%2006400%20Cannes&amp;travelmode=driving\" target=\"_blank\" rel=\"nofollow noopener\">Voir l\u2019itin\u00e9raire<\/a><\/td>\n<td style=\"border: 1px solid #f1f5f9; padding: 10px; text-align: right;\">720\u00a0\u20ac<\/td>\n<td style=\"border: 1px solid #f1f5f9; padding: 10px; text-align: right;\">750\u00a0\u20ac<\/td>\n<td style=\"border: 1px solid #f1f5f9; padding: 10px; text-align: right;\">790\u00a0\u20ac<\/td>\n<\/tr>\n<tr>\n<td style=\"border: 1px solid #f1f5f9; padding: 10px;\">Soir\u00e9e minibus Cannes<\/td>\n<td style=\"border: 1px solid #f1f5f9; padding: 10px;\">Antibes<\/td>\n<td style=\"border: 1px solid #f1f5f9; padding: 10px; text-align: right;\">~10,0<\/td>\n<td style=\"border: 1px solid #f1f5f9; padding: 10px;\"><a href=\"https:\/\/www.google.com\/maps\/dir\/?api=1&amp;origin=Cannes%20centre,%2006400%20Cannes&amp;destination=Antibes%20centre,%2006600%20Antibes&amp;travelmode=driving\" target=\"_blank\" rel=\"nofollow noopener\">Voir l\u2019itin\u00e9raire<\/a><\/td>\n<td style=\"border: 1px solid #f1f5f9; padding: 10px; text-align: right;\">490\u00a0\u20ac<\/td>\n<td style=\"border: 1px solid #f1f5f9; padding: 10px; text-align: right;\">890\u00a0\u20ac<\/td>\n<td style=\"border: 1px solid #f1f5f9; padding: 10px; text-align: right;\">950\u00a0\u20ac<\/td>\n<\/tr>\n<tr>\n<td style=\"background: #f8fafc; color: #0a2e6e; font-weight: bold; padding: 8px 10px; border: 1px solid #e5e7eb;\" colspan=\"7\">Marseille<\/td>\n<\/tr>\n<tr style=\"background: #fcfcfd;\">\n<td style=\"border: 1px solid #f1f5f9; padding: 10px;\">Transfert bus Gare de Marseille<\/td>\n<td style=\"border: 1px solid #f1f5f9; padding: 10px;\">Marseille centre<\/td>\n<td style=\"border: 1px solid #f1f5f9; padding: 10px; text-align: right;\">1,2<\/td>\n<td style=\"border: 1px solid #f1f5f9; padding: 10px;\"><a href=\"https:\/\/www.google.com\/maps\/dir\/?api=1&amp;origin=Gare%20de%20Marseille%20Saint-Charles,%20Marseille&amp;destination=Vieux-Port%20de%20Marseille&amp;travelmode=driving\" target=\"_blank\" rel=\"nofollow noopener\">Voir l\u2019itin\u00e9raire<\/a><\/td>\n<td style=\"border: 1px solid #f1f5f9; padding: 10px; text-align: right;\">70\u00a0\u20ac<\/td>\n<td style=\"border: 1px solid #f1f5f9; padding: 10px; text-align: right;\">450\u00a0\u20ac<\/td>\n<td style=\"border: 1px solid #f1f5f9; padding: 10px; text-align: right;\">480\u00a0\u20ac<\/td>\n<\/tr>\n<tr>\n<td style=\"border: 1px solid #f1f5f9; padding: 10px;\">Transfert bus A\u00e9roport de Marseille Marignane<\/td>\n<td style=\"border: 1px solid #f1f5f9; padding: 10px;\">Port de Marseille<\/td>\n<td style=\"border: 1px solid #f1f5f9; padding: 10px; text-align: right;\">27,0<\/td>\n<td style=\"border: 1px solid #f1f5f9; padding: 10px;\"><a href=\"https:\/\/www.google.com\/maps\/dir\/?api=1&amp;origin=A%C3%A9roport%20Marseille%20Provence,%20Marignane&amp;destination=Marseille%20Provence%20Cruise%20Terminal%20(MPCT),%20Porte%204,%20Marseille&amp;travelmode=driving\" target=\"_blank\" rel=\"nofollow noopener\">Voir l\u2019itin\u00e9raire<\/a><\/td>\n<td style=\"border: 1px solid #f1f5f9; padding: 10px; text-align: right;\">90\u00a0\u20ac<\/td>\n<td style=\"border: 1px solid #f1f5f9; padding: 10px; text-align: right;\">460\u00a0\u20ac<\/td>\n<td style=\"border: 1px solid #f1f5f9; padding: 10px; text-align: right;\">490\u00a0\u20ac<\/td>\n<\/tr>\n<tr style=\"background: #fcfcfd;\">\n<td style=\"border: 1px solid #f1f5f9; padding: 10px;\">Transfert bus Aix-en-Provence<\/td>\n<td style=\"border: 1px solid #f1f5f9; padding: 10px;\">A\u00e9roport de Marseille<\/td>\n<td style=\"border: 1px solid #f1f5f9; padding: 10px; text-align: right;\">27,0<\/td>\n<td style=\"border: 1px solid #f1f5f9; padding: 10px;\"><a href=\"https:\/\/www.google.com\/maps\/dir\/?api=1&amp;origin=H%C3%B4tel%20de%20Ville%20d%27Aix-en-Provence,%20Aix-en-Provence&amp;destination=A%C3%A9roport%20Marseille%20Provence,%20Marignane&amp;travelmode=driving\" target=\"_blank\" rel=\"nofollow noopener\">Voir l\u2019itin\u00e9raire<\/a><\/td>\n<td style=\"border: 1px solid #f1f5f9; padding: 10px; text-align: right;\">150\u00a0\u20ac<\/td>\n<td style=\"border: 1px solid #f1f5f9; padding: 10px; text-align: right;\">450\u00a0\u20ac<\/td>\n<td style=\"border: 1px solid #f1f5f9; padding: 10px; text-align: right;\">490\u00a0\u20ac<\/td>\n<\/tr>\n<tr>\n<td style=\"border: 1px solid #f1f5f9; padding: 10px;\">Journ\u00e9e bus Cassis<\/td>\n<td style=\"border: 1px solid #f1f5f9; padding: 10px;\">Marseille Port Croisi\u00e8re<\/td>\n<td style=\"border: 1px solid #f1f5f9; padding: 10px; text-align: right;\">29,0<\/td>\n<td style=\"border: 1px solid #f1f5f9; padding: 10px;\"><a href=\"https:\/\/www.google.com\/maps\/dir\/?api=1&amp;origin=Office%20de%20Tourisme%20de%20Cassis,%20Cassis&amp;destination=Marseille%20Provence%20Cruise%20Terminal%20(MPCT),%20Porte%204,%20Marseille&amp;travelmode=driving\" target=\"_blank\" rel=\"nofollow noopener\">Voir l\u2019itin\u00e9raire<\/a><\/td>\n<td style=\"border: 1px solid #f1f5f9; padding: 10px; text-align: right;\">720\u00a0\u20ac<\/td>\n<td style=\"border: 1px solid #f1f5f9; padding: 10px; text-align: right;\">750\u00a0\u20ac<\/td>\n<td style=\"border: 1px solid #f1f5f9; padding: 10px; text-align: right;\">790\u00a0\u20ac<\/td>\n<\/tr>\n<tr style=\"background: #fcfcfd;\">\n<td style=\"border: 1px solid #f1f5f9; padding: 10px;\">Soir\u00e9e minibus Marseille<\/td>\n<td style=\"border: 1px solid #f1f5f9; padding: 10px;\">Marseille centre<\/td>\n<td style=\"border: 1px solid #f1f5f9; padding: 10px; text-align: right;\">4,0<\/td>\n<td style=\"border: 1px solid #f1f5f9; padding: 10px;\"><a href=\"https:\/\/www.google.com\/maps\/dir\/?api=1&amp;origin=Parc%20Chanot%20-%20Palais%20des%20Congr%C3%A8s%20et%20des%20Expositions,%20Marseille&amp;destination=Vieux-Port%20de%20Marseille&amp;travelmode=driving\" target=\"_blank\" rel=\"nofollow noopener\">Voir l\u2019itin\u00e9raire<\/a><\/td>\n<td style=\"border: 1px solid #f1f5f9; padding: 10px; text-align: right;\">490\u00a0\u20ac<\/td>\n<td style=\"border: 1px solid #f1f5f9; padding: 10px; text-align: right;\">990\u00a0\u20ac<\/td>\n<td style=\"border: 1px solid #f1f5f9; padding: 10px; text-align: right;\">1190\u00a0\u20ac<\/td>\n<\/tr>\n<tr>\n<td style=\"background: #f8fafc; color: #0a2e6e; font-weight: bold; padding: 8px 10px; border: 1px solid #e5e7eb;\" colspan=\"7\">Nice \u2014 H\u00f4tel Nice Centre<\/td>\n<\/tr>\n<tr style=\"background: #fcfcfd;\">\n<td style=\"border: 1px solid #f1f5f9; padding: 10px;\">Transfert bus Gare de Nice-Ville<\/td>\n<td style=\"border: 1px solid #f1f5f9; padding: 10px;\">H\u00f4tel Nice Centre<\/td>\n<td style=\"border: 1px solid #f1f5f9; padding: 10px; text-align: right;\">1,2<\/td>\n<td style=\"border: 1px solid #f1f5f9; padding: 10px;\"><a href=\"https:\/\/www.google.com\/maps\/dir\/?api=1&amp;origin=Gare%20de%20Nice-Ville,%20Avenue%20Thiers,%2006000%20Nice&amp;destination=H%C3%B4tel%20Nice%20Centre,%2006000%20Nice&amp;travelmode=driving\" target=\"_blank\" rel=\"nofollow noopener\">Voir l\u2019itin\u00e9raire<\/a><\/td>\n<td style=\"border: 1px solid #f1f5f9; padding: 10px; text-align: right;\">50\u00a0\u20ac<\/td>\n<td style=\"border: 1px solid #f1f5f9; padding: 10px; text-align: right;\">350\u00a0\u20ac<\/td>\n<td style=\"border: 1px solid #f1f5f9; padding: 10px; text-align: right;\">390\u00a0\u20ac<\/td>\n<\/tr>\n<tr>\n<td style=\"border: 1px solid #f1f5f9; padding: 10px;\">Transfert bus A\u00e9roport de Nice (T1)<\/td>\n<td style=\"border: 1px solid #f1f5f9; padding: 10px;\">H\u00f4tel Nice Centre<\/td>\n<td style=\"border: 1px solid #f1f5f9; padding: 10px; text-align: right;\">7,5<\/td>\n<td style=\"border: 1px solid #f1f5f9; padding: 10px;\"><a href=\"https:\/\/www.google.com\/maps\/dir\/?api=1&amp;origin=Nice%20Airport%20Terminal%201,%2006200%20Nice&amp;destination=H%C3%B4tel%20Nice%20Centre,%2006000%20Nice&amp;travelmode=driving\" target=\"_blank\" rel=\"nofollow noopener\">Voir l\u2019itin\u00e9raire<\/a><\/td>\n<td style=\"border: 1px solid #f1f5f9; padding: 10px; text-align: right;\">70\u00a0\u20ac<\/td>\n<td style=\"border: 1px solid #f1f5f9; padding: 10px; text-align: right;\">390\u00a0\u20ac<\/td>\n<td style=\"border: 1px solid #f1f5f9; padding: 10px; text-align: right;\">420\u00a0\u20ac<\/td>\n<\/tr>\n<tr style=\"background: #fcfcfd;\">\n<td style=\"border: 1px solid #f1f5f9; padding: 10px;\">Transfert bus Monaco (Place du Casino)<\/td>\n<td style=\"border: 1px solid #f1f5f9; padding: 10px;\">H\u00f4tel Nice Centre<\/td>\n<td style=\"border: 1px solid #f1f5f9; padding: 10px; text-align: right;\">21,0<\/td>\n<td style=\"border: 1px solid #f1f5f9; padding: 10px;\"><a href=\"https:\/\/www.google.com\/maps\/dir\/?api=1&amp;origin=Place%20du%20Casino,%2098000%20Monaco&amp;destination=H%C3%B4tel%20Nice%20Centre,%2006000%20Nice&amp;travelmode=driving\" target=\"_blank\" rel=\"nofollow noopener\">Voir l\u2019itin\u00e9raire<\/a><\/td>\n<td style=\"border: 1px solid #f1f5f9; padding: 10px; text-align: right;\">110\u00a0\u20ac<\/td>\n<td style=\"border: 1px solid #f1f5f9; padding: 10px; text-align: right;\">450\u00a0\u20ac<\/td>\n<td style=\"border: 1px solid #f1f5f9; padding: 10px; text-align: right;\">490\u00a0\u20ac<\/td>\n<\/tr>\n<tr>\n<td style=\"border: 1px solid #f1f5f9; padding: 10px;\">Transfert bus Cannes (Palais des Festivals)<\/td>\n<td style=\"border: 1px solid #f1f5f9; padding: 10px;\">H\u00f4tel Nice Centre<\/td>\n<td style=\"border: 1px solid #f1f5f9; padding: 10px; text-align: right;\">33,0<\/td>\n<td style=\"border: 1px solid #f1f5f9; padding: 10px;\"><a href=\"https:\/\/www.google.com\/maps\/dir\/?api=1&amp;origin=Palais%20des%20Festivals%20et%20des%20Congr%C3%A8s,%20Cannes&amp;destination=H%C3%B4tel%20Nice%20Centre,%2006000%20Nice&amp;travelmode=driving\" target=\"_blank\" rel=\"nofollow noopener\">Voir l\u2019itin\u00e9raire<\/a><\/td>\n<td style=\"border: 1px solid #f1f5f9; padding: 10px; text-align: right;\">110\u00a0\u20ac<\/td>\n<td style=\"border: 1px solid #f1f5f9; padding: 10px; text-align: right;\">450\u00a0\u20ac<\/td>\n<td style=\"border: 1px solid #f1f5f9; padding: 10px; text-align: right;\">490\u00a0\u20ac<\/td>\n<\/tr>\n<tr style=\"background: #fcfcfd;\">\n<td style=\"border: 1px solid #f1f5f9; padding: 10px;\">Transfert bus Marseille (Gare Saint-Charles)<\/td>\n<td style=\"border: 1px solid #f1f5f9; padding: 10px;\">H\u00f4tel Nice Centre<\/td>\n<td style=\"border: 1px solid #f1f5f9; padding: 10px; text-align: right;\">199,0<\/td>\n<td style=\"border: 1px solid #f1f5f9; padding: 10px;\"><a href=\"https:\/\/www.google.com\/maps\/dir\/?api=1&amp;origin=Gare%20de%20Marseille%20Saint-Charles,%20Marseille&amp;destination=H%C3%B4tel%20Nice%20Centre,%2006000%20Nice&amp;travelmode=driving\" target=\"_blank\" rel=\"nofollow noopener\">Voir l\u2019itin\u00e9raire<\/a><\/td>\n<td style=\"border: 1px solid #f1f5f9; padding: 10px; text-align: right;\">490\u00a0\u20ac<\/td>\n<td style=\"border: 1px solid #f1f5f9; padding: 10px; text-align: right;\">950\u00a0\u20ac<\/td>\n<td style=\"border: 1px solid #f1f5f9; padding: 10px; text-align: right;\">1190\u00a0\u20ac<\/td>\n<\/tr>\n<\/tbody>\n<\/table>\n<\/div>\n<p>Demandez votre <a href=\"https:\/\/francebus.com\/devis\/\">devis gratuit<\/a> et faites votre <a href=\"https:\/\/francebus.com\/contact\/\">r\u00e9servation en ligne<\/a>.\u00a0<\/p>\n<p>Nous contacter pour <strong>Demander votre <a href=\"https:\/\/francebus.com\/devis\/\" target=\"_blank\" rel=\"noopener\">devis gratuit en ligne pour votre transport de groupe<\/a>.<\/strong><\/p>\n<p style=\"padding-left: 40px;\"><strong>France Bus, votre partenaire pour la r\u00e9servation d&rsquo;autocars et minibus avec chauffeur\u00a0: des autocaristes \u00e0 votre \u00e9coute\u00a0!<\/strong><\/p>\t\t\t\t\t\t\t\t<\/div>\n\t\t\t\t<\/div>\n\t\t\t\t<div class=\"elementor-element elementor-element-2c54ded elementor-widget elementor-widget-template\" data-id=\"2c54ded\" data-element_type=\"widget\" data-e-type=\"widget\" data-widget_type=\"template.default\">\n\t\t\t\t<div class=\"elementor-widget-container\">\n\t\t\t\t\t\t\t<div class=\"elementor-template\">\n\t\t\t\t\t<div data-elementor-type=\"section\" data-elementor-id=\"843\" class=\"elementor elementor-843\" data-elementor-post-type=\"elementor_library\">\n\t\t\t<div class=\"elementor-element elementor-element-69f7b78 e-flex e-con-boxed e-con e-parent\" data-id=\"69f7b78\" data-element_type=\"container\" data-e-type=\"container\">\n\t\t\t\t\t<div class=\"e-con-inner\">\n\t\t<div class=\"elementor-element elementor-element-6f8e15b e-con-full e-flex e-con e-child\" data-id=\"6f8e15b\" data-element_type=\"container\" data-e-type=\"container\">\n\t\t<div class=\"elementor-element elementor-element-a31a6d4 e-con-full e-flex e-con e-child\" data-id=\"a31a6d4\" data-element_type=\"container\" data-e-type=\"container\">\n\t\t<div class=\"elementor-element elementor-element-dfc4a42 e-con-full e-flex e-con e-child\" data-id=\"dfc4a42\" data-element_type=\"container\" data-e-type=\"container\" data-settings=\"{&quot;background_background&quot;:&quot;classic&quot;}\">\n\t\t\t\t<div class=\"elementor-element elementor-element-e1490c9 elementor-widget elementor-widget-heading\" data-id=\"e1490c9\" data-element_type=\"widget\" data-e-type=\"widget\" data-widget_type=\"heading.default\">\n\t\t\t\t<div class=\"elementor-widget-container\">\n\t\t\t\t\t<h2 class=\"elementor-heading-title elementor-size-default\">R\u00e9server maintenant<\/h2>\t\t\t\t<\/div>\n\t\t\t\t<\/div>\n\t\t\t\t<div class=\"elementor-element elementor-element-5bfa02e elementor-view-stacked elementor-shape-square elementor-position-inline-start elementor-mobile-position-inline-start elementor-widget elementor-widget-icon-box\" data-id=\"5bfa02e\" data-element_type=\"widget\" data-e-type=\"widget\" data-widget_type=\"icon-box.default\">\n\t\t\t\t<div class=\"elementor-widget-container\">\n\t\t\t\t\t\t\t<div class=\"elementor-icon-box-wrapper\">\n\n\t\t\t\t\t\t<div class=\"elementor-icon-box-icon\">\n\t\t\t\t<span  class=\"elementor-icon\">\n\t\t\t\t<i aria-hidden=\"true\" class=\"icon icon-phone-call1\"><\/i>\t\t\t\t<\/span>\n\t\t\t<\/div>\n\t\t\t\n\t\t\t\t\t\t<div class=\"elementor-icon-box-content\">\n\n\t\t\t\t\t\t\t\t\t<h3 class=\"elementor-icon-box-title\">\n\t\t\t\t\t\t<span  >\n\t\t\t\t\t\t\tDevis gratuit et rapide\t\t\t\t\t\t<\/span>\n\t\t\t\t\t<\/h3>\n\t\t\t\t\n\t\t\t\t\t\t\t\t\t<p class=\"elementor-icon-box-description\">\n\t\t\t\t\t\t+33(0)9 72 56 72 89\t\t\t\t\t<\/p>\n\t\t\t\t\n\t\t\t<\/div>\n\t\t\t\n\t\t<\/div>\n\t\t\t\t\t\t<\/div>\n\t\t\t\t<\/div>\n\t\t\t\t<\/div>\n\t\t<div class=\"elementor-element elementor-element-ef58df7 e-con-full e-flex e-con e-child\" data-id=\"ef58df7\" data-element_type=\"container\" data-e-type=\"container\" data-settings=\"{&quot;background_background&quot;:&quot;classic&quot;}\">\n\t\t\t\t<div class=\"elementor-element elementor-element-5003474 elementor-widget elementor-widget-heading\" data-id=\"5003474\" data-element_type=\"widget\" data-e-type=\"widget\" data-widget_type=\"heading.default\">\n\t\t\t\t<div class=\"elementor-widget-container\">\n\t\t\t\t\t<h3 class=\"elementor-heading-title elementor-size-default\">DEVIS EN LIGNE<\/h3>\t\t\t\t<\/div>\n\t\t\t\t<\/div>\n\t\t\t\t<div class=\"elementor-element elementor-element-04c8f10 elementor-widget elementor-widget-jet-form-builder-form\" data-id=\"04c8f10\" data-element_type=\"widget\" data-e-type=\"widget\" id=\"form-booking-home-page\" data-widget_type=\"jet-form-builder-form.default\">\n\t\t\t\t<div class=\"elementor-widget-container\">\n\t\t\t\t\t<link rel='stylesheet' id='wp-block-library-css' href='https:\/\/francebus.com\/wp-includes\/css\/dist\/block-library\/style.min.css' media='all' \/>\n<style id=\"jet-form-builder-861-inline-css\"><\/style><form  class=\"jet-form-builder layout-column submit-type-reload\" action=\"https:\/\/francebus.com\/en\/wp-json\/wp\/v2\/pages\/5120\/?CWNU8O=ivHR8pc5vR&amp;method=reload\" method=\"POST\" data-form-id=\"861\" data-layout=\"column\" enctype=\"multipart\/form-data\" novalidate=\"null\" ssr_validation_method=\"rest\">\r\n<input type=\"hidden\" name=\"_jfb_current_render_states[]\" value=\"DEFAULT.STATE\" data-jfb-sync \/><input type=\"hidden\" class=\"jet-form-builder__field hidden-field\" name=\"_jet_engine_booking_form_id\" data-field-name=\"_jet_engine_booking_form_id\" value=\"861\">\n<input type=\"hidden\" class=\"jet-form-builder__field hidden-field\" name=\"_jet_engine_refer\" data-field-name=\"_jet_engine_refer\" value=\"https:\/\/francebus.com\/en\/wp-json\/wp\/v2\/pages\/5120\/\">\n<input type=\"hidden\" class=\"jet-form-builder__field hidden-field\" name=\"__queried_post_id\" data-field-name=\"__queried_post_id\" value=\"5120\">\n<input type=\"hidden\" class=\"jet-form-builder__field hidden-field\" name=\"_user_journey\" data-field-name=\"_user_journey\">\n\n<div class=\"wp-block-columns is-layout-flex wp-container-core-columns-is-layout-28f84493 wp-block-columns-is-layout-flex\">\n<div class=\"wp-block-column is-layout-flow wp-block-column-is-layout-flow\"><div  data-validation-type=\"advanced\" class=\"jet-form-builder-row field-type-text-field\" >\n<div class=\"jet-form-builder__label\">\r\n<div class=\"jet-form-builder__label-text\">De<\/div><\/div><div class=\"jet-form-builder__field-wrap\">\n\t\t\t\t<input name=\"departure_address\" id=\"departure_address\" type=\"text\" data-field-name=\"departure_address\" class=\"jet-form-builder__field text-field\" data-jfb-sync=\"null\" autocomplete=\"off_JcWgxi4v\">\n\t\t\t\t\t<\/div>\n<\/div><\/div>\n\n\n\n<div class=\"wp-block-column is-layout-flow wp-block-column-is-layout-flow\"><div  class=\"jet-form-builder-row field-type-text-field\" >\n<div class=\"jet-form-builder__label\">\r\n<div class=\"jet-form-builder__label-text\">Destination<\/div><\/div><div class=\"jet-form-builder__field-wrap\">\n\t\t\t\t<input name=\"destination_address\" id=\"destination_address\" type=\"text\" data-field-name=\"destination_address\" class=\"jet-form-builder__field text-field\" data-jfb-sync=\"null\" autocomplete=\"off_MqPaIb4E\">\n\t\t\t\t\t<\/div>\n<\/div><\/div>\n\n\n\n<div class=\"wp-block-column is-layout-flow wp-block-column-is-layout-flow\"><div  data-validation-type=\"advanced\" class=\"jet-form-builder-row field-type-datetime-field\" >\n<div class=\"jet-form-builder__label\">\r\n<div class=\"jet-form-builder__label-text\">Date et temps de d\u00e9part<\/div><\/div><input class=\"jet-form-builder__field datetime-field\" name=\"departure_date\" type=\"datetime-local\" data-field-name=\"departure_date\" id=\"departure_date\" data-jfb-sync=\"null\">\n<\/div><\/div>\n<\/div>\n\n\n\n<div class=\"wp-block-columns is-layout-flex wp-container-core-columns-is-layout-28f84493 wp-block-columns-is-layout-flex\">\n<div class=\"wp-block-column is-layout-flow wp-block-column-is-layout-flow\"><div  class=\"jet-form-builder-row field-type-select-field wp-block-jet-forms-select-field\">\n<div class=\"jet-form-builder__label\">\r\n<div class=\"jet-form-builder__label-text\">Type de v\u00e9hicule<\/div><\/div><div class=\"jet-form-builder__field-wrap\">\n\t<select class=\"jet-form-builder__field select-field\" name=\"type_of_transport\" data-field-name=\"type_of_transport\" id=\"type_of_transport\" data-jfb-sync=\"null\">\n\t\t<option value=\"0\" >Select transport type<\/option><option value=\"Berline < 3 places\" >Berline < 3 places<\/option><option value=\"Minivan < 7 places\" >Minivan < 7 places<\/option><option value=\"Minibus < 19 places\" >Minibus < 19 places<\/option><option value=\"Minibus < 25\/35 places\" >Minibus < 25\/35 places<\/option><option value=\"Autocar > 50 places\" >Autocar > 50 places<\/option>\t<\/select>\n<\/div>\n<\/div><\/div>\n\n\n\n<div class=\"wp-block-column is-layout-flow wp-block-column-is-layout-flow\"><div  class=\"jet-form-builder-row field-type-number-field\" >\n<div class=\"jet-form-builder__label\">\r\n<div class=\"jet-form-builder__label-text\">Nombre de passagers<\/div><\/div><div class=\"jet-form-builder__field-wrap\">\n\t\t<input type=\"number\" class=\"jet-form-builder__field text-field\" name=\"passengers\" data-field-name=\"passengers\" id=\"passengers\" data-jfb-sync=\"null\">\n\t<\/div>\n<\/div><\/div>\n\n\n\n<div class=\"wp-block-column is-vertically-aligned-bottom is-layout-flow wp-block-column-is-layout-flow\"><input type=\"hidden\" class=\"captcha-token\" name=\"_captcha_token\" value=\"\"\/><div  class=\"jet-form-builder-row field-type-submit-field\" >\n\t<div data-type=\"submit\" class=\"jet-form-builder__action-button-wrapper jet-form-builder__submit-wrap\">\n\t<button class=\"jet-form-builder__action-button button-book-homepage jet-form-builder__submit submit-type-reload\" type=\"submit\">LOUER VOTRE BUS<\/button>\n\t<\/div>\n\t\n<\/div><\/div>\n<\/div>\n\t<div class=\"jet-form-builder-messages-wrap\" data-form-id=\"861\"><\/div>\n<\/form>\n\t\t\t\t<\/div>\n\t\t\t\t<\/div>\n\t\t\t\t<\/div>\n\t\t\t\t<\/div>\n\t\t\t\t<\/div>\n\t\t\t\t\t<\/div>\n\t\t\t\t<\/div>\n\t\t<div class=\"elementor-element elementor-element-e7e5369 e-flex e-con-boxed e-con e-parent\" data-id=\"e7e5369\" data-element_type=\"container\" data-e-type=\"container\">\n\t\t\t\t\t<div class=\"e-con-inner\">\n\t\t\t\t\t<\/div>\n\t\t\t\t<\/div>\n\t\t\t\t<\/div>\n\t\t\t\t<\/div>\n\t\t\t\t\t\t<\/div>\n\t\t\t\t<\/div>\n\t\t\t\t<\/div>\n\t\t\t\t<\/div>\n\t\t\t\t\t<\/div>\n\t\t\t\t<\/div>\n\t\t<div class=\"elementor-element elementor-element-5faae0e e-flex e-con-boxed e-con e-parent\" data-id=\"5faae0e\" data-element_type=\"container\" data-e-type=\"container\" data-settings=\"{&quot;background_background&quot;:&quot;classic&quot;}\">\n\t\t\t\t\t<div class=\"e-con-inner\">\n\t\t<div class=\"elementor-element elementor-element-dfb9cce e-con-full e-flex e-con e-child\" data-id=\"dfb9cce\" data-element_type=\"container\" data-e-type=\"container\">\n\t\t\t\t<div class=\"elementor-element elementor-element-dca536b elementor-widget elementor-widget-heading\" data-id=\"dca536b\" data-element_type=\"widget\" data-e-type=\"widget\" data-widget_type=\"heading.default\">\n\t\t\t\t<div class=\"elementor-widget-container\">\n\t\t\t\t\t<h2 class=\"elementor-heading-title elementor-size-default\">Questions Fr\u00e9quentes<\/h2>\t\t\t\t<\/div>\n\t\t\t\t<\/div>\n\t\t\t\t<div class=\"elementor-element elementor-element-ed824fd elementor-widget elementor-widget-n-accordion\" data-id=\"ed824fd\" data-element_type=\"widget\" data-e-type=\"widget\" data-settings=\"{&quot;default_state&quot;:&quot;all_collapsed&quot;,&quot;max_items_expended&quot;:&quot;one&quot;,&quot;n_accordion_animation_duration&quot;:{&quot;unit&quot;:&quot;ms&quot;,&quot;size&quot;:400,&quot;sizes&quot;:[]}}\" data-widget_type=\"nested-accordion.default\">\n\t\t\t\t<div class=\"elementor-widget-container\">\n\t\t\t\t\t\t\t<div class=\"e-n-accordion\" aria-label=\"Accordion. Open links with Enter or Space, close with Escape, and navigate with Arrow Keys\">\n\t\t\t\t\t\t<details id=\"e-n-accordion-item-2490\" class=\"e-n-accordion-item\" >\n\t\t\t\t<summary class=\"e-n-accordion-item-title\" data-accordion-index=\"1\" tabindex=\"0\" aria-expanded=\"false\" aria-controls=\"e-n-accordion-item-2490\" >\n\t\t\t\t\t<span class='e-n-accordion-item-title-header'><div class=\"e-n-accordion-item-title-text\"> Quel est le prix d\u2019une location de bus \u00e0 Antibes ? <\/div><\/span>\n\t\t\t\t\t\t\t<span class='e-n-accordion-item-title-icon'>\n\t\t\t<span class='e-opened' ><i aria-hidden=\"true\" class=\" ti-arrow-top-right\"><\/i><\/span>\n\t\t\t<span class='e-closed'><i aria-hidden=\"true\" class=\" arrow_left-down\"><\/i><\/span>\n\t\t<\/span>\n\n\t\t\t\t\t\t<\/summary>\n\t\t\t\t<div role=\"region\" aria-labelledby=\"e-n-accordion-item-2490\" class=\"elementor-element elementor-element-e3bcf5a e-con-full e-flex e-con e-child\" data-id=\"e3bcf5a\" data-element_type=\"container\" data-e-type=\"container\">\n\t\t\t\t<div class=\"elementor-element elementor-element-20a4145 elementor-widget elementor-widget-text-editor\" data-id=\"20a4145\" data-element_type=\"widget\" data-e-type=\"widget\" data-widget_type=\"text-editor.default\">\n\t\t\t\t<div class=\"elementor-widget-container\">\n\t\t\t\t\t\t\t\t\t<p data-pm-slice=\"1 1 []\">Tout d\u00e9pend du trajet, du nombre de personnes et du type de v\u00e9hicule. Pour plus d&rsquo;informations sur la construction de nos tarifs, <a href=\"https:\/\/francebus.com\/faq\/\">consultez notre FAQ compl\u00e8te !<\/a><\/p>\t\t\t\t\t\t\t\t<\/div>\n\t\t\t\t<\/div>\n\t\t\t\t<\/div>\n\t\t\t\t\t<\/details>\n\t\t\t\t\t\t<details id=\"e-n-accordion-item-2491\" class=\"e-n-accordion-item\" >\n\t\t\t\t<summary class=\"e-n-accordion-item-title\" data-accordion-index=\"2\" tabindex=\"-1\" aria-expanded=\"false\" aria-controls=\"e-n-accordion-item-2491\" >\n\t\t\t\t\t<span class='e-n-accordion-item-title-header'><div class=\"e-n-accordion-item-title-text\"> Combien de temps \u00e0 l\u2019avance faut-il r\u00e9server votre location de bus \u00e0 Antibes ? <\/div><\/span>\n\t\t\t\t\t\t\t<span class='e-n-accordion-item-title-icon'>\n\t\t\t<span class='e-opened' ><i aria-hidden=\"true\" class=\" ti-arrow-top-right\"><\/i><\/span>\n\t\t\t<span class='e-closed'><i aria-hidden=\"true\" class=\" arrow_left-down\"><\/i><\/span>\n\t\t<\/span>\n\n\t\t\t\t\t\t<\/summary>\n\t\t\t\t<div role=\"region\" aria-labelledby=\"e-n-accordion-item-2491\" class=\"elementor-element elementor-element-800a608 e-con-full e-flex e-con e-child\" data-id=\"800a608\" data-element_type=\"container\" data-e-type=\"container\">\n\t\t\t\t<div class=\"elementor-element elementor-element-82a7ca4 elementor-widget elementor-widget-text-editor\" data-id=\"82a7ca4\" data-element_type=\"widget\" data-e-type=\"widget\" data-widget_type=\"text-editor.default\">\n\t\t\t\t<div class=\"elementor-widget-container\">\n\t\t\t\t\t\t\t\t\t<p>Id\u00e9alement au moins un mois avant la date souhait\u00e9e, surtout en haute saison. Mais nous essayons \u00e0 chaque fois de trouver une solution m\u00eame lorsque les d\u00e9lais sont courts.\u00a0<\/p>\t\t\t\t\t\t\t\t<\/div>\n\t\t\t\t<\/div>\n\t\t\t\t<\/div>\n\t\t\t\t\t<\/details>\n\t\t\t\t\t\t<details id=\"e-n-accordion-item-2492\" class=\"e-n-accordion-item\" >\n\t\t\t\t<summary class=\"e-n-accordion-item-title\" data-accordion-index=\"3\" tabindex=\"-1\" aria-expanded=\"false\" aria-controls=\"e-n-accordion-item-2492\" >\n\t\t\t\t\t<span class='e-n-accordion-item-title-header'><div class=\"e-n-accordion-item-title-text\"> Peut-on faire un trajet international depuis Antibes ? <\/div><\/span>\n\t\t\t\t\t\t\t<span class='e-n-accordion-item-title-icon'>\n\t\t\t<span class='e-opened' ><i aria-hidden=\"true\" class=\" ti-arrow-top-right\"><\/i><\/span>\n\t\t\t<span class='e-closed'><i aria-hidden=\"true\" class=\" arrow_left-down\"><\/i><\/span>\n\t\t<\/span>\n\n\t\t\t\t\t\t<\/summary>\n\t\t\t\t<div role=\"region\" aria-labelledby=\"e-n-accordion-item-2492\" class=\"elementor-element elementor-element-fca1b1f e-con-full e-flex e-con e-child\" data-id=\"fca1b1f\" data-element_type=\"container\" data-e-type=\"container\">\n\t\t\t\t<div class=\"elementor-element elementor-element-f3df271 elementor-widget elementor-widget-text-editor\" data-id=\"f3df271\" data-element_type=\"widget\" data-e-type=\"widget\" data-widget_type=\"text-editor.default\">\n\t\t\t\t<div class=\"elementor-widget-container\">\n\t\t\t\t\t\t\t\t\t<p data-pm-slice=\"1 1 []\">Oui ! Italie, Espagne, Suisse, Allemagne : nous couvrons l\u2019Europe.<\/p>\t\t\t\t\t\t\t\t<\/div>\n\t\t\t\t<\/div>\n\t\t\t\t<\/div>\n\t\t\t\t\t<\/details>\n\t\t\t\t\t\t<details id=\"e-n-accordion-item-2493\" class=\"e-n-accordion-item\" >\n\t\t\t\t<summary class=\"e-n-accordion-item-title\" data-accordion-index=\"4\" tabindex=\"-1\" aria-expanded=\"false\" aria-controls=\"e-n-accordion-item-2493\" >\n\t\t\t\t\t<span class='e-n-accordion-item-title-header'><div class=\"e-n-accordion-item-title-text\"> Que voir ou visiter \u00e0 Antibes ? <\/div><\/span>\n\t\t\t\t\t\t\t<span class='e-n-accordion-item-title-icon'>\n\t\t\t<span class='e-opened' ><i aria-hidden=\"true\" class=\" ti-arrow-top-right\"><\/i><\/span>\n\t\t\t<span class='e-closed'><i aria-hidden=\"true\" class=\" arrow_left-down\"><\/i><\/span>\n\t\t<\/span>\n\n\t\t\t\t\t\t<\/summary>\n\t\t\t\t<div role=\"region\" aria-labelledby=\"e-n-accordion-item-2493\" class=\"elementor-element elementor-element-5360d82 e-con-full e-flex e-con e-child\" data-id=\"5360d82\" data-element_type=\"container\" data-e-type=\"container\">\n\t\t\t\t<div class=\"elementor-element elementor-element-6f5495d elementor-widget elementor-widget-text-editor\" data-id=\"6f5495d\" data-element_type=\"widget\" data-e-type=\"widget\" data-widget_type=\"text-editor.default\">\n\t\t\t\t<div class=\"elementor-widget-container\">\n\t\t\t\t\t\t\t\t\t<ul>\n<li><strong>Le Vieil Antibes<\/strong> : Ce quartier historique aux ruelles pav\u00e9es, bord\u00e9 de maisons color\u00e9es et de petites places anim\u00e9es, est id\u00e9al pour une promenade authentique. Ne manquez pas le <strong>march\u00e9 proven\u00e7al<\/strong> du cours Mass\u00e9na.<\/li>\n<li>\n<p><strong>Le Fort Carr\u00e9<\/strong> : Monument historique datant du XVIe si\u00e8cle, il offre une vue panoramique spectaculaire sur la mer M\u00e9diterran\u00e9e et le port Vauban. Parfait pour les amateurs d&rsquo;histoire et de photographie.<\/p>\n<\/li>\n<li>\n<p><strong>Le Mus\u00e9e Picasso<\/strong> : Situ\u00e9 dans le ch\u00e2teau Grimaldi, ce mus\u00e9e rend hommage \u00e0 l&rsquo;artiste qui y s\u00e9journa en 1946. Il abrite une collection unique de peintures, dessins et c\u00e9ramiques.<\/p>\n<\/li>\n<li>\n<p><strong>La plage de la Gravette<\/strong> et le <strong>Cap d&rsquo;Antibes<\/strong> : Pour une pause farniente ou une balade nature. Le sentier du littoral est l&rsquo;un des plus beaux de la C\u00f4te d&rsquo;Azur, entre criques turquoise et pins maritimes.<\/p>\n<\/li>\n<li>\n<p><strong>Le Port Vauban<\/strong> : Plus grand port de plaisance d&rsquo;Europe, o\u00f9 l&rsquo;on peut admirer certains des yachts les plus luxueux au monde. Un lieu \u00e0 voir absolument, surtout en fin de journ\u00e9e pour profiter du coucher de soleil.<\/p>\n<\/li>\n<li>\n<p><strong>Marineland<\/strong> : Id\u00e9al pour une sortie en famille ou en groupe scolaire. Ce parc marin propose spectacles, aquariums et rencontres avec les animaux marins.<\/p>\n<\/li>\n<\/ul>\t\t\t\t\t\t\t\t<\/div>\n\t\t\t\t<\/div>\n\t\t\t\t<\/div>\n\t\t\t\t\t<\/details>\n\t\t\t\t\t<\/div>\n\t\t\t\t\t<script type=\"application\/ld+json\">{\"@context\":\"https:\\\/\\\/schema.org\",\"@type\":\"FAQPage\",\"mainEntity\":[{\"@type\":\"Question\",\"name\":\"Quel est le prix d\\u2019une location de bus \\u00e0 Antibes ?\",\"acceptedAnswer\":{\"@type\":\"Answer\",\"text\":\"Tout d\\u00e9pend du trajet, du nombre de personnes et du type de v\\u00e9hicule. Pour plus d&rsquo;informations sur la construction de nos tarifs, consultez notre FAQ compl\\u00e8te !\"}},{\"@type\":\"Question\",\"name\":\"Combien de temps \\u00e0 l\\u2019avance faut-il r\\u00e9server votre location de bus \\u00e0 Antibes ?\",\"acceptedAnswer\":{\"@type\":\"Answer\",\"text\":\"Id\\u00e9alement au moins un mois avant la date souhait\\u00e9e, surtout en haute saison. Mais nous essayons \\u00e0 chaque fois de trouver une solution m\\u00eame lorsque les d\\u00e9lais sont courts.\\u00a0\"}},{\"@type\":\"Question\",\"name\":\"Peut-on faire un trajet international depuis Antibes ?\",\"acceptedAnswer\":{\"@type\":\"Answer\",\"text\":\"Oui ! Italie, Espagne, Suisse, Allemagne : nous couvrons l\\u2019Europe.\"}},{\"@type\":\"Question\",\"name\":\"Que voir ou visiter \\u00e0 Antibes ?\",\"acceptedAnswer\":{\"@type\":\"Answer\",\"text\":\"Le Vieil Antibes : Ce quartier historique aux ruelles pav\\u00e9es, bord\\u00e9 de maisons color\\u00e9es et de petites places anim\\u00e9es, est id\\u00e9al pour une promenade authentique. Ne manquez pas le march\\u00e9 proven\\u00e7al du cours Mass\\u00e9na.\\n\\nLe Fort Carr\\u00e9 : Monument historique datant du XVIe si\\u00e8cle, il offre une vue panoramique spectaculaire sur la mer M\\u00e9diterran\\u00e9e et le port Vauban. Parfait pour les amateurs d&rsquo;histoire et de photographie.\\n\\n\\nLe Mus\\u00e9e Picasso : Situ\\u00e9 dans le ch\\u00e2teau Grimaldi, ce mus\\u00e9e rend hommage \\u00e0 l&rsquo;artiste qui y s\\u00e9journa en 1946. Il abrite une collection unique de peintures, dessins et c\\u00e9ramiques.\\n\\n\\nLa plage de la Gravette et le Cap d&rsquo;Antibes : Pour une pause farniente ou une balade nature. Le sentier du littoral est l&rsquo;un des plus beaux de la C\\u00f4te d&rsquo;Azur, entre criques turquoise et pins maritimes.\\n\\n\\nLe Port Vauban : Plus grand port de plaisance d&rsquo;Europe, o\\u00f9 l&rsquo;on peut admirer certains des yachts les plus luxueux au monde. Un lieu \\u00e0 voir absolument, surtout en fin de journ\\u00e9e pour profiter du coucher de soleil.\\n\\n\\nMarineland : Id\\u00e9al pour une sortie en famille ou en groupe scolaire. Ce parc marin propose spectacles, aquariums et rencontres avec les animaux marins.\"}}]}<\/script>\n\t\t\t\t\t\t\t<\/div>\n\t\t\t\t<\/div>\n\t\t\t\t<\/div>\n\t\t<div class=\"elementor-element elementor-element-a58ed55 e-con-full e-flex e-con e-child\" data-id=\"a58ed55\" data-element_type=\"container\" data-e-type=\"container\">\n\t\t\t\t<div class=\"elementor-element elementor-element-8869f7b elementor-widget elementor-widget-heading\" data-id=\"8869f7b\" data-element_type=\"widget\" data-e-type=\"widget\" data-widget_type=\"heading.default\">\n\t\t\t\t<div class=\"elementor-widget-container\">\n\t\t\t\t\t<h2 class=\"elementor-heading-title elementor-size-default\">Autres Destinations en PACA<\/h2>\t\t\t\t<\/div>\n\t\t\t\t<\/div>\n\t\t\t\t<div class=\"elementor-element elementor-element-2912ee0 elementor-widget elementor-widget-text-editor\" data-id=\"2912ee0\" data-element_type=\"widget\" data-e-type=\"widget\" data-widget_type=\"text-editor.default\">\n\t\t\t\t<div class=\"elementor-widget-container\">\n\t\t\t\t\t\t\t\t\t<ul>\n<li><a href=\"https:\/\/francebus.com\/location-bus-aix-en-provence\/\">Location Bus Aix-en-Provence<\/a><\/li>\n<li><a href=\"https:\/\/francebus.com\/location-bus-antibes\/\">Location Bus Antibes<\/a><\/li>\n<li><a href=\"https:\/\/francebus.com\/location-bus-avignon\/\">Location Bus Avignon<\/a><\/li>\n<li><a href=\"https:\/\/francebus.com\/location-bus-cannes\/\">Location Bus Cannes<\/a><\/li>\n<li><a href=\"https:\/\/francebus.com\/location-bus-frejus\/\">Location Bus Fr\u00e9jus<\/a><\/li>\n<li><a href=\"https:\/\/francebus.com\/location-bus-marseille\/\">Location Bus Marseille<\/a><\/li>\n<li><a href=\"https:\/\/francebus.com\/location-bus-aeroport-marseille\/\">Transfert a\u00e9roport Marseille<\/a><\/li>\n<li><a href=\"https:\/\/francebus.com\/location-bus-menton\/\">Location bus Menton\u00a0<\/a><\/li>\n<li><a href=\"https:\/\/francebus.com\/location-bus-monaco\/\">Location Bus Monaco<\/a><\/li>\n<li><a href=\"https:\/\/francebus.com\/location-bus-nice\/\">Location Bus Nice<\/a><\/li>\n<li><a href=\"https:\/\/francebus.com\/location-bus-saint-tropez\/\">Location Bus Saint Tropez\u00a0<\/a><\/li>\n<li><a href=\"https:\/\/francebus.com\/location-bus-toulon\/\">Location Bus Toulon<\/a><\/li>\n<\/ul>\n<p>\u00a0<\/p>\t\t\t\t\t\t\t\t<\/div>\n\t\t\t\t<\/div>\n\t\t\t\t<\/div>\n\t\t\t\t\t<\/div>\n\t\t\t\t<\/div>\n\t\t\t\t<\/div>\n\t\t","protected":false},"excerpt":{"rendered":"<p>Home &gt; Destinations &gt; Location de bus \u00e0 Antibes Location de bus \u00e0 Antibes Votre partenaire privil\u00e9gi\u00e9 pour des solutions de transport exceptionnelles Location de bus \u00e0 Antibes : la solution id\u00e9ale pour vos trajets de groupe Organiser un d\u00e9placement en groupe, qu&rsquo;il s&rsquo;agisse d&rsquo;un \u00e9v\u00e9nement professionnel, d&rsquo;une sortie scolaire ou d&rsquo;une escapade touristique, peut [&hellip;]<\/p>\n","protected":false},"author":5,"featured_media":0,"parent":0,"menu_order":0,"comment_status":"closed","ping_status":"closed","template":"elementor_header_footer","meta":{"_jf_save_progress":"","footnotes":""},"class_list":["post-5120","page","type-page","status-publish","hentry"],"_links":{"self":[{"href":"https:\/\/francebus.com\/en\/wp-json\/wp\/v2\/pages\/5120","targetHints":{"allow":["GET"]}}],"collection":[{"href":"https:\/\/francebus.com\/en\/wp-json\/wp\/v2\/pages"}],"about":[{"href":"https:\/\/francebus.com\/en\/wp-json\/wp\/v2\/types\/page"}],"author":[{"embeddable":true,"href":"https:\/\/francebus.com\/en\/wp-json\/wp\/v2\/users\/5"}],"replies":[{"embeddable":true,"href":"https:\/\/francebus.com\/en\/wp-json\/wp\/v2\/comments?post=5120"}],"version-history":[{"count":3,"href":"https:\/\/francebus.com\/en\/wp-json\/wp\/v2\/pages\/5120\/revisions"}],"predecessor-version":[{"id":8496,"href":"https:\/\/francebus.com\/en\/wp-json\/wp\/v2\/pages\/5120\/revisions\/8496"}],"wp:attachment":[{"href":"https:\/\/francebus.com\/en\/wp-json\/wp\/v2\/media?parent=5120"}],"curies":[{"name":"wp","href":"https:\/\/api.w.org\/{rel}","templated":true}]}}