{"id":4740,"date":"2025-06-26T09:40:24","date_gmt":"2025-06-26T07:40:24","guid":{"rendered":"https:\/\/francebus.com\/?page_id=4740"},"modified":"2025-11-14T15:57:37","modified_gmt":"2025-11-14T14:57:37","slug":"bus-rental-menton","status":"publish","type":"page","link":"https:\/\/francebus.com\/en\/bus-rental-menton\/","title":{"rendered":"Bus rental in Menton"},"content":{"rendered":"\t\t<div data-elementor-type=\"wp-page\" data-elementor-id=\"4740\" class=\"elementor elementor-4740\" data-elementor-post-type=\"page\">\n\t\t\t\t<div class=\"elementor-element elementor-element-396cb0db e-con-full e-flex e-con e-parent\" data-id=\"396cb0db\" data-element_type=\"container\" data-e-type=\"container\">\n\t\t<div class=\"elementor-element elementor-element-8bccfea e-con-full e-flex e-con e-child\" data-id=\"8bccfea\" data-element_type=\"container\" data-e-type=\"container\" data-settings=\"{&quot;background_background&quot;:&quot;classic&quot;}\">\n\t\t<div class=\"elementor-element elementor-element-298ef9c e-con-full e-flex e-con e-child\" data-id=\"298ef9c\" data-element_type=\"container\" data-e-type=\"container\">\n\t\t\t\t<div class=\"elementor-element elementor-element-96658e6 elementor-widget elementor-widget-heading\" data-id=\"96658e6\" data-element_type=\"widget\" data-e-type=\"widget\" data-widget_type=\"heading.default\">\n\t\t\t\t<div class=\"elementor-widget-container\">\n\t\t\t\t\t<p class=\"elementor-heading-title elementor-size-default\"><a href=\"https:\/\/francebus.com\/en\">Home<\/a><\/p>\t\t\t\t<\/div>\n\t\t\t\t<\/div>\n\t\t\t\t<div class=\"elementor-element elementor-element-514eefd elementor-widget elementor-widget-heading\" data-id=\"514eefd\" data-element_type=\"widget\" data-e-type=\"widget\" data-widget_type=\"heading.default\">\n\t\t\t\t<div class=\"elementor-widget-container\">\n\t\t\t\t\t<p class=\"elementor-heading-title elementor-size-default\">&gt;<\/p>\t\t\t\t<\/div>\n\t\t\t\t<\/div>\n\t\t\t\t<div class=\"elementor-element elementor-element-7fbfcd7 elementor-widget elementor-widget-heading\" data-id=\"7fbfcd7\" data-element_type=\"widget\" data-e-type=\"widget\" data-widget_type=\"heading.default\">\n\t\t\t\t<div class=\"elementor-widget-container\">\n\t\t\t\t\t<p class=\"elementor-heading-title elementor-size-default\">Destinations<\/p>\t\t\t\t<\/div>\n\t\t\t\t<\/div>\n\t\t\t\t<div class=\"elementor-element elementor-element-0d20364 elementor-widget elementor-widget-heading\" data-id=\"0d20364\" data-element_type=\"widget\" data-e-type=\"widget\" data-widget_type=\"heading.default\">\n\t\t\t\t<div class=\"elementor-widget-container\">\n\t\t\t\t\t<p class=\"elementor-heading-title elementor-size-default\">&gt;<\/p>\t\t\t\t<\/div>\n\t\t\t\t<\/div>\n\t\t\t\t<div class=\"elementor-element elementor-element-0b0496f elementor-widget elementor-widget-heading\" data-id=\"0b0496f\" data-element_type=\"widget\" data-e-type=\"widget\" data-widget_type=\"heading.default\">\n\t\t\t\t<div class=\"elementor-widget-container\">\n\t\t\t\t\t<p class=\"elementor-heading-title elementor-size-default\">Location de bus \u00e0 Menton<\/p>\t\t\t\t<\/div>\n\t\t\t\t<\/div>\n\t\t\t\t<\/div>\n\t\t<div class=\"elementor-element elementor-element-b94e4f7 e-con-full e-flex e-con e-child\" data-id=\"b94e4f7\" data-element_type=\"container\" data-e-type=\"container\">\n\t\t\t\t<div class=\"elementor-element elementor-element-f129508 elementor-widget elementor-widget-heading\" data-id=\"f129508\" data-element_type=\"widget\" data-e-type=\"widget\" data-widget_type=\"heading.default\">\n\t\t\t\t<div class=\"elementor-widget-container\">\n\t\t\t\t\t<h1 class=\"elementor-heading-title elementor-size-default\">Location de bus \u00e0 Menton<\/h1>\t\t\t\t<\/div>\n\t\t\t\t<\/div>\n\t\t\t\t<div class=\"elementor-element elementor-element-2e2010c elementor-widget elementor-widget-heading\" data-id=\"2e2010c\" data-element_type=\"widget\" data-e-type=\"widget\" data-widget_type=\"heading.default\">\n\t\t\t\t<div class=\"elementor-widget-container\">\n\t\t\t\t\t<p class=\"elementor-heading-title elementor-size-default\">Votre partenaire privil\u00e9gi\u00e9 pour des solutions de transport exceptionnelles\n<\/p>\t\t\t\t<\/div>\n\t\t\t\t<\/div>\n\t\t\t\t<\/div>\n\t\t\t\t<\/div>\n\t\t\t\t<\/div>\n\t\t<div class=\"elementor-element elementor-element-469314a e-flex e-con-boxed e-con e-parent\" data-id=\"469314a\" data-element_type=\"container\" data-e-type=\"container\" data-settings=\"{&quot;background_background&quot;:&quot;classic&quot;}\">\n\t\t\t\t\t<div class=\"e-con-inner\">\n\t\t<div class=\"elementor-element elementor-element-cd86b09 e-con-full e-flex e-con e-child\" data-id=\"cd86b09\" data-element_type=\"container\" data-e-type=\"container\">\n\t\t\t\t<div class=\"elementor-element elementor-element-cf82e3e elementor-widget elementor-widget-heading\" data-id=\"cf82e3e\" data-element_type=\"widget\" data-e-type=\"widget\" data-widget_type=\"heading.default\">\n\t\t\t\t<div class=\"elementor-widget-container\">\n\t\t\t\t\t<h2 class=\"elementor-heading-title elementor-size-default\">Destination Menton<\/h2>\t\t\t\t<\/div>\n\t\t\t\t<\/div>\n\t\t\t\t<div class=\"elementor-element elementor-element-64ec64b elementor-widget elementor-widget-text-editor\" data-id=\"64ec64b\" data-element_type=\"widget\" data-e-type=\"widget\" data-widget_type=\"text-editor.default\">\n\t\t\t\t<div class=\"elementor-widget-container\">\n\t\t\t\t\t\t\t\t\t<p>Francebus est votre r\u00e9f\u00e9rence pour la <strong>location de bus \u00e0 Menton<\/strong>, une destination embl\u00e9matique de la C\u00f4te d\u2019Azur.&nbsp;<\/p><p>Que vous organisiez une excursion touristique, un \u00e9v\u00e9nement professionnel ou une escapade entre amis, notre flotte d&rsquo;autocars et minibus avec chauffeur est \u00e0 votre disposition pour vous accompagner avec confort et s\u00e9curit\u00e9.<\/p>\n<p><!-- \/wp:paragraph --><!-- wp:paragraph --><\/p>\n<p>Nich\u00e9e entre mer et montagne, \u00e0 la fronti\u00e8re de l&rsquo;Italie, <a href=\"https:\/\/www.menton.fr\" target=\"_blank\" rel=\"noopener\">Menton<\/a> offre un cadre idyllique pour vos d\u00e9placements de groupe. Son climat doux toute l\u2019ann\u00e9e, ses jardins luxuriants, ses plages et son riche patrimoine culturel en font un point de d\u00e9part id\u00e9al pour de nombreuses excursions dans les Alpes-Maritimes.<\/p>\n<p><\/p>\t\t\t\t\t\t\t\t<\/div>\n\t\t\t\t<\/div>\n\t\t\t\t<\/div>\n\t\t<div class=\"elementor-element elementor-element-ed53044 e-con-full e-flex e-con e-child\" data-id=\"ed53044\" data-element_type=\"container\" data-e-type=\"container\">\n\t\t\t\t<div class=\"elementor-element elementor-element-53f314d elementor-widget elementor-widget-google_maps\" data-id=\"53f314d\" data-element_type=\"widget\" data-e-type=\"widget\" data-widget_type=\"google_maps.default\">\n\t\t\t\t<div class=\"elementor-widget-container\">\n\t\t\t\t\t\t\t<div class=\"elementor-custom-embed\">\n\t\t\t<iframe loading=\"lazy\"\n\t\t\t\t\tsrc=\"https:\/\/maps.google.com\/maps?q=Menton&#038;t=m&#038;z=12&#038;output=embed&#038;iwloc=near\"\n\t\t\t\t\ttitle=\"Menton\"\n\t\t\t\t\taria-label=\"Menton\"\n\t\t\t><\/iframe>\n\t\t<\/div>\n\t\t\t\t\t\t<\/div>\n\t\t\t\t<\/div>\n\t\t\t\t<\/div>\n\t\t<div class=\"elementor-element elementor-element-19a535c e-con-full e-flex e-con e-child\" data-id=\"19a535c\" data-element_type=\"container\" data-e-type=\"container\">\n\t\t\t\t<div class=\"elementor-element elementor-element-1390d95 elementor-widget__width-auto elementor-widget elementor-widget-heading\" data-id=\"1390d95\" data-element_type=\"widget\" data-e-type=\"widget\" data-widget_type=\"heading.default\">\n\t\t\t\t<div class=\"elementor-widget-container\">\n\t\t\t\t\t<h3 class=\"elementor-heading-title elementor-size-default\"><a href=\"https:\/\/francebus.com\/nos-offres\/entreprises\/\">Pour les entreprises<\/a><\/h3>\t\t\t\t<\/div>\n\t\t\t\t<\/div>\n\t\t\t\t<div class=\"elementor-element elementor-element-f3521d7 elementor-widget elementor-widget-text-editor\" data-id=\"f3521d7\" data-element_type=\"widget\" data-e-type=\"widget\" data-widget_type=\"text-editor.default\">\n\t\t\t\t<div class=\"elementor-widget-container\">\n\t\t\t\t\t\t\t\t\t<p>Vous organisez un&nbsp;<strong>s\u00e9minaire \u00e0 Menton<\/strong>, une journ\u00e9e d\u2019\u00e9tude ou vous souhaitez assurer le&nbsp;<strong>transport de vos collaborateurs<\/strong>&nbsp;vers un congr\u00e8s \u00e0 Monaco ou Nice ?&nbsp;<\/p><p>Francebus met \u00e0 disposition des bus et minibus avec chauffeur pour les d\u00e9placements professionnels, avec ponctualit\u00e9 et souplesse.<\/p>\n<p><!-- \/wp:paragraph --><!-- wp:heading {\"level\":3} --><\/p>\t\t\t\t\t\t\t\t<\/div>\n\t\t\t\t<\/div>\n\t\t\t\t<\/div>\n\t\t<div class=\"elementor-element elementor-element-5db9b95 e-con-full e-flex e-con e-child\" data-id=\"5db9b95\" data-element_type=\"container\" data-e-type=\"container\">\n\t\t\t\t<div class=\"elementor-element elementor-element-7624988 elementor-widget__width-auto elementor-widget elementor-widget-heading\" data-id=\"7624988\" data-element_type=\"widget\" data-e-type=\"widget\" data-widget_type=\"heading.default\">\n\t\t\t\t<div class=\"elementor-widget-container\">\n\t\t\t\t\t<h3 class=\"elementor-heading-title elementor-size-default\"><a href=\"https:\/\/francebus.com\/nos-offres\/particuliers\/\">Pour les particuliers<\/a><\/h3>\t\t\t\t<\/div>\n\t\t\t\t<\/div>\n\t\t\t\t<div class=\"elementor-element elementor-element-2466ba6 elementor-widget elementor-widget-text-editor\" data-id=\"2466ba6\" data-element_type=\"widget\" data-e-type=\"widget\" data-widget_type=\"text-editor.default\">\n\t\t\t\t<div class=\"elementor-widget-container\">\n\t\t\t\t\t\t\t\t\t<p>Vous pr\u00e9parez un\u00a0<strong>mariage \u00e0 Menton<\/strong>, un\u00a0<strong>enterrement de vie de gar\u00e7on\/fille<\/strong>, un <strong>anniversaire<\/strong> ou tout autre <strong>\u00e9v\u00e9n\u00e9ment priv\u00e9<\/strong> ?\u00a0<\/p>\n<p>Louez un bus avec chauffeur pour que vos invit\u00e9s se d\u00e9placent sereinement et profitent de l\u2019ambiance sans se soucier de la route.<\/p>\n<p><!-- \/wp:paragraph --><!-- wp:heading {\"level\":3} --><\/p>\n<p><!-- \/wp:heading --><!-- wp:paragraph --><\/p>\t\t\t\t\t\t\t\t<\/div>\n\t\t\t\t<\/div>\n\t\t\t\t<\/div>\n\t\t<div class=\"elementor-element elementor-element-f44311c e-con-full e-flex e-con e-child\" data-id=\"f44311c\" data-element_type=\"container\" data-e-type=\"container\">\n\t\t\t\t<div class=\"elementor-element elementor-element-3f3ae8f elementor-widget__width-auto elementor-widget elementor-widget-heading\" data-id=\"3f3ae8f\" data-element_type=\"widget\" data-e-type=\"widget\" data-widget_type=\"heading.default\">\n\t\t\t\t<div class=\"elementor-widget-container\">\n\t\t\t\t\t<h3 class=\"elementor-heading-title elementor-size-default\"><a href=\"https:\/\/francebus.com\/nos-offres\/ecoles\/\">Pour les \u00e9coles et associations<\/a><\/h3>\t\t\t\t<\/div>\n\t\t\t\t<\/div>\n\t\t\t\t<div class=\"elementor-element elementor-element-c090874 elementor-widget elementor-widget-text-editor\" data-id=\"c090874\" data-element_type=\"widget\" data-e-type=\"widget\" data-widget_type=\"text-editor.default\">\n\t\t\t\t<div class=\"elementor-widget-container\">\n\t\t\t\t\t\t\t\t\t<p>Notre service est adapt\u00e9 aux\u00a0<strong>sorties scolaires et p\u00e9dagogiques<\/strong>,\u00a0<strong>colonies de vacances,<\/strong>\u00a0<strong>voyages associatifs et transports sportifs.<\/strong><\/p>\n<p>Nous mettons \u00e0 votre disposition des autocars r\u00e9pondant aux normes de s\u00e9curit\u00e9 les plus strictes pour transporter les enfants et les jeunes dans les meilleures conditions.<\/p>\n<p><!-- \/wp:paragraph --><!-- wp:heading {\"level\":3} --><\/p>\n<p><!-- \/wp:paragraph --><!-- wp:heading {\"level\":3} --><\/p>\t\t\t\t\t\t\t\t<\/div>\n\t\t\t\t<\/div>\n\t\t\t\t<\/div>\n\t\t<div class=\"elementor-element elementor-element-97a1468 e-con-full e-flex e-con e-child\" data-id=\"97a1468\" data-element_type=\"container\" data-e-type=\"container\">\n\t\t\t\t<div class=\"elementor-element elementor-element-8739753 elementor-widget__width-auto elementor-widget elementor-widget-heading\" data-id=\"8739753\" data-element_type=\"widget\" data-e-type=\"widget\" data-widget_type=\"heading.default\">\n\t\t\t\t<div class=\"elementor-widget-container\">\n\t\t\t\t\t<h3 class=\"elementor-heading-title elementor-size-default\"><a href=\"https:\/\/francebus.com\/nos-offres\/particuliers\/\">Pour les touristes<\/a><\/h3>\t\t\t\t<\/div>\n\t\t\t\t<\/div>\n\t\t\t\t<div class=\"elementor-element elementor-element-1ca189d elementor-widget elementor-widget-text-editor\" data-id=\"1ca189d\" data-element_type=\"widget\" data-e-type=\"widget\" data-widget_type=\"text-editor.default\">\n\t\t\t\t<div class=\"elementor-widget-container\">\n\t\t\t\t\t\t\t\t\t<p>Francebus vous propose des solutions personnalis\u00e9es :<\/p>\n<ul>\n<li><strong>Transferts depuis\/vers les a\u00e9roports de Nice ou G\u00eanes<\/strong><\/li>\n<li><strong>City tours<\/strong> dans Menton<\/li>\n<li><strong>Excursions dans la r\u00e9gion de l&rsquo;arri\u00e8re pays, <\/strong>vers les villages perch\u00e9s de l\u2019arri\u00e8re-pays ni\u00e7ois\u00a0ou la Riviera italienne.<\/li>\n<\/ul>\n<h2>\u00a0<\/h2>\n<p><!-- \/wp:paragraph --><!-- wp:heading {\"level\":3} --><\/p>\n<p><!-- \/wp:heading --><!-- wp:paragraph --><\/p>\t\t\t\t\t\t\t\t<\/div>\n\t\t\t\t<\/div>\n\t\t\t\t<\/div>\n\t\t<div class=\"elementor-element elementor-element-fd04c4a e-con-full e-flex e-con e-child\" data-id=\"fd04c4a\" data-element_type=\"container\" data-e-type=\"container\" data-settings=\"{&quot;background_background&quot;:&quot;classic&quot;}\">\n\t\t<div class=\"elementor-element elementor-element-cc447bf e-con-full e-flex e-con e-child\" data-id=\"cc447bf\" data-element_type=\"container\" data-e-type=\"container\">\n\t\t\t\t<div class=\"elementor-element elementor-element-baa3c05 elementor-widget elementor-widget-heading\" data-id=\"baa3c05\" data-element_type=\"widget\" data-e-type=\"widget\" data-widget_type=\"heading.default\">\n\t\t\t\t<div class=\"elementor-widget-container\">\n\t\t\t\t\t<h2 class=\"elementor-heading-title elementor-size-default\">Nos services de transport avec chauffeurs \u00e0 Menton<\/h2>\t\t\t\t<\/div>\n\t\t\t\t<\/div>\n\t\t\t\t<div class=\"elementor-element elementor-element-75ee9cb elementor-widget elementor-widget-image\" data-id=\"75ee9cb\" data-element_type=\"widget\" data-e-type=\"widget\" data-widget_type=\"image.default\">\n\t\t\t\t<div class=\"elementor-widget-container\">\n\t\t\t\t\t\t\t\t\t\t\t\t\t\t\t<img fetchpriority=\"high\" decoding=\"async\" width=\"800\" height=\"457\" src=\"https:\/\/francebus.com\/wp-content\/uploads\/2025\/06\/Louer-un-bus-avec-chauffeur-autocar-minivan-VTC-minibus-avec-Francebus-1-1024x585.jpeg\" class=\"attachment-large size-large wp-image-4855\" alt=\"Location de bus de tourisme avec chauffeur\" srcset=\"https:\/\/francebus.com\/wp-content\/uploads\/2025\/06\/Louer-un-bus-avec-chauffeur-autocar-minivan-VTC-minibus-avec-Francebus-1-1024x585.jpeg 1024w, https:\/\/francebus.com\/wp-content\/uploads\/2025\/06\/Louer-un-bus-avec-chauffeur-autocar-minivan-VTC-minibus-avec-Francebus-1-300x171.jpeg 300w, https:\/\/francebus.com\/wp-content\/uploads\/2025\/06\/Louer-un-bus-avec-chauffeur-autocar-minivan-VTC-minibus-avec-Francebus-1-768x439.jpeg 768w, https:\/\/francebus.com\/wp-content\/uploads\/2025\/06\/Louer-un-bus-avec-chauffeur-autocar-minivan-VTC-minibus-avec-Francebus-1-18x10.jpeg 18w, https:\/\/francebus.com\/wp-content\/uploads\/2025\/06\/Louer-un-bus-avec-chauffeur-autocar-minivan-VTC-minibus-avec-Francebus-1.jpeg 1280w\" sizes=\"(max-width: 800px) 100vw, 800px\" title=\"\">\t\t\t\t\t\t\t\t\t\t\t\t\t\t\t<\/div>\n\t\t\t\t<\/div>\n\t\t\t\t<\/div>\n\t\t<div class=\"elementor-element elementor-element-2076b6b e-con-full e-flex e-con e-child\" data-id=\"2076b6b\" data-element_type=\"container\" data-e-type=\"container\">\n\t\t\t\t<div class=\"elementor-element elementor-element-1042962 elementor-widget elementor-widget-heading\" data-id=\"1042962\" data-element_type=\"widget\" data-e-type=\"widget\" data-widget_type=\"heading.default\">\n\t\t\t\t<div class=\"elementor-widget-container\">\n\t\t\t\t\t<h3 class=\"elementor-heading-title elementor-size-default\">Vans &amp; Minibus (8 \u00e0 20 places)<\/h3>\t\t\t\t<\/div>\n\t\t\t\t<\/div>\n\t\t\t\t<div class=\"elementor-element elementor-element-b2787c2 elementor-widget elementor-widget-text-editor\" data-id=\"b2787c2\" data-element_type=\"widget\" data-e-type=\"widget\" data-widget_type=\"text-editor.default\">\n\t\t\t\t<div class=\"elementor-widget-container\">\n\t\t\t\t\t\t\t\t\t<p>Parfaits pour les petits groupes, nos minibus offrent un excellent compromis entre flexibilit\u00e9 et confort. Ils sont id\u00e9als pour les navettes a\u00e9roport, les visites de ville ou les trajets \u00e0 la carte.<\/p>\t\t\t\t\t\t\t\t<\/div>\n\t\t\t\t<\/div>\n\t\t\t\t<div class=\"elementor-element elementor-element-ef61ae0 elementor-widget elementor-widget-heading\" data-id=\"ef61ae0\" data-element_type=\"widget\" data-e-type=\"widget\" data-widget_type=\"heading.default\">\n\t\t\t\t<div class=\"elementor-widget-container\">\n\t\t\t\t\t<h3 class=\"elementor-heading-title elementor-size-default\">Autocars grand confort (50+ places)<\/h3>\t\t\t\t<\/div>\n\t\t\t\t<\/div>\n\t\t\t\t<div class=\"elementor-element elementor-element-269e510 elementor-widget elementor-widget-text-editor\" data-id=\"269e510\" data-element_type=\"widget\" data-e-type=\"widget\" data-widget_type=\"text-editor.default\">\n\t\t\t\t<div class=\"elementor-widget-container\">\n\t\t\t\t\t\t\t\t\t<p>Id\u00e9aux pour les d\u00e9placements en larges groupes, nos autobus offrent un maximum de confort et de s\u00e9curit\u00e9. Ils sont adapt\u00e9s aux longs trajets, aux \u00e9v\u00e9nements ou aux transferts sur mesure, avec un haut niveau de service.<\/p>\t\t\t\t\t\t\t\t<\/div>\n\t\t\t\t<\/div>\n\t\t\t\t<div class=\"elementor-element elementor-element-410e93e elementor-widget elementor-widget-heading\" data-id=\"410e93e\" data-element_type=\"widget\" data-e-type=\"widget\" data-widget_type=\"heading.default\">\n\t\t\t\t<div class=\"elementor-widget-container\">\n\t\t\t\t\t<h3 class=\"elementor-heading-title elementor-size-default\">Chauffeurs professionnels<\/h3>\t\t\t\t<\/div>\n\t\t\t\t<\/div>\n\t\t\t\t<div class=\"elementor-element elementor-element-bf23a44 elementor-widget elementor-widget-text-editor\" data-id=\"bf23a44\" data-element_type=\"widget\" data-e-type=\"widget\" data-widget_type=\"text-editor.default\">\n\t\t\t\t<div class=\"elementor-widget-container\">\n\t\t\t\t\t\t\t\t\t<p>Nos chauffeurs sont form\u00e9s, exp\u00e9riment\u00e9s et discrets. Leur connaissance de la r\u00e9gion PACA leur permet de s\u2019adapter \u00e0 toutes les situations logistiques. Leur ponctualit\u00e9 et leur amabilit\u00e9 sont souvent salu\u00e9es par nos clients.<\/p>\t\t\t\t\t\t\t\t<\/div>\n\t\t\t\t<\/div>\n\t\t\t\t<div class=\"elementor-element elementor-element-62b0fac elementor-align-left elementor-mobile-align-center elementor-widget elementor-widget-button\" data-id=\"62b0fac\" data-element_type=\"widget\" data-e-type=\"widget\" data-widget_type=\"button.default\">\n\t\t\t\t<div class=\"elementor-widget-container\">\n\t\t\t\t\t\t\t\t\t<div class=\"elementor-button-wrapper\">\n\t\t\t\t\t<a class=\"elementor-button elementor-button-link elementor-size-sm elementor-animation-grow\" href=\"https:\/\/francebus.com\/contact\/\" target=\"_blank\">\n\t\t\t\t\t\t<span class=\"elementor-button-content-wrapper\">\n\t\t\t\t\t\t\t\t\t<span class=\"elementor-button-text\">NOUS CONSULTER<\/span>\n\t\t\t\t\t<\/span>\n\t\t\t\t\t<\/a>\n\t\t\t\t<\/div>\n\t\t\t\t\t\t\t\t<\/div>\n\t\t\t\t<\/div>\n\t\t\t\t<\/div>\n\t\t\t\t<\/div>\n\t\t\t\t\t<\/div>\n\t\t\t\t<\/div>\n\t\t<div class=\"elementor-element elementor-element-100d471 e-con-full e-flex e-con e-parent\" data-id=\"100d471\" data-element_type=\"container\" data-e-type=\"container\" data-settings=\"{&quot;background_background&quot;:&quot;classic&quot;}\">\n\t\t<div class=\"elementor-element elementor-element-e1c9c6e e-con-full e-flex e-con e-child\" data-id=\"e1c9c6e\" data-element_type=\"container\" data-e-type=\"container\" data-settings=\"{&quot;background_background&quot;:&quot;classic&quot;}\">\n\t\t\t\t<div class=\"elementor-element elementor-element-d4826db elementor-widget elementor-widget-image\" data-id=\"d4826db\" data-element_type=\"widget\" data-e-type=\"widget\" data-widget_type=\"image.default\">\n\t\t\t\t<div class=\"elementor-widget-container\">\n\t\t\t\t\t\t\t\t\t\t\t\t\t\t\t<img decoding=\"async\" width=\"1920\" height=\"800\" src=\"https:\/\/francebus.com\/wp-content\/uploads\/2025\/06\/location-bus-Menton.jpg\" class=\"attachment-full size-full wp-image-4864\" alt=\"location bus Menton\" srcset=\"https:\/\/francebus.com\/wp-content\/uploads\/2025\/06\/location-bus-Menton.jpg 1920w, https:\/\/francebus.com\/wp-content\/uploads\/2025\/06\/location-bus-Menton-300x125.jpg 300w, https:\/\/francebus.com\/wp-content\/uploads\/2025\/06\/location-bus-Menton-1024x427.jpg 1024w, https:\/\/francebus.com\/wp-content\/uploads\/2025\/06\/location-bus-Menton-768x320.jpg 768w, https:\/\/francebus.com\/wp-content\/uploads\/2025\/06\/location-bus-Menton-1536x640.jpg 1536w, https:\/\/francebus.com\/wp-content\/uploads\/2025\/06\/location-bus-Menton-18x8.jpg 18w\" sizes=\"(max-width: 1920px) 100vw, 1920px\" title=\"\">\t\t\t\t\t\t\t\t\t\t\t\t\t\t\t<\/div>\n\t\t\t\t<\/div>\n\t\t\t\t<\/div>\n\t\t\t\t<\/div>\n\t\t<div class=\"elementor-element elementor-element-a790a38 e-flex e-con-boxed e-con e-parent\" data-id=\"a790a38\" data-element_type=\"container\" data-e-type=\"container\" data-settings=\"{&quot;background_background&quot;:&quot;classic&quot;}\">\n\t\t\t\t\t<div class=\"e-con-inner\">\n\t\t<div class=\"elementor-element elementor-element-fdfb451 e-con-full e-flex e-con e-child\" data-id=\"fdfb451\" data-element_type=\"container\" data-e-type=\"container\" data-settings=\"{&quot;background_background&quot;:&quot;classic&quot;}\">\n\t\t<div class=\"elementor-element elementor-element-6e949e7 e-con-full e-flex e-con e-child\" data-id=\"6e949e7\" data-element_type=\"container\" data-e-type=\"container\">\n\t\t\t\t<div class=\"elementor-element elementor-element-88403e9 elementor-widget elementor-widget-heading\" data-id=\"88403e9\" data-element_type=\"widget\" data-e-type=\"widget\" data-widget_type=\"heading.default\">\n\t\t\t\t<div class=\"elementor-widget-container\">\n\t\t\t\t\t<h2 class=\"elementor-heading-title elementor-size-default\">Destinations populaires<\/h2>\t\t\t\t<\/div>\n\t\t\t\t<\/div>\n\t\t\t\t<div class=\"elementor-element elementor-element-b80b4eb elementor-widget elementor-widget-text-editor\" data-id=\"b80b4eb\" data-element_type=\"widget\" data-e-type=\"widget\" data-widget_type=\"text-editor.default\">\n\t\t\t\t<div class=\"elementor-widget-container\">\n\t\t\t\t\t\t\t\t\t<ul class=\"wp-block-list\">\n<li><strong>Excursion d\u2019une journ\u00e9e :<\/strong>\u00a0Menton \u2192 <a href=\"https:\/\/www.explorenicecotedazur.com\/eze\/\" target=\"_blank\" rel=\"noopener\">Eze<\/a>, <a href=\"https:\/\/cotedazurfrance.fr\/decouvrir\/les-villes-de-la-cote-dazur\/villefranche-sur-mer\/\" target=\"_blank\" rel=\"noopener\">Villefranche-sur-Mer<\/a>, <a href=\"https:\/\/provence-alpes-cotedazur.com\/sejourner\/informations-pratiques\/tous-les-services-pratiques\/office-de-tourisme-de-saint-paul-de-vence-saint-paul-fr-2886169\/\" target=\"_blank\" rel=\"noopener\">Saint-Paul-de-Vence<\/a><\/li>\n<!-- \/wp:list-item --><!-- wp:list-item -->\n<li><strong>Week-end en groupe :<\/strong>\u00a0Menton \u2192 G\u00eanes, San Remo, les Cinque Terre<\/li>\n<!-- \/wp:list-item --><!-- wp:list-item -->\n<li><strong>Circuits th\u00e9matiques :<\/strong><!-- wp:list -->\n<ul class=\"wp-block-list\"><!-- wp:list-item -->\n<li><strong>Oenotourisme<\/strong> : Route des vins de Bellet (Nice)<\/li>\n<!-- \/wp:list-item --><!-- wp:list-item -->\n<li><strong>Patrimoine<\/strong>\u00a0: Monaco, Antibes, Cannes<\/li>\n<!-- \/wp:list-item --><!-- wp:list-item -->\n<li><strong>Nature<\/strong>\u00a0: Parc du Mercantour, Vall\u00e9e des Merveilles<\/li>\n<!-- \/wp:list-item --><!-- wp:list-item -->\n<li><strong>Festivals<\/strong>\u00a0: <a href=\"https:\/\/www.fete-du-citron.com\" target=\"_blank\" rel=\"noopener\">F\u00eate du Citron<\/a>, <a href=\"https:\/\/www.festival-cannes.com\" target=\"_blank\" rel=\"noopener\">Festival de Cannes<\/a><\/li>\n<!-- \/wp:list-item --><\/ul>\n<!-- \/wp:list --><\/li>\n<!-- \/wp:list-item --><\/ul>\n<p><!-- \/wp:list --><!-- wp:separator --><\/p>\n<p><!-- \/wp:paragraph --><!-- wp:heading {\"level\":3} --><\/p>\t\t\t\t\t\t\t\t<\/div>\n\t\t\t\t<\/div>\n\t\t\t\t<\/div>\n\t\t<div class=\"elementor-element elementor-element-418450e e-con-full e-flex e-con e-child\" data-id=\"418450e\" data-element_type=\"container\" data-e-type=\"container\">\n\t\t\t\t<div class=\"elementor-element elementor-element-6179af3 elementor-widget elementor-widget-heading\" data-id=\"6179af3\" data-element_type=\"widget\" data-e-type=\"widget\" data-widget_type=\"heading.default\">\n\t\t\t\t<div class=\"elementor-widget-container\">\n\t\t\t\t\t<h2 class=\"elementor-heading-title elementor-size-default\"><a href=\"https:\/\/francebus.com\/nos-offres\/particuliers\/\">Points de d\u00e9parts \u00e0 Menton<\/a><\/h2>\t\t\t\t<\/div>\n\t\t\t\t<\/div>\n\t\t\t\t<div class=\"elementor-element elementor-element-2d87821 elementor-widget elementor-widget-text-editor\" data-id=\"2d87821\" data-element_type=\"widget\" data-e-type=\"widget\" data-widget_type=\"text-editor.default\">\n\t\t\t\t<div class=\"elementor-widget-container\">\n\t\t\t\t\t\t\t\t\t<ul class=\"wp-block-list\">\n<li><strong>Gare de Menton et Menton-Garavan<\/strong><\/li>\n<!-- \/wp:list-item --><!-- wp:list-item -->\n<li><strong>Fronti\u00e8re franco-italienne (poste de Vintimille)<\/strong><\/li>\n<!-- \/wp:list-item --><!-- wp:list-item -->\n<li><strong>H\u00f4tels du bord de mer<\/strong><\/li>\n<!-- \/wp:list-item --><!-- wp:list-item -->\n<li><strong>Jardins Biov\u00e8s, Palais de l\u2019Europe<\/strong><\/li>\n<!-- \/wp:list-item --><!-- wp:list-item -->\n<li><strong>Port de Menton<\/strong><\/li>\n<!-- \/wp:list-item --><\/ul>\n<p><!-- \/wp:list --><!-- wp:paragraph --><\/p>\n<p>Nos chauffeurs adaptent les lieux de prise en charge en fonction de vos besoins. Pensez \u00e0 bien pr\u00e9ciser l&rsquo;adresse de d\u00e9part dans votre demande de devis pour votre location de bus \u00e0 Menton.<\/p>\n<p><!-- \/wp:paragraph --><!-- wp:heading {\"level\":3} --><\/p>\n<p><!-- \/wp:heading --><!-- wp:paragraph --><\/p>\t\t\t\t\t\t\t\t<\/div>\n\t\t\t\t<\/div>\n\t\t\t\t<\/div>\n\t\t<div class=\"elementor-element elementor-element-26570cd e-con-full e-flex e-con e-child\" data-id=\"26570cd\" data-element_type=\"container\" data-e-type=\"container\">\n\t\t<div class=\"elementor-element elementor-element-8d6e0b0 e-con-full e-flex e-con e-child\" data-id=\"8d6e0b0\" data-element_type=\"container\" data-e-type=\"container\">\n\t\t\t\t<div class=\"elementor-element elementor-element-0725cd5 elementor-widget elementor-widget-heading\" data-id=\"0725cd5\" data-element_type=\"widget\" data-e-type=\"widget\" data-widget_type=\"heading.default\">\n\t\t\t\t<div class=\"elementor-widget-container\">\n\t\t\t\t\t<h2 class=\"elementor-heading-title elementor-size-default\">Prix de location de bus \u00e0 Menton<\/h2>\t\t\t\t<\/div>\n\t\t\t\t<\/div>\n\t\t\t\t<\/div>\n\t\t\t\t<div class=\"elementor-element elementor-element-4087799 elementor-widget elementor-widget-text-editor\" data-id=\"4087799\" data-element_type=\"widget\" data-e-type=\"widget\" data-widget_type=\"text-editor.default\">\n\t\t\t\t<div class=\"elementor-widget-container\">\n\t\t\t\t\t\t\t\t\t<ul class=\"wp-block-list\"><!-- wp:list-item --><\/ul>\n<p><!-- \/wp:heading --><br><!-- wp:paragraph --><\/p>\n<p>Les tarifs de&nbsp;<strong>location de bus \u00e0 Menton<\/strong>&nbsp;varient selon plusieurs crit\u00e8res : distance, dur\u00e9e, horaires, type de v\u00e9hicule, services \u00e0 bord, etc. Voici quelques exemples :<\/p>\n<p><!-- Tableau Francebus \u2013 Transferts vers Menton --><\/p>\n<p>    <!-- A\u00e9roport de Nice -> Menton --><\/p>\n<p>    <!-- A\u00e9roport de Toulon -> Menton --><\/p>\n<p>    <!-- A\u00e9roport de Marseille -> Menton --><\/p>\n<p>    <!-- Gare TGV Aix -> Menton --><\/p>\n<p>    <!-- Cannes -> Menton --><\/p>\n<table class=\"fb-table\" style=\"width: 98%; border-collapse: collapse; font-family: system-ui,-apple-system,Segoe UI,Roboto,Ubuntu,'Helvetica Neue',Arial; font-size: 15px;\">\n<caption style=\"caption-side: top; text-align: left; color: #0a2e6e; font-weight: bold; font-size: 20px; padding: 8px 0 12px;\">\n    Francebus \u2014 Transferts r\u00e9gionaux vers Menton (distances &amp; estimations tarifaires)<br>  <\/caption>\n<thead style=\"background-color: #eef2ff;\">\n<tr style=\"color: #0a2e6e; font-weight: 600;\">\n<th style=\"border: 1px solid #e5e7eb; padding: 10px; text-align: left;\">Point de d\u00e9part<\/th>\n<th style=\"border: 1px solid #e5e7eb; padding: 10px; text-align: left;\">Point d\u2019arriv\u00e9e<\/th>\n<th style=\"border: 1px solid #e5e7eb; padding: 10px; text-align: right; white-space: nowrap;\">Distance (km)<\/th>\n<th style=\"border: 1px solid #e5e7eb; padding: 10px; text-align: left;\">Itin\u00e9raire Google Maps<\/th>\n<th style=\"border: 1px solid #e5e7eb; padding: 10px; text-align: right;\">Minivan 7 places<\/th>\n<th style=\"border: 1px solid #e5e7eb; padding: 10px; text-align: right;\">Minibus 19 places<\/th>\n<th style=\"border: 1px solid #e5e7eb; padding: 10px; text-align: right;\">Autocar 50 places<\/th>\n<\/tr>\n<\/thead>\n<tbody>\n<tr>\n<td style=\"border: 1px solid #f1f5f9; padding: 10px;\">Bus A\u00e9roport de Nice<\/td>\n<td style=\"border: 1px solid #f1f5f9; padding: 10px;\">Menton<\/td>\n<td style=\"border: 1px solid #f1f5f9; padding: 10px; text-align: right;\">~39,0<\/td>\n<td style=\"border: 1px solid #f1f5f9; padding: 10px;\">\n        <a href=\"https:\/\/www.google.com\/maps\/dir\/?api=1&amp;origin=Aeroport+Nice+Cote+d&#039;Azur&amp;destination=Menton+06500&amp;travelmode=driving\" target=\"_blank\" rel=\"nofollow noopener\">Voir l\u2019itin\u00e9raire<\/a>\n      <\/td>\n<td style=\"border:1px solid #f1f5f9; padding:10px; text-align:right;\">150&nbsp;\u20ac<\/td>\n<td style=\"border:1px solid #f1f5f9; padding:10px; text-align:right;\">490&nbsp;\u20ac<\/td>\n<td style=\"border:1px solid #f1f5f9; padding:10px; text-align:right;\">550&nbsp;\u20ac<\/td>\n<\/tr>\n<tr style=\"background:#fcfcfd;\">\n<td style=\"border: 1px solid #f1f5f9; padding: 10px;\">Bus A\u00e9roport de Toulon-Hy\u00e8res<\/td>\n<td style=\"border: 1px solid #f1f5f9; padding: 10px;\">Menton<\/td>\n<td style=\"border: 1px solid #f1f5f9; padding: 10px; text-align: right;\">~170,0<\/td>\n<td style=\"border: 1px solid #f1f5f9; padding: 10px;\">\n        <a href=\"https:\/\/www.google.com\/maps\/dir\/?api=1&amp;origin=Aeroport+Toulon-Hyeres&amp;destination=Menton+06500&amp;travelmode=driving\" target=\"_blank\" rel=\"nofollow noopener\">Voir l\u2019itin\u00e9raire<\/a>\n      <\/td>\n<td style=\"border:1px solid #f1f5f9; padding:10px; text-align:right;\">590 \u20ac<\/td>\n<td style=\"border:1px solid #f1f5f9; padding:10px; text-align:right;\">&nbsp;1090 \u20ac<\/td>\n<td style=\"border:1px solid #f1f5f9; padding:10px; text-align:right;\">1190 \u20ac<\/td>\n<\/tr>\n<tr>\n<td style=\"border: 1px solid #f1f5f9; padding: 10px;\">Bus A\u00e9roport de Marseille<\/td>\n<td style=\"border: 1px solid #f1f5f9; padding: 10px;\">Menton<\/td>\n<td style=\"border: 1px solid #f1f5f9; padding: 10px; text-align: right;\">~230,0<\/td>\n<td style=\"border: 1px solid #f1f5f9; padding: 10px;\">\n        <a href=\"https:\/\/www.google.com\/maps\/dir\/?api=1&amp;origin=Aeroport+Marseille-Provence&amp;destination=Menton+06500&amp;travelmode=driving\" target=\"_blank\" rel=\"nofollow noopener\">Voir l\u2019itin\u00e9raire<\/a>\n      <\/td>\n<td style=\"border:1px solid #f1f5f9; padding:10px; text-align:right;\">750 \u20ac<\/td>\n<td style=\"border:1px solid #f1f5f9; padding:10px; text-align:right;\">1390 \u20ac<\/td>\n<td style=\"border:1px solid #f1f5f9; padding:10px; text-align:right;\">1490 \u20ac<\/td>\n<\/tr>\n<tr style=\"background:#fcfcfd;\">\n<td style=\"border:1px solid #f1f5f9; padding:10px;\">Bus Gare TGV Aix-en-Provence<\/td>\n<td style=\"border:1px solid #f1f5f9; padding:10px;\">Menton<\/td>\n<td style=\"border:1px solid #f1f5f9; padding:10px; text-align:right;\">~200,0<\/td>\n<td style=\"border:1px solid #f1f5f9; padding:10px;\">\n        <a href=\"https:\/\/www.google.com\/maps\/dir\/?api=1&amp;origin=Aix-en-Provence+TGV&amp;destination=Menton+06500&amp;travelmode=driving\" target=\"_blank\" rel=\"nofollow noopener\">Voir l\u2019itin\u00e9raire<\/a>\n      <\/td>\n<td style=\"border:1px solid #f1f5f9; padding:10px; text-align:right;\">700 \u20ac<\/td>\n<td style=\"border:1px solid #f1f5f9; padding:10px; text-align:right;\">1290 \u20ac<\/td>\n<td style=\"border:1px solid #f1f5f9; padding:10px; text-align:right;\">1390 \u20ac<\/td>\n<\/tr>\n<tr>\n<td style=\"border:1px solid #f1f5f9; padding:10px;\">Bus Cannes centre<\/td>\n<td style=\"border:1px solid #f1f5f9; padding:10px;\">Menton<\/td>\n<td style=\"border:1px solid #f1f5f9; padding:10px; text-align:right;\">~86,0<\/td>\n<td style=\"border:1px solid #f1f5f9; padding:10px;\">\n        <a href=\"https:\/\/www.google.com\/maps\/dir\/?api=1&amp;origin=Cannes+centre&amp;destination=Menton+06500&amp;travelmode=driving\" target=\"_blank\" rel=\"nofollow noopener\">Voir l\u2019itin\u00e9raire<\/a>\n      <\/td>\n<td style=\"border:1px solid #f1f5f9; padding:10px; text-align:right;\">290&nbsp;\u20ac<\/td>\n<td style=\"border:1px solid #f1f5f9; padding:10px; text-align:right;\">590&nbsp;\u20ac<\/td>\n<td style=\"border:1px solid #f1f5f9; padding:10px; text-align:right;\">690&nbsp;\u20ac<\/td>\n<\/tr>\n<\/tbody>\n<\/table>\n<p>Demandez votre <a href=\"https:\/\/francebus.com\/devis\/\">devis gratuit<\/a> et faites votre <a href=\"https:\/\/francebus.com\/contact\/\">r\u00e9servation en ligne<\/a>.&nbsp;<\/p>\n<p>Nous contacter pour <strong>Demander votre <a href=\"https:\/\/francebus.com\/devis\/\" target=\"_blank\" rel=\"noopener\">devis gratuit en ligne pour votre transport de groupe<\/a>.<\/strong><\/p>\n<p style=\"padding-left: 40px;\"><strong>France Bus, votre partenaire pour la r\u00e9servation d&rsquo;autocars et minibus avec chauffeur&nbsp;: des autocaristes \u00e0 votre \u00e9coute&nbsp;!<\/strong><\/p>\t\t\t\t\t\t\t\t<\/div>\n\t\t\t\t<\/div>\n\t\t\t\t<div class=\"elementor-element elementor-element-2c54ded elementor-widget elementor-widget-template\" data-id=\"2c54ded\" data-element_type=\"widget\" data-e-type=\"widget\" data-widget_type=\"template.default\">\n\t\t\t\t<div class=\"elementor-widget-container\">\n\t\t\t\t\t\t\t<div class=\"elementor-template\">\n\t\t\t\t\t<div data-elementor-type=\"section\" data-elementor-id=\"843\" class=\"elementor elementor-843\" data-elementor-post-type=\"elementor_library\">\n\t\t\t<div class=\"elementor-element elementor-element-69f7b78 e-flex e-con-boxed e-con e-parent\" data-id=\"69f7b78\" data-element_type=\"container\" data-e-type=\"container\">\n\t\t\t\t\t<div class=\"e-con-inner\">\n\t\t<div class=\"elementor-element elementor-element-6f8e15b e-con-full e-flex e-con e-child\" data-id=\"6f8e15b\" data-element_type=\"container\" data-e-type=\"container\">\n\t\t<div class=\"elementor-element elementor-element-a31a6d4 e-con-full e-flex e-con e-child\" data-id=\"a31a6d4\" data-element_type=\"container\" data-e-type=\"container\">\n\t\t<div class=\"elementor-element elementor-element-dfc4a42 e-con-full e-flex e-con e-child\" data-id=\"dfc4a42\" data-element_type=\"container\" data-e-type=\"container\" data-settings=\"{&quot;background_background&quot;:&quot;classic&quot;}\">\n\t\t\t\t<div class=\"elementor-element elementor-element-e1490c9 elementor-widget elementor-widget-heading\" data-id=\"e1490c9\" data-element_type=\"widget\" data-e-type=\"widget\" data-widget_type=\"heading.default\">\n\t\t\t\t<div class=\"elementor-widget-container\">\n\t\t\t\t\t<h2 class=\"elementor-heading-title elementor-size-default\">R\u00e9server maintenant<\/h2>\t\t\t\t<\/div>\n\t\t\t\t<\/div>\n\t\t\t\t<div class=\"elementor-element elementor-element-5bfa02e elementor-view-stacked elementor-shape-square elementor-position-inline-start elementor-mobile-position-inline-start elementor-widget elementor-widget-icon-box\" data-id=\"5bfa02e\" data-element_type=\"widget\" data-e-type=\"widget\" data-widget_type=\"icon-box.default\">\n\t\t\t\t<div class=\"elementor-widget-container\">\n\t\t\t\t\t\t\t<div class=\"elementor-icon-box-wrapper\">\n\n\t\t\t\t\t\t<div class=\"elementor-icon-box-icon\">\n\t\t\t\t<span  class=\"elementor-icon\">\n\t\t\t\t<i aria-hidden=\"true\" class=\"icon icon-phone-call1\"><\/i>\t\t\t\t<\/span>\n\t\t\t<\/div>\n\t\t\t\n\t\t\t\t\t\t<div class=\"elementor-icon-box-content\">\n\n\t\t\t\t\t\t\t\t\t<h3 class=\"elementor-icon-box-title\">\n\t\t\t\t\t\t<span  >\n\t\t\t\t\t\t\tDevis gratuit et rapide\t\t\t\t\t\t<\/span>\n\t\t\t\t\t<\/h3>\n\t\t\t\t\n\t\t\t\t\t\t\t\t\t<p class=\"elementor-icon-box-description\">\n\t\t\t\t\t\t+33(0)9 72 56 72 89\t\t\t\t\t<\/p>\n\t\t\t\t\n\t\t\t<\/div>\n\t\t\t\n\t\t<\/div>\n\t\t\t\t\t\t<\/div>\n\t\t\t\t<\/div>\n\t\t\t\t<\/div>\n\t\t<div class=\"elementor-element elementor-element-ef58df7 e-con-full e-flex e-con e-child\" data-id=\"ef58df7\" data-element_type=\"container\" data-e-type=\"container\" data-settings=\"{&quot;background_background&quot;:&quot;classic&quot;}\">\n\t\t\t\t<div class=\"elementor-element elementor-element-5003474 elementor-widget elementor-widget-heading\" data-id=\"5003474\" data-element_type=\"widget\" data-e-type=\"widget\" data-widget_type=\"heading.default\">\n\t\t\t\t<div class=\"elementor-widget-container\">\n\t\t\t\t\t<h3 class=\"elementor-heading-title elementor-size-default\">DEVIS EN LIGNE<\/h3>\t\t\t\t<\/div>\n\t\t\t\t<\/div>\n\t\t\t\t<div class=\"elementor-element elementor-element-04c8f10 elementor-widget elementor-widget-jet-form-builder-form\" data-id=\"04c8f10\" data-element_type=\"widget\" data-e-type=\"widget\" id=\"form-booking-home-page\" data-widget_type=\"jet-form-builder-form.default\">\n\t\t\t\t<div class=\"elementor-widget-container\">\n\t\t\t\t\t<link rel='stylesheet' id='wp-block-library-css' href='https:\/\/francebus.com\/wp-includes\/css\/dist\/block-library\/style.min.css' media='all' \/>\n<style id=\"jet-form-builder-861-inline-css\"><\/style><form  class=\"jet-form-builder layout-column submit-type-reload\" action=\"https:\/\/francebus.com\/en\/wp-json\/wp\/v2\/pages\/4740\/?CWNU8O=ivHR8pc5vR&amp;method=reload\" method=\"POST\" data-form-id=\"861\" data-layout=\"column\" enctype=\"multipart\/form-data\" novalidate=\"null\" ssr_validation_method=\"rest\">\r\n<input type=\"hidden\" name=\"_jfb_current_render_states[]\" value=\"DEFAULT.STATE\" data-jfb-sync \/><input type=\"hidden\" class=\"jet-form-builder__field hidden-field\" name=\"_jet_engine_booking_form_id\" data-field-name=\"_jet_engine_booking_form_id\" value=\"861\">\n<input type=\"hidden\" class=\"jet-form-builder__field hidden-field\" name=\"_jet_engine_refer\" data-field-name=\"_jet_engine_refer\" value=\"https:\/\/francebus.com\/en\/wp-json\/wp\/v2\/pages\/4740\/\">\n<input type=\"hidden\" class=\"jet-form-builder__field hidden-field\" name=\"__queried_post_id\" data-field-name=\"__queried_post_id\" value=\"4740\">\n<input type=\"hidden\" class=\"jet-form-builder__field hidden-field\" name=\"_user_journey\" data-field-name=\"_user_journey\">\n\n<div class=\"wp-block-columns is-layout-flex wp-container-core-columns-is-layout-28f84493 wp-block-columns-is-layout-flex\">\n<div class=\"wp-block-column is-layout-flow wp-block-column-is-layout-flow\"><div  data-validation-type=\"advanced\" class=\"jet-form-builder-row field-type-text-field\" >\n<div class=\"jet-form-builder__label\">\r\n<div class=\"jet-form-builder__label-text\">De<\/div><\/div><div class=\"jet-form-builder__field-wrap\">\n\t\t\t\t<input name=\"departure_address\" id=\"departure_address\" type=\"text\" data-field-name=\"departure_address\" class=\"jet-form-builder__field text-field\" data-jfb-sync=\"null\" autocomplete=\"off_sFqyxtKH\">\n\t\t\t\t\t<\/div>\n<\/div><\/div>\n\n\n\n<div class=\"wp-block-column is-layout-flow wp-block-column-is-layout-flow\"><div  class=\"jet-form-builder-row field-type-text-field\" >\n<div class=\"jet-form-builder__label\">\r\n<div class=\"jet-form-builder__label-text\">Destination<\/div><\/div><div class=\"jet-form-builder__field-wrap\">\n\t\t\t\t<input name=\"destination_address\" id=\"destination_address\" type=\"text\" data-field-name=\"destination_address\" class=\"jet-form-builder__field text-field\" data-jfb-sync=\"null\" autocomplete=\"off_GpmvlTy2\">\n\t\t\t\t\t<\/div>\n<\/div><\/div>\n\n\n\n<div class=\"wp-block-column is-layout-flow wp-block-column-is-layout-flow\"><div  data-validation-type=\"advanced\" class=\"jet-form-builder-row field-type-datetime-field\" >\n<div class=\"jet-form-builder__label\">\r\n<div class=\"jet-form-builder__label-text\">Date et temps de d\u00e9part<\/div><\/div><input class=\"jet-form-builder__field datetime-field\" name=\"departure_date\" type=\"datetime-local\" data-field-name=\"departure_date\" id=\"departure_date\" data-jfb-sync=\"null\">\n<\/div><\/div>\n<\/div>\n\n\n\n<div class=\"wp-block-columns is-layout-flex wp-container-core-columns-is-layout-28f84493 wp-block-columns-is-layout-flex\">\n<div class=\"wp-block-column is-layout-flow wp-block-column-is-layout-flow\"><div  class=\"jet-form-builder-row field-type-select-field wp-block-jet-forms-select-field\">\n<div class=\"jet-form-builder__label\">\r\n<div class=\"jet-form-builder__label-text\">Type de v\u00e9hicule<\/div><\/div><div class=\"jet-form-builder__field-wrap\">\n\t<select class=\"jet-form-builder__field select-field\" name=\"type_of_transport\" data-field-name=\"type_of_transport\" id=\"type_of_transport\" data-jfb-sync=\"null\">\n\t\t<option value=\"0\" >Select transport type<\/option><option value=\"Berline < 3 places\" >Berline < 3 places<\/option><option value=\"Minivan < 7 places\" >Minivan < 7 places<\/option><option value=\"Minibus < 19 places\" >Minibus < 19 places<\/option><option value=\"Minibus < 25\/35 places\" >Minibus < 25\/35 places<\/option><option value=\"Autocar > 50 places\" >Autocar > 50 places<\/option>\t<\/select>\n<\/div>\n<\/div><\/div>\n\n\n\n<div class=\"wp-block-column is-layout-flow wp-block-column-is-layout-flow\"><div  class=\"jet-form-builder-row field-type-number-field\" >\n<div class=\"jet-form-builder__label\">\r\n<div class=\"jet-form-builder__label-text\">Nombre de passagers<\/div><\/div><div class=\"jet-form-builder__field-wrap\">\n\t\t<input type=\"number\" class=\"jet-form-builder__field text-field\" name=\"passengers\" data-field-name=\"passengers\" id=\"passengers\" data-jfb-sync=\"null\">\n\t<\/div>\n<\/div><\/div>\n\n\n\n<div class=\"wp-block-column is-vertically-aligned-bottom is-layout-flow wp-block-column-is-layout-flow\"><input type=\"hidden\" class=\"captcha-token\" name=\"_captcha_token\" value=\"\"\/><div  class=\"jet-form-builder-row field-type-submit-field\" >\n\t<div data-type=\"submit\" class=\"jet-form-builder__action-button-wrapper jet-form-builder__submit-wrap\">\n\t<button class=\"jet-form-builder__action-button button-book-homepage jet-form-builder__submit submit-type-reload\" type=\"submit\">LOUER VOTRE BUS<\/button>\n\t<\/div>\n\t\n<\/div><\/div>\n<\/div>\n\t<div class=\"jet-form-builder-messages-wrap\" data-form-id=\"861\"><\/div>\n<\/form>\n\t\t\t\t<\/div>\n\t\t\t\t<\/div>\n\t\t\t\t<\/div>\n\t\t\t\t<\/div>\n\t\t\t\t<\/div>\n\t\t\t\t\t<\/div>\n\t\t\t\t<\/div>\n\t\t<div class=\"elementor-element elementor-element-e7e5369 e-flex e-con-boxed e-con e-parent\" data-id=\"e7e5369\" data-element_type=\"container\" data-e-type=\"container\">\n\t\t\t\t\t<div class=\"e-con-inner\">\n\t\t\t\t\t<\/div>\n\t\t\t\t<\/div>\n\t\t\t\t<\/div>\n\t\t\t\t<\/div>\n\t\t\t\t\t\t<\/div>\n\t\t\t\t<\/div>\n\t\t\t\t<\/div>\n\t\t\t\t<\/div>\n\t\t\t\t\t<\/div>\n\t\t\t\t<\/div>\n\t\t<div class=\"elementor-element elementor-element-5faae0e e-flex e-con-boxed e-con e-parent\" data-id=\"5faae0e\" data-element_type=\"container\" data-e-type=\"container\" data-settings=\"{&quot;background_background&quot;:&quot;classic&quot;}\">\n\t\t\t\t\t<div class=\"e-con-inner\">\n\t\t<div class=\"elementor-element elementor-element-dfb9cce e-con-full e-flex e-con e-child\" data-id=\"dfb9cce\" data-element_type=\"container\" data-e-type=\"container\">\n\t\t\t\t<div class=\"elementor-element elementor-element-dca536b elementor-widget elementor-widget-heading\" data-id=\"dca536b\" data-element_type=\"widget\" data-e-type=\"widget\" data-widget_type=\"heading.default\">\n\t\t\t\t<div class=\"elementor-widget-container\">\n\t\t\t\t\t<h2 class=\"elementor-heading-title elementor-size-default\">Questions Fr\u00e9quentes<\/h2>\t\t\t\t<\/div>\n\t\t\t\t<\/div>\n\t\t\t\t<div class=\"elementor-element elementor-element-ed824fd elementor-widget elementor-widget-n-accordion\" data-id=\"ed824fd\" data-element_type=\"widget\" data-e-type=\"widget\" data-settings=\"{&quot;default_state&quot;:&quot;all_collapsed&quot;,&quot;max_items_expended&quot;:&quot;one&quot;,&quot;n_accordion_animation_duration&quot;:{&quot;unit&quot;:&quot;ms&quot;,&quot;size&quot;:400,&quot;sizes&quot;:[]}}\" data-widget_type=\"nested-accordion.default\">\n\t\t\t\t<div class=\"elementor-widget-container\">\n\t\t\t\t\t\t\t<div class=\"e-n-accordion\" aria-label=\"Accordion. Open links with Enter or Space, close with Escape, and navigate with Arrow Keys\">\n\t\t\t\t\t\t<details id=\"e-n-accordion-item-2490\" class=\"e-n-accordion-item\" >\n\t\t\t\t<summary class=\"e-n-accordion-item-title\" data-accordion-index=\"1\" tabindex=\"0\" aria-expanded=\"false\" aria-controls=\"e-n-accordion-item-2490\" >\n\t\t\t\t\t<span class='e-n-accordion-item-title-header'><div class=\"e-n-accordion-item-title-text\"> Quel est le prix d\u2019une location de bus \u00e0 Menton ? <\/div><\/span>\n\t\t\t\t\t\t\t<span class='e-n-accordion-item-title-icon'>\n\t\t\t<span class='e-opened' ><i aria-hidden=\"true\" class=\" ti-arrow-top-right\"><\/i><\/span>\n\t\t\t<span class='e-closed'><i aria-hidden=\"true\" class=\" arrow_left-down\"><\/i><\/span>\n\t\t<\/span>\n\n\t\t\t\t\t\t<\/summary>\n\t\t\t\t<div role=\"region\" aria-labelledby=\"e-n-accordion-item-2490\" class=\"elementor-element elementor-element-e3bcf5a e-con-full e-flex e-con e-child\" data-id=\"e3bcf5a\" data-element_type=\"container\" data-e-type=\"container\">\n\t\t\t\t<div class=\"elementor-element elementor-element-20a4145 elementor-widget elementor-widget-text-editor\" data-id=\"20a4145\" data-element_type=\"widget\" data-e-type=\"widget\" data-widget_type=\"text-editor.default\">\n\t\t\t\t<div class=\"elementor-widget-container\">\n\t\t\t\t\t\t\t\t\t<p data-pm-slice=\"1 1 []\">Tout d\u00e9pend du trajet, du nombre de personnes et du type de v\u00e9hicule. Pour plus d&rsquo;informations sur la construction de nos tarifs, <a href=\"https:\/\/francebus.com\/faq\/\">consultez notre FAQ compl\u00e8te !<\/a><\/p>\t\t\t\t\t\t\t\t<\/div>\n\t\t\t\t<\/div>\n\t\t\t\t<\/div>\n\t\t\t\t\t<\/details>\n\t\t\t\t\t\t<details id=\"e-n-accordion-item-2491\" class=\"e-n-accordion-item\" >\n\t\t\t\t<summary class=\"e-n-accordion-item-title\" data-accordion-index=\"2\" tabindex=\"-1\" aria-expanded=\"false\" aria-controls=\"e-n-accordion-item-2491\" >\n\t\t\t\t\t<span class='e-n-accordion-item-title-header'><div class=\"e-n-accordion-item-title-text\"> Combien de temps \u00e0 l\u2019avance faut-il r\u00e9server votre location de bus \u00e0 Menton ? <\/div><\/span>\n\t\t\t\t\t\t\t<span class='e-n-accordion-item-title-icon'>\n\t\t\t<span class='e-opened' ><i aria-hidden=\"true\" class=\" ti-arrow-top-right\"><\/i><\/span>\n\t\t\t<span class='e-closed'><i aria-hidden=\"true\" class=\" arrow_left-down\"><\/i><\/span>\n\t\t<\/span>\n\n\t\t\t\t\t\t<\/summary>\n\t\t\t\t<div role=\"region\" aria-labelledby=\"e-n-accordion-item-2491\" class=\"elementor-element elementor-element-800a608 e-con-full e-flex e-con e-child\" data-id=\"800a608\" data-element_type=\"container\" data-e-type=\"container\">\n\t\t\t\t<div class=\"elementor-element elementor-element-82a7ca4 elementor-widget elementor-widget-text-editor\" data-id=\"82a7ca4\" data-element_type=\"widget\" data-e-type=\"widget\" data-widget_type=\"text-editor.default\">\n\t\t\t\t<div class=\"elementor-widget-container\">\n\t\t\t\t\t\t\t\t\t<p>Id\u00e9alement au moins un mois avant la date souhait\u00e9e, surtout en haute saison. Mais nous essayons \u00e0 chaque fois de trouver une solution m\u00eame lorsque les d\u00e9lais sont courts.\u00a0<\/p>\t\t\t\t\t\t\t\t<\/div>\n\t\t\t\t<\/div>\n\t\t\t\t<\/div>\n\t\t\t\t\t<\/details>\n\t\t\t\t\t\t<details id=\"e-n-accordion-item-2492\" class=\"e-n-accordion-item\" >\n\t\t\t\t<summary class=\"e-n-accordion-item-title\" data-accordion-index=\"3\" tabindex=\"-1\" aria-expanded=\"false\" aria-controls=\"e-n-accordion-item-2492\" >\n\t\t\t\t\t<span class='e-n-accordion-item-title-header'><div class=\"e-n-accordion-item-title-text\"> Peut-on faire un trajet international depuis Menton ? <\/div><\/span>\n\t\t\t\t\t\t\t<span class='e-n-accordion-item-title-icon'>\n\t\t\t<span class='e-opened' ><i aria-hidden=\"true\" class=\" ti-arrow-top-right\"><\/i><\/span>\n\t\t\t<span class='e-closed'><i aria-hidden=\"true\" class=\" arrow_left-down\"><\/i><\/span>\n\t\t<\/span>\n\n\t\t\t\t\t\t<\/summary>\n\t\t\t\t<div role=\"region\" aria-labelledby=\"e-n-accordion-item-2492\" class=\"elementor-element elementor-element-fca1b1f e-con-full e-flex e-con e-child\" data-id=\"fca1b1f\" data-element_type=\"container\" data-e-type=\"container\">\n\t\t\t\t<div class=\"elementor-element elementor-element-f3df271 elementor-widget elementor-widget-text-editor\" data-id=\"f3df271\" data-element_type=\"widget\" data-e-type=\"widget\" data-widget_type=\"text-editor.default\">\n\t\t\t\t<div class=\"elementor-widget-container\">\n\t\t\t\t\t\t\t\t\t<p data-pm-slice=\"1 1 []\">Oui ! Italie, Espagne, Suisse, Allemagne : nous couvrons l\u2019Europe.<\/p>\t\t\t\t\t\t\t\t<\/div>\n\t\t\t\t<\/div>\n\t\t\t\t<\/div>\n\t\t\t\t\t<\/details>\n\t\t\t\t\t\t<details id=\"e-n-accordion-item-2493\" class=\"e-n-accordion-item\" >\n\t\t\t\t<summary class=\"e-n-accordion-item-title\" data-accordion-index=\"4\" tabindex=\"-1\" aria-expanded=\"false\" aria-controls=\"e-n-accordion-item-2493\" >\n\t\t\t\t\t<span class='e-n-accordion-item-title-header'><div class=\"e-n-accordion-item-title-text\"> Que voir ou visiter \u00e0 Menton ? <\/div><\/span>\n\t\t\t\t\t\t\t<span class='e-n-accordion-item-title-icon'>\n\t\t\t<span class='e-opened' ><i aria-hidden=\"true\" class=\" ti-arrow-top-right\"><\/i><\/span>\n\t\t\t<span class='e-closed'><i aria-hidden=\"true\" class=\" arrow_left-down\"><\/i><\/span>\n\t\t<\/span>\n\n\t\t\t\t\t\t<\/summary>\n\t\t\t\t<div role=\"region\" aria-labelledby=\"e-n-accordion-item-2493\" class=\"elementor-element elementor-element-5360d82 e-con-full e-flex e-con e-child\" data-id=\"5360d82\" data-element_type=\"container\" data-e-type=\"container\">\n\t\t\t\t<div class=\"elementor-element elementor-element-6f5495d elementor-widget elementor-widget-text-editor\" data-id=\"6f5495d\" data-element_type=\"widget\" data-e-type=\"widget\" data-widget_type=\"text-editor.default\">\n\t\t\t\t<div class=\"elementor-widget-container\">\n\t\t\t\t\t\t\t\t\tMenton s\u00e9duit par son charme m\u00e9diterran\u00e9en et son patrimoine unique. Parmi les incontournables, on trouve la vieille ville color\u00e9e, la basilique Saint-Michel-Archange, les jardins exotiques comme le jardin Serre de la Madone ou le jardin botanique Val Rahmeh, sans oublier la promenade du bord de mer et le mus\u00e9e Jean Cocteau. C\u2019est une destination id\u00e9ale pour les amateurs de culture, de nature et de douceur de vivre.\t\t\t\t\t\t\t\t<\/div>\n\t\t\t\t<\/div>\n\t\t\t\t<\/div>\n\t\t\t\t\t<\/details>\n\t\t\t\t\t<\/div>\n\t\t\t\t\t<script type=\"application\/ld+json\">{\"@context\":\"https:\\\/\\\/schema.org\",\"@type\":\"FAQPage\",\"mainEntity\":[{\"@type\":\"Question\",\"name\":\"Quel est le prix d\\u2019une location de bus \\u00e0 Menton ?\",\"acceptedAnswer\":{\"@type\":\"Answer\",\"text\":\"Tout d\\u00e9pend du trajet, du nombre de personnes et du type de v\\u00e9hicule. Pour plus d&rsquo;informations sur la construction de nos tarifs, consultez notre FAQ compl\\u00e8te !\"}},{\"@type\":\"Question\",\"name\":\"Combien de temps \\u00e0 l\\u2019avance faut-il r\\u00e9server votre location de bus \\u00e0 Menton ?\",\"acceptedAnswer\":{\"@type\":\"Answer\",\"text\":\"Id\\u00e9alement au moins un mois avant la date souhait\\u00e9e, surtout en haute saison. Mais nous essayons \\u00e0 chaque fois de trouver une solution m\\u00eame lorsque les d\\u00e9lais sont courts.\\u00a0\"}},{\"@type\":\"Question\",\"name\":\"Peut-on faire un trajet international depuis Menton ?\",\"acceptedAnswer\":{\"@type\":\"Answer\",\"text\":\"Oui ! Italie, Espagne, Suisse, Allemagne : nous couvrons l\\u2019Europe.\"}},{\"@type\":\"Question\",\"name\":\"Que voir ou visiter \\u00e0 Menton ?\",\"acceptedAnswer\":{\"@type\":\"Answer\",\"text\":\"Menton s\\u00e9duit par son charme m\\u00e9diterran\\u00e9en et son patrimoine unique. Parmi les incontournables, on trouve la vieille ville color\\u00e9e, la basilique Saint-Michel-Archange, les jardins exotiques comme le jardin Serre de la Madone ou le jardin botanique Val Rahmeh, sans oublier la promenade du bord de mer et le mus\\u00e9e Jean Cocteau. C\\u2019est une destination id\\u00e9ale pour les amateurs de culture, de nature et de douceur de vivre.\"}}]}<\/script>\n\t\t\t\t\t\t\t<\/div>\n\t\t\t\t<\/div>\n\t\t\t\t<\/div>\n\t\t<div class=\"elementor-element elementor-element-a58ed55 e-con-full e-flex e-con e-child\" data-id=\"a58ed55\" data-element_type=\"container\" data-e-type=\"container\">\n\t\t\t\t<div class=\"elementor-element elementor-element-8869f7b elementor-widget elementor-widget-heading\" data-id=\"8869f7b\" data-element_type=\"widget\" data-e-type=\"widget\" data-widget_type=\"heading.default\">\n\t\t\t\t<div class=\"elementor-widget-container\">\n\t\t\t\t\t<h2 class=\"elementor-heading-title elementor-size-default\">Autres Destinations en PACA<\/h2>\t\t\t\t<\/div>\n\t\t\t\t<\/div>\n\t\t\t\t<div class=\"elementor-element elementor-element-2912ee0 elementor-widget elementor-widget-text-editor\" data-id=\"2912ee0\" data-element_type=\"widget\" data-e-type=\"widget\" data-widget_type=\"text-editor.default\">\n\t\t\t\t<div class=\"elementor-widget-container\">\n\t\t\t\t\t\t\t\t\t<ul>\n<li><a href=\"https:\/\/francebus.com\/location-bus-aix-en-provence\/\">Location Bus Aix-en-Provence<\/a><\/li>\n<li><a href=\"https:\/\/francebus.com\/location-bus-antibes\/\">Location Bus Antibes<\/a><\/li>\n<li><a href=\"https:\/\/francebus.com\/location-bus-avignon\/\">Location Bus Avignon<\/a><\/li>\n<li><a href=\"https:\/\/francebus.com\/location-bus-cannes\/\">Location Bus Cannes<\/a><\/li>\n<li><a href=\"https:\/\/francebus.com\/location-bus-frejus\/\">Location Bus Fr\u00e9jus<\/a><\/li>\n<li><a href=\"https:\/\/francebus.com\/location-bus-marseille\/\">Location Bus Marseille<\/a><\/li>\n<li><a href=\"https:\/\/francebus.com\/location-bus-aeroport-marseille\/\">Transfert a\u00e9roport Marseille<\/a><\/li>\n<li><a href=\"https:\/\/francebus.com\/location-bus-menton\/\">Location bus Menton\u00a0<\/a><\/li>\n<li><a href=\"https:\/\/francebus.com\/location-bus-monaco\/\">Location Bus Monaco<\/a><\/li>\n<li><a href=\"https:\/\/francebus.com\/location-bus-nice\/\">Location Bus Nice<\/a><\/li>\n<li><a href=\"https:\/\/francebus.com\/location-bus-saint-tropez\/\">Location Bus Saint Tropez\u00a0<\/a><\/li>\n<li><a href=\"https:\/\/francebus.com\/location-bus-toulon\/\">Location Bus Toulon<\/a><\/li>\n<\/ul>\n<p>\u00a0<\/p>\t\t\t\t\t\t\t\t<\/div>\n\t\t\t\t<\/div>\n\t\t\t\t<\/div>\n\t\t\t\t\t<\/div>\n\t\t\t\t<\/div>\n\t\t\t\t<\/div>\n\t\t","protected":false},"excerpt":{"rendered":"<p>Home &gt; Destinations &gt; Votre partenaire privil\u00e9gi\u00e9 pour des solutions de transport exceptionnelles Destination Menton Francebus est votre r\u00e9f\u00e9rence pour la location de bus \u00e0 Menton, une destination embl\u00e9matique de la C\u00f4te d\u2019Azur.&nbsp; Que vous organisiez une excursion touristique, un \u00e9v\u00e9nement professionnel ou une escapade entre amis, notre flotte d&rsquo;autocars et minibus avec chauffeur est [&hellip;]<\/p>\n","protected":false},"author":5,"featured_media":0,"parent":0,"menu_order":0,"comment_status":"closed","ping_status":"closed","template":"elementor_header_footer","meta":{"_jf_save_progress":"","footnotes":""},"class_list":["post-4740","page","type-page","status-publish","hentry"],"_links":{"self":[{"href":"https:\/\/francebus.com\/en\/wp-json\/wp\/v2\/pages\/4740","targetHints":{"allow":["GET"]}}],"collection":[{"href":"https:\/\/francebus.com\/en\/wp-json\/wp\/v2\/pages"}],"about":[{"href":"https:\/\/francebus.com\/en\/wp-json\/wp\/v2\/types\/page"}],"author":[{"embeddable":true,"href":"https:\/\/francebus.com\/en\/wp-json\/wp\/v2\/users\/5"}],"replies":[{"embeddable":true,"href":"https:\/\/francebus.com\/en\/wp-json\/wp\/v2\/comments?post=4740"}],"version-history":[{"count":0,"href":"https:\/\/francebus.com\/en\/wp-json\/wp\/v2\/pages\/4740\/revisions"}],"wp:attachment":[{"href":"https:\/\/francebus.com\/en\/wp-json\/wp\/v2\/media?parent=4740"}],"curies":[{"name":"wp","href":"https:\/\/api.w.org\/{rel}","templated":true}]}}